{"id":45,"date":"2021-11-29T12:16:58","date_gmt":"2021-11-29T15:16:58","guid":{"rendered":"http:\/\/redepermacultura.ufsc.br\/permaculturabrasileira\/?page_id=45"},"modified":"2025-09-30T18:34:44","modified_gmt":"2025-09-30T21:34:44","slug":"formas-de-organizacao","status":"publish","type":"page","link":"https:\/\/redepermacultura.ufsc.br\/permabrasuca\/arranjos-sociais\/formas-de-organizacao\/","title":{"rendered":"Formas de organiza\u00e7\u00e3o"},"content":{"rendered":"<div id=\"ez-toc-container\" class=\"ez-toc-v2_0_82_2 ez-toc-wrap-left counter-hierarchy ez-toc-counter ez-toc-transparent ez-toc-container-direction\">\n<label for=\"ez-toc-cssicon-toggle-item-69f4520a4ed29\" class=\"ez-toc-cssicon-toggle-label\"><p class=\"ez-toc-title\" style=\"cursor:inherit\">Veja aqui<\/p>\n<span class=\"ez-toc-cssicon\"><span class=\"eztoc-hide\" style=\"display:none;\">Toggle<\/span><span class=\"ez-toc-icon-toggle-span\"><svg style=\"fill: #999;color:#999\" xmlns=\"http:\/\/www.w3.org\/2000\/svg\" class=\"list-377408\" width=\"20px\" height=\"20px\" viewBox=\"0 0 24 24\" fill=\"none\"><path d=\"M6 6H4v2h2V6zm14 0H8v2h12V6zM4 11h2v2H4v-2zm16 0H8v2h12v-2zM4 16h2v2H4v-2zm16 0H8v2h12v-2z\" fill=\"currentColor\"><\/path><\/svg><svg style=\"fill: #999;color:#999\" class=\"arrow-unsorted-368013\" xmlns=\"http:\/\/www.w3.org\/2000\/svg\" width=\"10px\" height=\"10px\" viewBox=\"0 0 24 24\" version=\"1.2\" baseProfile=\"tiny\"><path d=\"M18.2 9.3l-6.2-6.3-6.2 6.3c-.2.2-.3.4-.3.7s.1.5.3.7c.2.2.4.3.7.3h11c.3 0 .5-.1.7-.3.2-.2.3-.5.3-.7s-.1-.5-.3-.7zM5.8 14.7l6.2 6.3 6.2-6.3c.2-.2.3-.5.3-.7s-.1-.5-.3-.7c-.2-.2-.4-.3-.7-.3h-11c-.3 0-.5.1-.7.3-.2.2-.3.5-.3.7s.1.5.3.7z\"\/><\/svg><\/span><\/span><\/label><input type=\"checkbox\"  id=\"ez-toc-cssicon-toggle-item-69f4520a4ed29\" checked \/><nav><ul class='ez-toc-list ez-toc-list-level-1 ' ><li class='ez-toc-page-1 ez-toc-heading-level-1'><a class=\"ez-toc-link ez-toc-heading-1\" href=\"https:\/\/redepermacultura.ufsc.br\/permabrasuca\/arranjos-sociais\/formas-de-organizacao\/#ocupando_linhoes\" >Ocupando linh\u00f5es<\/a><ul class='ez-toc-list-level-2' ><li class='ez-toc-heading-level-2'><a class=\"ez-toc-link ez-toc-heading-2\" href=\"https:\/\/redepermacultura.ufsc.br\/permabrasuca\/arranjos-sociais\/formas-de-organizacao\/#caracteristicas\" >Caracter\u00edsticas<\/a><\/li><li class='ez-toc-page-1 ez-toc-heading-level-2'><a class=\"ez-toc-link ez-toc-heading-3\" href=\"https:\/\/redepermacultura.ufsc.br\/permabrasuca\/arranjos-sociais\/formas-de-organizacao\/#necessidades\" >Necessidades<\/a><\/li><li class='ez-toc-page-1 ez-toc-heading-level-2'><a class=\"ez-toc-link ez-toc-heading-4\" href=\"https:\/\/redepermacultura.ufsc.br\/permabrasuca\/arranjos-sociais\/formas-de-organizacao\/#funcoes\" >Fun\u00e7\u00f5es<\/a><\/li><li class='ez-toc-page-1 ez-toc-heading-level-2'><a class=\"ez-toc-link ez-toc-heading-5\" href=\"https:\/\/redepermacultura.ufsc.br\/permabrasuca\/arranjos-sociais\/formas-de-organizacao\/#a_tecnica_em_detalhe\" >A t\u00e9cnica em detalhe<\/a><\/li><li class='ez-toc-page-1 ez-toc-heading-level-2'><a class=\"ez-toc-link ez-toc-heading-6\" href=\"https:\/\/redepermacultura.ufsc.br\/permabrasuca\/arranjos-sociais\/formas-de-organizacao\/#verificacao_de_aplicacao\" >Verifica\u00e7\u00e3o de aplica\u00e7\u00e3o<\/a><\/li><li class='ez-toc-page-1 ez-toc-heading-level-2'><a class=\"ez-toc-link ez-toc-heading-7\" href=\"https:\/\/redepermacultura.ufsc.br\/permabrasuca\/arranjos-sociais\/formas-de-organizacao\/#referencias_de_suporte\" >Refer\u00eancias de suporte<\/a><\/li><\/ul><\/li><\/ul><\/nav><\/div>\n\n<div class=\"wp-block-group is-nowrap is-layout-flex wp-container-core-group-is-layout-ad2f72ca wp-block-group-is-layout-flex\">\n<p class=\"has-small-font-size\">Atualizado em<\/p>\n\n\n<div class=\"wp-block-post-date__modified-date wp-block-post-date has-small-font-size\"><time datetime=\"2025-09-30T18:34:44-03:00\">30 de setembro de 2025<\/time><\/div><\/div>\n\n\n\n<p class=\"has-text-align-right\"><em>Arthur Nanni<\/em><\/p>\n\n\n\n<p>A organiza\u00e7\u00e3o social na permacultura prev\u00ea que cada cidad\u00e3o saiba e entenda como se d\u00e1 a estrutura do tecido social do qual faz parte. Assim, a gest\u00e3o precisa ser sempre entendida a partir da percep\u00e7\u00e3o individual ou coletiva, em escala comunit\u00e1ria, prevendo a possibilidade de visibilidade e de protagonismo de cada indiv\u00edduo.<\/p>\n\n\n\n<p>A seguir s\u00e3o descritas algumas t\u00e9cnicas de organiza\u00e7\u00e3o social inspiradoras:<\/p>\n\n\n\n<ul class=\"wp-block-list\">\n<li><a href=\"https:\/\/redepermacultura.ufsc.br\/permabrasuca\/arranjos-sociais\/formas-de-organizacao\/#ocupando_linhas\">Ocupando linh\u00f5es<\/a><\/li>\n\n\n\n<li>Autogest\u00e3o comunit\u00e1ria<\/li>\n\n\n\n<li>Autogest\u00e3o por temas<\/li>\n\n\n\n<li>Centros comunit\u00e1rios autogestionados<\/li>\n\n\n\n<li>Construindo leis<\/li>\n\n\n\n<li>Cultura popular permanente<\/li>\n\n\n\n<li>Hortas comunit\u00e1rias<\/li>\n\n\n\n<li>Mandato coletivo<\/li>\n\n\n\n<li>Mulheres permaculturais<\/li>\n\n\n\n<li>N\u00e3o disputa de poder<\/li>\n\n\n\n<li>Neorurais e organiza\u00e7\u00e3o comunit\u00e1ria<\/li>\n\n\n\n<li>Organiza\u00e7\u00f5es org\u00e2nicas<\/li>\n\n\n\n<li>Redes<\/li>\n\n\n\n<li>Resistindo ao senso comum<\/li>\n\n\n\n<li>Resolu\u00e7\u00e3o de conflitos<\/li>\n<\/ul>\n\n\n\n<h1 class=\"wp-block-heading\" id=\"ocupando_linhas\"><span class=\"ez-toc-section\" id=\"ocupando_linhoes\"><\/span>Ocupando linh\u00f5es<span class=\"ez-toc-section-end\"><\/span><\/h1>\n\n\n\n<p>O ambiente urbano \u00e9 recheado de dispositivos que promovem o individualismo, desde um apartamento &#8211; apartar &#8211; at\u00e9 o ritual das tele-entregas, cidad\u00e3os das grandes cidades dificilmente se unem para resolver quest\u00f5es coletivas, atribuindo a resolu\u00e7\u00e3o dessas demandas ao servi\u00e7o p\u00fablico e aos \u201cmimos\u201d que o sistema privado proporciona.<\/p>\n\n\n\n<p>Para cidad\u00e3os de baixa renda essa n\u00e3o \u00e9 uma realidade. Ent\u00e3o, usar a criatividade e reagir \u00e0s mudan\u00e7as, \u00e9 um ato necess\u00e1rio para se manter em ambientes extremamente mercantilizados, como os das nossas verticalizadas capitais.<\/p>\n\n\n\n<p>\u00c9 nesse contexto que entram \u00e1reas ociosas sob linhas de alta tens\u00e3o. Nestas, por motivos de seguran\u00e7a, n\u00e3o \u00e9 poss\u00edvel a inser\u00e7\u00e3o de edifica\u00e7\u00f5es e, mesmo que ro\u00e7adas constantemente, acabam por se tornar espa\u00e7os onde ocorrem delitos e o descarte de lixo.<\/p>\n\n\n\n<h2 class=\"wp-block-heading\"><span class=\"ez-toc-section\" id=\"caracteristicas\"><\/span>Caracter\u00edsticas<span class=\"ez-toc-section-end\"><\/span><\/h2>\n\n\n\n<p>Espa\u00e7os urbanos de terras n\u00e3o edific\u00e1veis em virtude de linhas de alta tens\u00e3o, rodeadas por comunidades, carentes ou n\u00e3o, que necessitam ou almejam produzir alimentos, gerar renda, solidariedade e estimular as rela\u00e7\u00f5es comunit\u00e1rias.<\/p>\n\n\n\n<h2 class=\"wp-block-heading\"><span class=\"ez-toc-section\" id=\"necessidades\"><\/span>Necessidades<span class=\"ez-toc-section-end\"><\/span><\/h2>\n\n\n\n<p>Organiza\u00e7\u00e3o coletiva, protagonismo comunit\u00e1rio, insumos e irriga\u00e7\u00e3o. Autoriza\u00e7\u00e3o de uso perante a concession\u00e1ria respons\u00e1vel e a prefeitura municipal.<\/p>\n\n\n\n<h2 class=\"wp-block-heading\"><span class=\"ez-toc-section\" id=\"funcoes\"><\/span>Fun\u00e7\u00f5es<span class=\"ez-toc-section-end\"><\/span><\/h2>\n\n\n\n<p>Um espa\u00e7o coletivo com essas caracter\u00edsticas proporciona uma s\u00e9rie de benef\u00edcios, mas podemos destacar:<\/p>\n\n\n\n<ul class=\"wp-block-list\">\n<li>Produ\u00e7\u00e3o de comidas saud\u00e1veis;<\/li>\n\n\n\n<li>Gera\u00e7\u00e3o de renda;<\/li>\n\n\n\n<li>Interc\u00e2mbio de alimentos;<\/li>\n\n\n\n<li>Empoderamento comunit\u00e1rio;<\/li>\n\n\n\n<li>Est\u00edmulo ao senso de coletividade;<\/li>\n\n\n\n<li>Aproveitamento de \u00e1reas ociosas;<\/li>\n\n\n\n<li>Redu\u00e7\u00e3o da criminalidade;<\/li>\n\n\n\n<li>Economia para as concession\u00e1rias com n\u00e3o-necessidade de ro\u00e7adas cont\u00ednuas.<\/li>\n<\/ul>\n\n\n\n<h2 class=\"wp-block-heading\"><span class=\"ez-toc-section\" id=\"a_tecnica_em_detalhe\"><\/span>A t\u00e9cnica em detalhe<span class=\"ez-toc-section-end\"><\/span><\/h2>\n\n\n\n<p>A ocupa\u00e7\u00e3o de espa\u00e7os ociosos em meio urbano n\u00e3o \u00e9 uma novidade. Hortas em linhas de alta tens\u00e3o ocorrem em outras grandes e m\u00e9dias cidades brasileiras, como \u00e9 o caso de Curitiba, S\u00e3o Bernardo do Campo, Maring\u00e1, Sete Lagoas, entre outras.<\/p>\n\n\n\n<p>A Horta do Parque Continental, situada entre os munic\u00edpios de S\u00e3o Paulo e Osasco, \u00e9 um projeto social auto-organizado pela comunidade onde os participantes adotam um espa\u00e7o para cultivarem seus alimentos.<\/p>\n\n\n\n<p>A <a href=\"https:\/\/www.instagram.com\/hortaparquecontinental\/\">Nossa Horta do Parque Continental<\/a> conta com uma lideran\u00e7a, Maria Dilva Duarte, que auxilia cerca de 47 fam\u00edlias, constitu\u00eddas praticamente por pessoas migrantes de outras regi\u00f5es do Brasil, que manejam espa\u00e7os para cultivo do pr\u00f3prio alimento e interagem trocando alimentos e somando produ\u00e7\u00e3o para comercializa\u00e7\u00e3o local.<\/p>\n\n\n\n<p>Sem acesso a rede de \u00e1gua e com longos per\u00edodos de estiagem, com o passar do tempo houve a necessidade da implanta\u00e7\u00e3o de um sistema de irriga\u00e7\u00e3o. Com isso, a comunidade que mant\u00e9m o espa\u00e7o colocou em pr\u00e1tica o princ\u00edpio \u201cUse a criatividade e reaja \u00e0s mudan\u00e7as\u201d e acertou com pr\u00e9dios lindeiros, a capta\u00e7\u00e3o de \u00e1guas das chuvas, provenientes dos telhados de garagens.<\/p>\n\n\n\n<p>Uma vez concedida a capta\u00e7\u00e3o, a comunidade adquiriu e instalou na por\u00e7\u00e3o mais elevada do terreno, um reservat\u00f3rio de grande capacidade para irriga\u00e7\u00e3o dos espa\u00e7os de cultivo.<\/p>\n\n\n\n<p>Iniciativas como a do Parque Continental revelam outro princ\u00edpio da permacultura que entende que \u201ca problema \u00e9 tamb\u00e9m a solu\u00e7\u00e3o\u201d, desde que o foco seja na segunda.<\/p>\n\n\n<div class=\"wp-block-image\">\n<figure class=\"aligncenter size-large\"><img decoding=\"async\" width=\"700\" height=\"394\" src=\"https:\/\/redepermacultura.ufsc.br\/permabrasuca\/wp-content\/uploads\/sites\/6\/2025\/06\/aerea_cx-700x394.jpg\" alt=\"\" class=\"wp-image-1398\" srcset=\"https:\/\/redepermacultura.ufsc.br\/permabrasuca\/wp-content\/uploads\/sites\/6\/2025\/06\/aerea_cx-700x394.jpg 700w, https:\/\/redepermacultura.ufsc.br\/permabrasuca\/wp-content\/uploads\/sites\/6\/2025\/06\/aerea_cx-300x169.jpg 300w, https:\/\/redepermacultura.ufsc.br\/permabrasuca\/wp-content\/uploads\/sites\/6\/2025\/06\/aerea_cx-768x432.jpg 768w, https:\/\/redepermacultura.ufsc.br\/permabrasuca\/wp-content\/uploads\/sites\/6\/2025\/06\/aerea_cx-600x338.jpg 600w, https:\/\/redepermacultura.ufsc.br\/permabrasuca\/wp-content\/uploads\/sites\/6\/2025\/06\/aerea_cx.jpg 1200w\" sizes=\"(max-width: 700px) 100vw, 700px\" \/><figcaption class=\"wp-element-caption\"><em>Horta sob linha de alta tens\u00e3o no Parque Continental com detalhe na capta\u00e7\u00e3o de \u00e1guas das chuvas a partir de um telhado de garagem de um pr\u00e9dio lindeiro. Imagem de Vin\u00edcius Pereira.<\/em><\/figcaption><\/figure>\n<\/div>\n\n\n<p>Vendo a oportunidade de manter \u201cvigiadas\u201d \u00e1reas sob linhas de alta tens\u00e3o e, ao mesmo tempo, economizar com ro\u00e7adas cont\u00ednuas, a Companhia de energia do Paran\u00e1 \u201cCOPEL\u201d, busca desde 2013, por meio do programa <a href=\"https:\/\/copelsustentabilidade.com\/programas\/cultivar-energia\/\">Cultivar Energia<\/a>,&nbsp; atender demandas comunit\u00e1rias com viabiliza\u00e7\u00e3o de hortas em vazios urbanos, como uma estrat\u00e9gia para auxiliar na preven\u00e7\u00e3o de ocupa\u00e7\u00f5es irregulares e de risco para a popula\u00e7\u00e3o.<\/p>\n\n\n<div class=\"wp-block-image\">\n<figure class=\"aligncenter size-large\"><img decoding=\"async\" width=\"700\" height=\"393\" src=\"https:\/\/redepermacultura.ufsc.br\/permabrasuca\/wp-content\/uploads\/sites\/6\/2025\/06\/copel_pr-700x393.jpg\" alt=\"\" class=\"wp-image-1401\" srcset=\"https:\/\/redepermacultura.ufsc.br\/permabrasuca\/wp-content\/uploads\/sites\/6\/2025\/06\/copel_pr-700x393.jpg 700w, https:\/\/redepermacultura.ufsc.br\/permabrasuca\/wp-content\/uploads\/sites\/6\/2025\/06\/copel_pr-300x168.jpg 300w, https:\/\/redepermacultura.ufsc.br\/permabrasuca\/wp-content\/uploads\/sites\/6\/2025\/06\/copel_pr-768x431.jpg 768w, https:\/\/redepermacultura.ufsc.br\/permabrasuca\/wp-content\/uploads\/sites\/6\/2025\/06\/copel_pr-600x338.jpg 600w, https:\/\/redepermacultura.ufsc.br\/permabrasuca\/wp-content\/uploads\/sites\/6\/2025\/06\/copel_pr.jpg 1024w\" sizes=\"(max-width: 700px) 100vw, 700px\" \/><figcaption class=\"wp-element-caption\"><em>Imagem a\u00e9rea de uma \u00e1rea sob linha de alta tens\u00e3o. Fonte: COPEL (2025).<\/em><\/figcaption><\/figure>\n<\/div>\n\n\n<h2 class=\"wp-block-heading\"><span class=\"ez-toc-section\" id=\"verificacao_de_aplicacao\"><\/span>Verifica\u00e7\u00e3o de aplica\u00e7\u00e3o<span class=\"ez-toc-section-end\"><\/span><\/h2>\n\n\n\n<p>Essa t\u00e9cnica foi verificada em agosto de 2024 junto ao Parque Continental, uma \u00e1rea entre o munic\u00edpio de S\u00e3o Paulo , com o apoio de Vin\u00edcius Pereira dos Permacultores Urbanos.<\/p>\n\n\n\n<p>As informa\u00e7\u00f5es do Programa Cultivar energia foram extra\u00eddas diretamente do s\u00edtio da COPEL.<\/p>\n\n\n\n<h2 class=\"wp-block-heading\"><span class=\"ez-toc-section\" id=\"referencias_de_suporte\"><\/span>Refer\u00eancias de suporte<span class=\"ez-toc-section-end\"><\/span><\/h2>\n\n\n\n<p>Companhia Paranaense de Energia &#8211; COPEL (2025). Programa Cultivar Energia. <a href=\"https:\/\/copelsustentabilidade.com\/programas\/cultivar-energia\/\">https:\/\/copelsustentabilidade.com\/programas\/cultivar-energia\/<\/a>&nbsp;<\/p>\n\n\n\n<p>Hannes, Evy &amp; Suassuna, Sarah. (2016). Corredor Parque da \u00c1gua Branca \u2013 Cantareira: o potencial das infraestruturas lineares na cria\u00e7\u00e3o de um sistema de \u00e1reas verdes. Revista labverde.O Eco (2024). Multifacetadas, hortas urbanas de S\u00e3o Paulo contribuem para a sa\u00fade ambiental da cidade. <a href=\"https:\/\/oeco.org.br\/videos\/multifacetadas-hortas-urbanas-de-sao-paulo-contribuem-para-a-saude-ambiental-da-cidade\/\">https:\/\/oeco.org.br\/videos\/multifacetadas-hortas-urbanas-de-sao-paulo-contribuem-para-a-saude-ambiental-da-cidade\/<\/a>.<\/p>\n","protected":false},"excerpt":{"rendered":"<p>Atualizado em Arthur Nanni A organiza\u00e7\u00e3o social na permacultura prev\u00ea que cada cidad\u00e3o saiba e entenda como se d\u00e1 a estrutura do tecido social do qual faz parte. Assim, a gest\u00e3o precisa ser sempre entendida a partir da percep\u00e7\u00e3o individual ou coletiva, em escala comunit\u00e1ria, prevendo a possibilidade de visibilidade e de protagonismo de cada [&hellip;]<\/p>\n","protected":false},"author":1,"featured_media":0,"parent":43,"menu_order":1,"comment_status":"closed","ping_status":"closed","template":"","meta":{"footnotes":""},"coauthors":[2],"class_list":["post-45","page","type-page","status-publish","hentry"],"_links":{"self":[{"href":"https:\/\/redepermacultura.ufsc.br\/permabrasuca\/wp-json\/wp\/v2\/pages\/45","targetHints":{"allow":["GET"]}}],"collection":[{"href":"https:\/\/redepermacultura.ufsc.br\/permabrasuca\/wp-json\/wp\/v2\/pages"}],"about":[{"href":"https:\/\/redepermacultura.ufsc.br\/permabrasuca\/wp-json\/wp\/v2\/types\/page"}],"author":[{"embeddable":true,"href":"https:\/\/redepermacultura.ufsc.br\/permabrasuca\/wp-json\/wp\/v2\/users\/1"}],"replies":[{"embeddable":true,"href":"https:\/\/redepermacultura.ufsc.br\/permabrasuca\/wp-json\/wp\/v2\/comments?post=45"}],"version-history":[{"count":22,"href":"https:\/\/redepermacultura.ufsc.br\/permabrasuca\/wp-json\/wp\/v2\/pages\/45\/revisions"}],"predecessor-version":[{"id":1678,"href":"https:\/\/redepermacultura.ufsc.br\/permabrasuca\/wp-json\/wp\/v2\/pages\/45\/revisions\/1678"}],"up":[{"embeddable":true,"href":"https:\/\/redepermacultura.ufsc.br\/permabrasuca\/wp-json\/wp\/v2\/pages\/43"}],"wp:attachment":[{"href":"https:\/\/redepermacultura.ufsc.br\/permabrasuca\/wp-json\/wp\/v2\/media?parent=45"}],"wp:term":[{"taxonomy":"author","embeddable":true,"href":"https:\/\/redepermacultura.ufsc.br\/permabrasuca\/wp-json\/wp\/v2\/coauthors?post=45"}],"curies":[{"name":"wp","href":"https:\/\/api.w.org\/{rel}","templated":true}]}}