{"id":31,"date":"2021-11-29T12:11:32","date_gmt":"2021-11-29T15:11:32","guid":{"rendered":"http:\/\/redepermacultura.ufsc.br\/permaculturabrasileira\/?page_id=31"},"modified":"2026-03-22T22:00:25","modified_gmt":"2026-03-23T01:00:25","slug":"aguas-usos","status":"publish","type":"page","link":"https:\/\/redepermacultura.ufsc.br\/permabrasuca\/aguas-usos\/","title":{"rendered":"Usos"},"content":{"rendered":"\n<div class=\"wp-block-group is-nowrap is-layout-flex wp-container-core-group-is-layout-ad2f72ca wp-block-group-is-layout-flex\">\n<p class=\"has-small-font-size\">Atualizado em<\/p>\n\n\n<div class=\"wp-block-post-date__modified-date wp-block-post-date has-small-font-size\"><time datetime=\"2026-03-22T22:00:25-03:00\">22 de mar\u00e7o de 2026<\/time><\/div><\/div>\n\n\n\n<p class=\"has-text-align-left\">As \u00e1guas de abastecimento compreendem aquelas que entram no espa\u00e7o planejado, tais como \u00e0s das chuvas, rios, subsuperficiais e subterr\u00e2neas. Essas \u00e1guas ser\u00e3o captadas, conduzidas e armazenadas para serem aproveitadas para os mais diversos fins. <\/p>\n\n\n\n<p>Quando pensada de forma sist\u00eamica, a capta\u00e7\u00e3o de \u00e1guas fica um pouco mais complexa, o que exige dos permacultores uma boa leitura da paisagem, para entender n\u00e3o s\u00f3 onde est\u00e3o as \u00e1guas, mas tamb\u00e9m, sobre como conduzi-las e armazen\u00e1-las na paisagem.<\/p>\n\n\n\n<p>Isso coloca-nos o desafio de reconhecer que nem sempre os locais mais \u00f3bvios para captar, conduzir e armazenar \u00e1guas, s\u00e3o aqueles onde as \u00e1guas est\u00e3o diretamente vis\u00edveis. A paisagem se constitui de muitas possibilidades.<\/p>\n\n\n\n<p>Em alguns contextos onde n\u00e3o h\u00e1 \u00e1guas em mananciais dispon\u00edveis, seja pela dist\u00e2ncia desses, ou mesmo, pelas condi\u00e7\u00f5es clim\u00e1ticas, \u00e9 necess\u00e1rio que criemos condi\u00e7\u00f5es para as \u00e1guas permane\u00e7am por mais tempo na paisagem, para podermos utiliz\u00e1-la, tamb\u00e9m de forma lenta, atendendo o princ\u00edpio de planejamento que nos sugere usar solu\u00e7\u00f5es pequenas e lentas.<\/p>\n\n\n\n<p>Aqui s\u00e3o apresentadas t\u00e9cnicas e tecnologias de abastecimento incluindo:<\/p>\n\n\n\n<ul class=\"wp-block-list\">\n<li><a href=\"#vala-caixa\">Plantar \u00e1guas na paisagem<\/a><\/li>\n\n\n\n<li><a href=\"https:\/\/redepermacultura.ufsc.br\/permabrasuca\/aguas-usos\/#caca_chuvas\">Ca\u00e7a-chuvas<\/a><\/li>\n<\/ul>\n\n\n\n<div id=\"ez-toc-container\" class=\"ez-toc-v2_0_82_2 ez-toc-wrap-left counter-hierarchy ez-toc-counter ez-toc-transparent ez-toc-container-direction\">\n<label for=\"ez-toc-cssicon-toggle-item-69f4ce62496ae\" class=\"ez-toc-cssicon-toggle-label\"><p class=\"ez-toc-title\" style=\"cursor:inherit\">Veja aqui<\/p>\n<span class=\"ez-toc-cssicon\"><span class=\"eztoc-hide\" style=\"display:none;\">Toggle<\/span><span class=\"ez-toc-icon-toggle-span\"><svg style=\"fill: #999;color:#999\" xmlns=\"http:\/\/www.w3.org\/2000\/svg\" class=\"list-377408\" width=\"20px\" height=\"20px\" viewBox=\"0 0 24 24\" fill=\"none\"><path d=\"M6 6H4v2h2V6zm14 0H8v2h12V6zM4 11h2v2H4v-2zm16 0H8v2h12v-2zM4 16h2v2H4v-2zm16 0H8v2h12v-2z\" fill=\"currentColor\"><\/path><\/svg><svg style=\"fill: #999;color:#999\" class=\"arrow-unsorted-368013\" xmlns=\"http:\/\/www.w3.org\/2000\/svg\" width=\"10px\" height=\"10px\" viewBox=\"0 0 24 24\" version=\"1.2\" baseProfile=\"tiny\"><path d=\"M18.2 9.3l-6.2-6.3-6.2 6.3c-.2.2-.3.4-.3.7s.1.5.3.7c.2.2.4.3.7.3h11c.3 0 .5-.1.7-.3.2-.2.3-.5.3-.7s-.1-.5-.3-.7zM5.8 14.7l6.2 6.3 6.2-6.3c.2-.2.3-.5.3-.7s-.1-.5-.3-.7c-.2-.2-.4-.3-.7-.3h-11c-.3 0-.5.1-.7.3-.2.2-.3.5-.3.7s.1.5.3.7z\"\/><\/svg><\/span><\/span><\/label><input type=\"checkbox\"  id=\"ez-toc-cssicon-toggle-item-69f4ce62496ae\" checked \/><nav><ul class='ez-toc-list ez-toc-list-level-1 ' ><li class='ez-toc-page-1 ez-toc-heading-level-1'><a class=\"ez-toc-link ez-toc-heading-1\" href=\"https:\/\/redepermacultura.ufsc.br\/permabrasuca\/aguas-usos\/#plantar_aguas_na_paisagem\" >Plantar \u00e1guas na paisagem<\/a><ul class='ez-toc-list-level-2' ><li class='ez-toc-heading-level-2'><a class=\"ez-toc-link ez-toc-heading-2\" href=\"https:\/\/redepermacultura.ufsc.br\/permabrasuca\/aguas-usos\/#caracteristicas\" >Caracter\u00edsticas<\/a><\/li><li class='ez-toc-page-1 ez-toc-heading-level-2'><a class=\"ez-toc-link ez-toc-heading-3\" href=\"https:\/\/redepermacultura.ufsc.br\/permabrasuca\/aguas-usos\/#necessidades\" >Necessidades<\/a><\/li><li class='ez-toc-page-1 ez-toc-heading-level-2'><a class=\"ez-toc-link ez-toc-heading-4\" href=\"https:\/\/redepermacultura.ufsc.br\/permabrasuca\/aguas-usos\/#funcoes\" >Fun\u00e7\u00f5es<\/a><\/li><li class='ez-toc-page-1 ez-toc-heading-level-2'><a class=\"ez-toc-link ez-toc-heading-5\" href=\"https:\/\/redepermacultura.ufsc.br\/permabrasuca\/aguas-usos\/#a_tecnica_em_detalhes\" >A t\u00e9cnica em detalhes<\/a><\/li><li class='ez-toc-page-1 ez-toc-heading-level-2'><a class=\"ez-toc-link ez-toc-heading-6\" href=\"https:\/\/redepermacultura.ufsc.br\/permabrasuca\/aguas-usos\/#verificacao_de_aplicacao\" >Verifica\u00e7\u00e3o de aplica\u00e7\u00e3o<\/a><\/li><li class='ez-toc-page-1 ez-toc-heading-level-2'><a class=\"ez-toc-link ez-toc-heading-7\" href=\"https:\/\/redepermacultura.ufsc.br\/permabrasuca\/aguas-usos\/#referencias_de_suporte\" >Refer\u00eancias de suporte<\/a><\/li><\/ul><\/li><li class='ez-toc-page-1 ez-toc-heading-level-1'><a class=\"ez-toc-link ez-toc-heading-8\" href=\"https:\/\/redepermacultura.ufsc.br\/permabrasuca\/aguas-usos\/#caca-chuvas\" >Ca\u00e7a-chuvas<\/a><ul class='ez-toc-list-level-2' ><li class='ez-toc-heading-level-2'><a class=\"ez-toc-link ez-toc-heading-9\" href=\"https:\/\/redepermacultura.ufsc.br\/permabrasuca\/aguas-usos\/#caracteristicas-2\" >Caracter\u00edsticas<\/a><\/li><li class='ez-toc-page-1 ez-toc-heading-level-2'><a class=\"ez-toc-link ez-toc-heading-10\" href=\"https:\/\/redepermacultura.ufsc.br\/permabrasuca\/aguas-usos\/#necessidades-2\" >Necessidades<\/a><\/li><li class='ez-toc-page-1 ez-toc-heading-level-2'><a class=\"ez-toc-link ez-toc-heading-11\" href=\"https:\/\/redepermacultura.ufsc.br\/permabrasuca\/aguas-usos\/#funcoes-2\" >Fun\u00e7\u00f5es<\/a><\/li><li class='ez-toc-page-1 ez-toc-heading-level-2'><a class=\"ez-toc-link ez-toc-heading-12\" href=\"https:\/\/redepermacultura.ufsc.br\/permabrasuca\/aguas-usos\/#a_tecnologia_em_detalhe\" >A tecnologia em detalhe<\/a><\/li><li class='ez-toc-page-1 ez-toc-heading-level-2'><a class=\"ez-toc-link ez-toc-heading-13\" href=\"https:\/\/redepermacultura.ufsc.br\/permabrasuca\/aguas-usos\/#verificacao_de_aplicacao-2\" >Verifica\u00e7\u00e3o de aplica\u00e7\u00e3o<\/a><\/li><li class='ez-toc-page-1 ez-toc-heading-level-2'><a class=\"ez-toc-link ez-toc-heading-14\" href=\"https:\/\/redepermacultura.ufsc.br\/permabrasuca\/aguas-usos\/#referencias_de_suporte-2\" >Refer\u00eancias de suporte<\/a><\/li><\/ul><\/li><\/ul><\/nav><\/div>\n<h1 class=\"wp-block-heading\" id=\"vala-caixa\"><span class=\"ez-toc-section\" id=\"plantar_aguas_na_paisagem\"><\/span><b>Plantar \u00e1guas na paisagem<\/b><span class=\"ez-toc-section-end\"><\/span><\/h1>\n\n\n\n<p><em>Arthur Nanni<\/em><br><em>Marcelo Venturi<\/em><\/p>\n\n\n\n<div class=\"wp-block-group is-nowrap is-layout-flex wp-container-core-group-is-layout-ad2f72ca wp-block-group-is-layout-flex\">\n<figure class=\"wp-block-image\"><a href=\"https:\/\/redepermacultura.ufsc.br\/permabrasuca\/wp-content\/uploads\/sites\/6\/2024\/12\/ATE.pdf\"><img decoding=\"async\" width=\"40\" height=\"20\" src=\"https:\/\/redepermacultura.ufsc.br\/permabrasuca\/wp-content\/uploads\/sites\/6\/2022\/09\/ate.png\" alt=\"\" class=\"wp-image-497\"\/><\/a><\/figure>\n\n\n\n<figure class=\"wp-block-image\"><a href=\"https:\/\/redepermacultura.ufsc.br\/permabrasuca\/wp-content\/uploads\/sites\/6\/2024\/12\/FED.pdf\"><img decoding=\"async\" width=\"40\" height=\"20\" src=\"https:\/\/redepermacultura.ufsc.br\/permabrasuca\/wp-content\/uploads\/sites\/6\/2022\/09\/fed.png\" alt=\"\" class=\"wp-image-494\"\/><\/a><\/figure>\n\n\n\n<figure class=\"wp-block-image\"><a href=\"https:\/\/redepermacultura.ufsc.br\/permabrasuca\/wp-content\/uploads\/sites\/6\/2024\/12\/FES.pdf\"><img decoding=\"async\" width=\"40\" height=\"20\" src=\"https:\/\/redepermacultura.ufsc.br\/permabrasuca\/wp-content\/uploads\/sites\/6\/2022\/09\/fes.png\" alt=\"\" class=\"wp-image-492\"\/><\/a><\/figure>\n\n\n\n<figure class=\"wp-block-image\"><a href=\"https:\/\/redepermacultura.ufsc.br\/permabrasuca\/wp-content\/uploads\/sites\/6\/2024\/12\/FOA.pdf\"><img decoding=\"async\" width=\"40\" height=\"20\" src=\"https:\/\/redepermacultura.ufsc.br\/permabrasuca\/wp-content\/uploads\/sites\/6\/2022\/09\/foa.png\" alt=\"\" class=\"wp-image-491\"\/><\/a><\/figure>\n\n\n\n<figure class=\"wp-block-image\"><a href=\"https:\/\/redepermacultura.ufsc.br\/permabrasuca\/wp-content\/uploads\/sites\/6\/2024\/12\/FOD.pdf\"><img decoding=\"async\" width=\"40\" height=\"20\" src=\"https:\/\/redepermacultura.ufsc.br\/permabrasuca\/wp-content\/uploads\/sites\/6\/2022\/09\/fod.png\" alt=\"\" class=\"wp-image-483\"\/><\/a><\/figure>\n<\/div>\n\n\n\n<p class=\"has-small-font-size\">&nbsp;\ud83d\udc46\ud83c\udffcEntenda os <a href=\"https:\/\/redepermacultura.ufsc.br\/permabrasuca\/contextos-fitoecologicos\/\">Contextos fitoecol\u00f3gicos<\/a> onde a t\u00e9cnica \u00e9 adequada <br><\/p>\n\n\n\n<p><span style=\"font-weight: 400;\">A t\u00e9cnica inclui o uso conjugado de valas de infiltra\u00e7\u00e3o, caixas-secas e caixas-cheias, que propiciam a capta\u00e7\u00e3o, condu\u00e7\u00e3o e armazenamento de \u00e1guas em encostas. Elas foram pensadas para garantir a presen\u00e7a de \u00e1guas em per\u00edodos secos prolongados.<\/span><\/p>\n\n\n\n<p><span style=\"font-weight: 400;\">O sistema de armazenamento din\u00e2mico de \u00e1guas no subsolo, capaz de reter volumes expressivos de \u00e1guas nos per\u00edodos das chuvas e liber\u00e1-las, em movimento lento por entre as part\u00edculas dos solos ao longo do ano, permitindo que nos per\u00edodos secos, as terras mais baixas possam contar com a hidrata\u00e7\u00e3o necess\u00e1ria para manuten\u00e7\u00e3o de culturas.<\/span><\/p>\n\n\n\n<h2 class=\"wp-block-heading\"><span class=\"ez-toc-section\" id=\"caracteristicas\"><\/span><b><i>Caracter\u00edsticas<\/i><\/b><span class=\"ez-toc-section-end\"><\/span><\/h2>\n\n\n\n<p><span style=\"font-weight: 400;\">As valas de infiltra\u00e7\u00e3o envolvem escava\u00e7\u00f5es rasas e lineares em n\u00edvel na encosta. Podem ser implantadas a partir de escava\u00e7\u00e3o com p\u00e1s ou microescavadeiras.<\/span><\/p>\n\n\n\n<p><span style=\"font-weight: 400;\">As caixas-secas envolvem escava\u00e7\u00f5es pontuais profundas com cerca de 2 a 3 m dispostas de forma espa\u00e7ada ao longo de estradas de circula\u00e7\u00e3o. Essas escava\u00e7\u00f5es s\u00e3o interligadas num \u00e2ngulo de 45\u00ba a valetas longitudinais \u00e0 estrada e operam como se fossem bueiros cegos. Um espa\u00e7amento entre cada caixa-seca deve ser mantido no intuito de evitar colapso da encosta. Assim, n\u00e3o \u00e9 indicado fazer caixas longas na forma de trincheiras, pois o horizonte C dos solos \u00e9 geralmente mais perme\u00e1vel e mais fri\u00e1vel e suscet\u00edvel a eros\u00f5es.<\/span><\/p>\n\n\n\n<p><span style=\"font-weight: 400;\">As caixas-cheias s\u00e3o pequenos entaipamentos que visam a desacelera\u00e7\u00e3o das \u00e1guas ao longo dos talvegues, baixios e brejos, permitindo o cultivo de plantas que exigem maior quantidade de \u00e1gua. Em alguns casos, onde as vaz\u00f5es s\u00e3o perenes e de bom volume ao longo do ano, pode-se criar peixes. Se pensadas para esse fim, h\u00e1 necessidade de aprofundar o perfil das taipas.<\/span><\/p>\n\n\n\n<h2 class=\"wp-block-heading\"><span class=\"ez-toc-section\" id=\"necessidades\"><\/span><b><i>Necessidades<\/i><\/b><span class=\"ez-toc-section-end\"><\/span><\/h2>\n\n\n\n<p><span style=\"font-weight: 400;\">A t\u00e9cnica necessita de topografia ondulada a declivosa, solos espessos e perme\u00e1veis e, altern\u00e2ncia entre per\u00edodos chuvosos e secos, comuns em regi\u00f5es de mar de morros da regi\u00e3o sudeste, por exemplo.<\/span><\/p>\n\n\n\n<p><span style=\"font-weight: 400;\">As vales de infiltra\u00e7\u00e3o precisam estar em n\u00edvel ou ter inclina\u00e7\u00e3o suave de 2 a 5% para direcionar fluxos para as caixas-secas. Precisa de manuten\u00e7\u00e3o de limpeza sempre que houver obstru\u00e7\u00e3o da mesma, o que ocorre com frequ\u00eancia logo ap\u00f3s a implanta\u00e7\u00e3o, visto que os solos estar\u00e3o descobertos. Com o tempo a vegeta\u00e7\u00e3o come\u00e7a a se desenvolver, diminuindo os volumes de solos erodidos.<\/span><\/p>\n\n\n\n<p><span style=\"font-weight: 400;\">As caixas-secas aprisionam \u00e1guas e sedimentos durante o per\u00edodo das chuvas. Isso exigir\u00e1 a limpeza das mesmas durante os per\u00edodos secos. O material retirado dessas caixas pode\/deve ser utilizado para a manuten\u00e7\u00e3o dos acessos, geralmente danificados ao longo do per\u00edodo das chuvas.<\/span><\/p>\n\n\n\n<p><span style=\"font-weight: 400;\">J\u00e1 as caixas-cheias, por estarem em um patamar inferior na topografia, necessitar\u00e3o de manejo de desassoreamento, apenas em uma fase inicial onde a cobertura vegetal ainda \u00e9 rala. Com o tempo a manuten\u00e7\u00e3o de desassoreamento nas caixas-cheias diminui e at\u00e9 cessa. Nesse est\u00e1gio em diante o manejo fica praticamente restrito \u00e0s culturas.<\/span><\/p>\n\n\n\n<h2 class=\"wp-block-heading\"><span class=\"ez-toc-section\" id=\"funcoes\"><\/span><b><i>Fun\u00e7\u00f5es<\/i><\/b><span class=\"ez-toc-section-end\"><\/span><\/h2>\n\n\n\n<ul class=\"wp-block-list\">\n<li><span style=\"font-weight: 400;\">Reduzir as enxurradas e a eros\u00e3o dos solos;<\/span><\/li>\n\n\n\n<li><span style=\"font-weight: 400;\">Reduzir o assoreamento dos cursos d\u2019\u00e1gua;<\/span><\/li>\n\n\n\n<li><span style=\"font-weight: 400;\">Irriga\u00e7\u00e3o lenta por gravidade;<\/span><\/li>\n\n\n\n<li><span style=\"font-weight: 400;\">Ascender a linha de umidade em encostas;<\/span><\/li>\n\n\n\n<li><span style=\"font-weight: 400;\">Armazenar \u00e1guas nos solos;<\/span><\/li>\n\n\n\n<li>Reduzir a eros\u00e3o das estradas;<\/li>\n\n\n\n<li>Diminuir a frequ\u00eancia de manuten\u00e7\u00e3o de estradas e acessos;<\/li>\n\n\n\n<li><span style=\"font-weight: 400;\">Armazenar materiais de reposi\u00e7\u00e3o para manuten\u00e7\u00e3o de estradas.<\/span><\/li>\n<\/ul>\n\n\n\n<h2 class=\"wp-block-heading\"><span class=\"ez-toc-section\" id=\"a_tecnica_em_detalhes\"><\/span><b>A t\u00e9cnica em detalhes<\/b><span class=\"ez-toc-section-end\"><\/span><\/h2>\n\n\n\n<p><span style=\"font-weight: 400;\">Vala de infiltra\u00e7\u00e3o \u00e9 uma t\u00e9cnica bastante conhecida na permacultura. Largamente aplicada na Austr\u00e1lia, os <em>swales<\/em> podem e devem ser implantados com o intuito de reter \u00e1guas por mais tempo e hidratar as paisagens.<\/span><\/p>\n\n\n<div class=\"wp-block-image\">\n<figure class=\"aligncenter is-resized\"><a href=\"https:\/\/redepermacultura.ufsc.br\/permabrasuca\/wp-content\/uploads\/sites\/6\/2024\/12\/terracos.jpg\"><img decoding=\"async\" width=\"700\" height=\"394\" src=\"https:\/\/redepermacultura.ufsc.br\/permabrasuca\/wp-content\/uploads\/sites\/6\/2024\/12\/terracos-700x394.jpg\" alt=\"\" class=\"wp-image-750\" style=\"width:auto;height:400px\" srcset=\"https:\/\/redepermacultura.ufsc.br\/permabrasuca\/wp-content\/uploads\/sites\/6\/2024\/12\/terracos-700x394.jpg 700w, https:\/\/redepermacultura.ufsc.br\/permabrasuca\/wp-content\/uploads\/sites\/6\/2024\/12\/terracos-300x169.jpg 300w, https:\/\/redepermacultura.ufsc.br\/permabrasuca\/wp-content\/uploads\/sites\/6\/2024\/12\/terracos-768x432.jpg 768w, https:\/\/redepermacultura.ufsc.br\/permabrasuca\/wp-content\/uploads\/sites\/6\/2024\/12\/terracos.jpg 1200w\" sizes=\"(max-width: 700px) 100vw, 700px\" \/><\/a><figcaption class=\"wp-element-caption\"><em>Valas de infiltra\u00e7\u00e3o em n\u00edvel &#8211;&nbsp; vista lateral. Foto de Arthur Nanni.<\/em><\/figcaption><\/figure>\n<\/div>\n\n<div class=\"wp-block-image\">\n<figure class=\"aligncenter is-resized\"><a href=\"https:\/\/redepermacultura.ufsc.br\/permabrasuca\/wp-content\/uploads\/sites\/6\/2024\/12\/valas_infiltracao_encosta.jpg\"><img decoding=\"async\" width=\"700\" height=\"881\" src=\"https:\/\/redepermacultura.ufsc.br\/permabrasuca\/wp-content\/uploads\/sites\/6\/2024\/12\/valas_infiltracao_encosta-700x881.jpg\" alt=\"\" class=\"wp-image-751\" style=\"width:400px\" srcset=\"https:\/\/redepermacultura.ufsc.br\/permabrasuca\/wp-content\/uploads\/sites\/6\/2024\/12\/valas_infiltracao_encosta-700x881.jpg 700w, https:\/\/redepermacultura.ufsc.br\/permabrasuca\/wp-content\/uploads\/sites\/6\/2024\/12\/valas_infiltracao_encosta-239x300.jpg 239w, https:\/\/redepermacultura.ufsc.br\/permabrasuca\/wp-content\/uploads\/sites\/6\/2024\/12\/valas_infiltracao_encosta-768x966.jpg 768w, https:\/\/redepermacultura.ufsc.br\/permabrasuca\/wp-content\/uploads\/sites\/6\/2024\/12\/valas_infiltracao_encosta.jpg 954w\" sizes=\"(max-width: 700px) 100vw, 700px\" \/><\/a><figcaption class=\"wp-element-caption\"><em>Valas de infiltra\u00e7\u00e3o em n\u00edvel &#8211; vista superior. Foto de Marcelo Venturi.<\/em><\/figcaption><\/figure>\n<\/div>\n\n\n<p><span style=\"font-weight: 400;\">As caixas-secas fazem a capta\u00e7\u00e3o por meio de escava\u00e7\u00f5es espa\u00e7adas ao longo de acessos como estradas. Essas escava\u00e7\u00f5es atingem o horizonte C dos argissolos da regi\u00e3o, que \u00e9 bem mais perme\u00e1vel que o horizonte B. O acesso das \u00e1guas superficiais conduzidas por valetas at\u00e9 o horizonte C via caixas-secas, permite que as \u00e1guas que passem a permear esse horizonte por meses, operando como um grande reservat\u00f3rio din\u00e2mico, permitindo a lenta libera\u00e7\u00e3o das \u00e1guas no per\u00edodo de estiagem (abril a setembro), perenizando em alguns casos, cursos de \u00e1gua que parariam nesse per\u00edodo.<\/span><\/p>\n\n\n<div class=\"wp-block-image\">\n<figure class=\"aligncenter is-resized\"><a href=\"https:\/\/redepermacultura.ufsc.br\/permabrasuca\/wp-content\/uploads\/sites\/6\/2024\/12\/caixas_seca_detalhe_bruno_pt.png\"><img decoding=\"async\" width=\"700\" height=\"540\" src=\"https:\/\/redepermacultura.ufsc.br\/permabrasuca\/wp-content\/uploads\/sites\/6\/2024\/12\/caixas_seca_detalhe_bruno_pt-700x540.png\" alt=\"\" class=\"wp-image-746\" style=\"width:500px;height:auto\" srcset=\"https:\/\/redepermacultura.ufsc.br\/permabrasuca\/wp-content\/uploads\/sites\/6\/2024\/12\/caixas_seca_detalhe_bruno_pt-700x540.png 700w, https:\/\/redepermacultura.ufsc.br\/permabrasuca\/wp-content\/uploads\/sites\/6\/2024\/12\/caixas_seca_detalhe_bruno_pt-300x231.png 300w, https:\/\/redepermacultura.ufsc.br\/permabrasuca\/wp-content\/uploads\/sites\/6\/2024\/12\/caixas_seca_detalhe_bruno_pt-768x592.png 768w, https:\/\/redepermacultura.ufsc.br\/permabrasuca\/wp-content\/uploads\/sites\/6\/2024\/12\/caixas_seca_detalhe_bruno_pt.png 1200w\" sizes=\"(max-width: 700px) 100vw, 700px\" \/><\/a><figcaption class=\"wp-element-caption\"><em>Detalhe da caixa-seca escavada ao lado da estrada. <em>Ilustra\u00e7\u00e3o<\/em> de Bruno Urata.<\/em><\/figcaption><\/figure>\n<\/div>\n\n\n<p>&nbsp;<\/p>\n\n\n<div class=\"wp-block-image\">\n<figure class=\"aligncenter is-resized\"><a href=\"https:\/\/redepermacultura.ufsc.br\/permabrasuca\/wp-content\/uploads\/sites\/6\/2024\/12\/caixa_seca_horizontes.png\"><img decoding=\"async\" width=\"700\" height=\"932\" src=\"https:\/\/redepermacultura.ufsc.br\/permabrasuca\/wp-content\/uploads\/sites\/6\/2024\/12\/caixa_seca_horizontes-700x932.png\" alt=\"\" class=\"wp-image-749\" style=\"width:400px\" srcset=\"https:\/\/redepermacultura.ufsc.br\/permabrasuca\/wp-content\/uploads\/sites\/6\/2024\/12\/caixa_seca_horizontes-700x932.png 700w, https:\/\/redepermacultura.ufsc.br\/permabrasuca\/wp-content\/uploads\/sites\/6\/2024\/12\/caixa_seca_horizontes-225x300.png 225w, https:\/\/redepermacultura.ufsc.br\/permabrasuca\/wp-content\/uploads\/sites\/6\/2024\/12\/caixa_seca_horizontes-768x1023.png 768w, https:\/\/redepermacultura.ufsc.br\/permabrasuca\/wp-content\/uploads\/sites\/6\/2024\/12\/caixa_seca_horizontes.png 901w\" sizes=\"(max-width: 700px) 100vw, 700px\" \/><\/a><figcaption class=\"wp-element-caption\"><em>Caixa-seca e horizontes de solo. Foto de Arthur Nanni.<\/em><\/figcaption><\/figure>\n<\/div>\n\n\n<p><span style=\"font-weight: 400;\">J\u00e1 as caixas-cheias, situam-se na por\u00e7\u00e3o mais inferior do terreno, promovendo a manuten\u00e7\u00e3o das culturas ali implantadas, permitindo at\u00e9 mesmo o plantio de esp\u00e9cies que necessitam alagamento, como o arroz.<\/span><\/p>\n\n\n<div class=\"wp-block-image\">\n<figure class=\"aligncenter is-resized\"><a href=\"https:\/\/redepermacultura.ufsc.br\/permabrasuca\/wp-content\/uploads\/sites\/6\/2024\/12\/caixas_cheias.jpg\"><img decoding=\"async\" width=\"700\" height=\"933\" src=\"https:\/\/redepermacultura.ufsc.br\/permabrasuca\/wp-content\/uploads\/sites\/6\/2024\/12\/caixas_cheias-700x933.jpg\" alt=\"\" class=\"wp-image-743\" style=\"width:400px\" srcset=\"https:\/\/redepermacultura.ufsc.br\/permabrasuca\/wp-content\/uploads\/sites\/6\/2024\/12\/caixas_cheias-700x933.jpg 700w, https:\/\/redepermacultura.ufsc.br\/permabrasuca\/wp-content\/uploads\/sites\/6\/2024\/12\/caixas_cheias-225x300.jpg 225w, https:\/\/redepermacultura.ufsc.br\/permabrasuca\/wp-content\/uploads\/sites\/6\/2024\/12\/caixas_cheias-768x1024.jpg 768w, https:\/\/redepermacultura.ufsc.br\/permabrasuca\/wp-content\/uploads\/sites\/6\/2024\/12\/caixas_cheias.jpg 900w\" sizes=\"(max-width: 700px) 100vw, 700px\" \/><\/a><figcaption class=\"wp-element-caption\"><em>Caixas-cheias ao longo do talvegue. Foto de Marcelo Venturi.<\/em><\/figcaption><\/figure>\n<\/div>\n\n\n<p><span style=\"font-weight: 400;\">O melhor arranjo \u00e9 operar sempre com ambas na paisagem, buscando hidratar encostas e permitindo diferentes usos e a diversifica\u00e7\u00e3o de esp\u00e9cies, o que traz mais benef\u00edcio no que tange a estabilidade dos sistemas produtivos agroecol\u00f3gicos.<\/span><\/p>\n\n\n<div class=\"wp-block-image\">\n<figure class=\"aligncenter is-resized\"><a href=\"https:\/\/redepermacultura.ufsc.br\/permabrasuca\/wp-content\/uploads\/sites\/6\/2024\/12\/caixas_na_encosta_3d_bruno_pt.png\"><img decoding=\"async\" width=\"700\" height=\"545\" src=\"https:\/\/redepermacultura.ufsc.br\/permabrasuca\/wp-content\/uploads\/sites\/6\/2024\/12\/caixas_na_encosta_3d_bruno_pt-700x545.png\" alt=\"\" class=\"wp-image-745\" style=\"width:622px;height:auto\" srcset=\"https:\/\/redepermacultura.ufsc.br\/permabrasuca\/wp-content\/uploads\/sites\/6\/2024\/12\/caixas_na_encosta_3d_bruno_pt-700x545.png 700w, https:\/\/redepermacultura.ufsc.br\/permabrasuca\/wp-content\/uploads\/sites\/6\/2024\/12\/caixas_na_encosta_3d_bruno_pt-300x234.png 300w, https:\/\/redepermacultura.ufsc.br\/permabrasuca\/wp-content\/uploads\/sites\/6\/2024\/12\/caixas_na_encosta_3d_bruno_pt-768x598.png 768w, https:\/\/redepermacultura.ufsc.br\/permabrasuca\/wp-content\/uploads\/sites\/6\/2024\/12\/caixas_na_encosta_3d_bruno_pt.png 1295w\" sizes=\"(max-width: 700px) 100vw, 700px\" \/><\/a><figcaption class=\"wp-element-caption\"><em>Esquema das valas de infiltra\u00e7\u00e3o na encosta. Horizontes de solo e flutua\u00e7\u00e3o do n\u00edvel fre\u00e1ticos das \u00e1guas subsuperficiais. <em>Ilustra\u00e7\u00e3o<\/em> de Bruno Urata.<\/em><\/figcaption><\/figure>\n<\/div>\n\n\n<p>&nbsp;<\/p>\n\n\n<div class=\"wp-block-image\">\n<figure class=\"aligncenter is-resized\"><a href=\"https:\/\/redepermacultura.ufsc.br\/permabrasuca\/wp-content\/uploads\/sites\/6\/2024\/12\/caixas_seca_planta_bruno_pt.png\"><img decoding=\"async\" width=\"700\" height=\"587\" src=\"https:\/\/redepermacultura.ufsc.br\/permabrasuca\/wp-content\/uploads\/sites\/6\/2024\/12\/caixas_seca_planta_bruno_pt-700x587.png\" alt=\"\" class=\"wp-image-747\" style=\"width:510px;height:auto\" srcset=\"https:\/\/redepermacultura.ufsc.br\/permabrasuca\/wp-content\/uploads\/sites\/6\/2024\/12\/caixas_seca_planta_bruno_pt-700x587.png 700w, https:\/\/redepermacultura.ufsc.br\/permabrasuca\/wp-content\/uploads\/sites\/6\/2024\/12\/caixas_seca_planta_bruno_pt-300x252.png 300w, https:\/\/redepermacultura.ufsc.br\/permabrasuca\/wp-content\/uploads\/sites\/6\/2024\/12\/caixas_seca_planta_bruno_pt-768x644.png 768w, https:\/\/redepermacultura.ufsc.br\/permabrasuca\/wp-content\/uploads\/sites\/6\/2024\/12\/caixas_seca_planta_bruno_pt.png 1200w\" sizes=\"(max-width: 700px) 100vw, 700px\" \/><\/a><figcaption class=\"wp-element-caption\"><em>Esquema visto em planta para a implanta\u00e7\u00e3o conjunta das t\u00e9cnicas. Ilustra\u00e7\u00e3o de Bruno Urata.<\/em><\/figcaption><\/figure>\n<\/div>\n\n\n<p><span style=\"font-weight: 400;\">\u00c9 indicado nas por\u00e7\u00f5es de terreno superiores \u00e0 caixa-seca, a implanta\u00e7\u00e3o de terra\u00e7os para potencializar ainda mais a quebra de velocidade das \u00e1guas de escoamento superficial e estimular sua infiltra\u00e7\u00e3o nos solos.<\/span><\/p>\n\n\n\n<p><span style=\"font-weight: 400;\">Essas t\u00e9cnicas s\u00e3o indicadas para locais com clima onde h\u00e1 altern\u00e2ncia de esta\u00e7\u00f5es secas e chuvosas e possuam fortes inclina\u00e7\u00f5es, principalmente associados aos contextos fitoecol\u00f3gicos das Florestas ombr\u00f3filas densas e abertas, estacionais semidec\u00edduas e deciduais e \u00c1reas de Tens\u00e3o Ecol\u00f3gica.<\/span><\/p>\n\n\n\n<h2 class=\"wp-block-heading\"><span class=\"ez-toc-section\" id=\"verificacao_de_aplicacao\"><\/span><b>Verifica\u00e7\u00e3o de aplica\u00e7\u00e3o<\/b><span class=\"ez-toc-section-end\"><\/span><\/h2>\n\n\n\n<p><span style=\"font-weight: 400;\">Essas t\u00e9cnicas<span style=\"font-weight: 400;\">, desenvolvidas pelo S\u00edtio Jaqueira,<\/span> foram verificadas em agosto de 2022 no Munic\u00edpio de Alegre\/ES, na regi\u00e3o do Capara\u00f3 Capixaba. Elas foram bem difundidas na regi\u00e3o atrav\u00e9s de oficinas de sensibiliza\u00e7\u00e3o e implanta\u00e7\u00e3o, realizadas por a\u00e7\u00f5es do Grupo de Agricultura Ecol\u00f3gica <a href=\"https:\/\/kapixawa.wordpress.com\/\">Kapi\u2019xawa<\/a> em parceria com o Sindicato dos Trabalhadores Rurais de Alegre\/ES e, desenvolvidas no \u00e2mbito do projeto Plantadores de \u00c1gua.<\/span><\/p>\n\n\n\n<p><iframe title=\"YouTube video player\" src=\"https:\/\/www.youtube.com\/embed\/KioAEHyluhE?si=mYt4J1L_jqsGV481\" width=\"560\" height=\"315\" frameborder=\"0\" allowfullscreen=\"allowfullscreen\"><\/iframe><\/p>\n\n\n\n<h2 class=\"wp-block-heading\"><span class=\"ez-toc-section\" id=\"referencias_de_suporte\"><\/span><b>Refer\u00eancias de suporte<\/b><span class=\"ez-toc-section-end\"><\/span><\/h2>\n\n\n\n<p><span style=\"font-weight: 400;\">Failla, S. C., Senna, D. S. de, Oliveira, F. L. de, Machado, L. C. A., Kobi, H. de B., &amp; Oliveira, L. dos S. G. (2021). Spring protection and watercourse and its relationship with environmental quality in family property, in the Capara\u00f3 region of Esp\u00edrito Santo, Brazil. Revista Verde de Agroecologia e Desenvolvimento Sustent\u00e1vel, 16(2), Artigo 2. <\/span><a href=\"https:\/\/doi.org\/10.18378\/rvads.v16i2.8326\"><span style=\"font-weight: 400;\">https:\/\/doi.org\/10.18378\/rvads.v16i2.8326<\/span><\/a><span style=\"font-weight: 400;\">&nbsp;<\/span><\/p>\n\n\n\n<p><span style=\"font-weight: 400;\">Melo, R. F. De, Cardos0, I. M., Lima, P. H. C., Freitas, H. R., &amp; Roseli Freire De Melo, C. I. M. C. (2023). \u00c1gua e agroecologia. Bras\u00edlia, DF: Embrapa, 2023. <\/span><a href=\"http:\/\/www.infoteca.cnptia.embrapa.br\/handle\/doc\/1158553\"><span style=\"font-weight: 400;\">http:\/\/www.infoteca.cnptia.embrapa.br\/handle\/doc\/1158553<\/span><\/a><span style=\"font-weight: 400;\">&nbsp;<\/span><\/p>\n\n\n\n<p><span style=\"font-weight: 400;\">Louback, G. C., Novaez, M. S., Vardiero, L. G. G., Campos, L. G. C., Souza, E. A. de, &amp; Bastos, C. S. M. (2023). An\u00e1lise da Sustentabilidade no S\u00edtio Jaqueira Agroecologia, utilizando a ferramenta APOIA-NovoRural. OBSERVAT\u00d3RIO DE LA ECONOM\u00cdA LATINOAMERICANA, 21(6), 3875\u20133900. <\/span><a href=\"https:\/\/doi.org\/10.55905\/oelv21n6-043\"><span style=\"font-weight: 400;\">https:\/\/doi.org\/10.55905\/oelv21n6-043<\/span><\/a><span style=\"font-weight: 400;\">&nbsp;<\/span><\/p>\n\n\n\n<p><span style=\"font-weight: 400;\">Shubo, T., Dutra, G., &amp; Montenegro, S. G. (2019). Water Farmers \u2013 An Aquifer Recharge Case Study in Capara\u00f3, Brazil. p.85.<\/span><a href=\"https:\/\/recharge.iah.org\/files\/2021\/02\/ismar10_book_abstracts.pdf\"><span style=\"font-weight: 400;\"> https:\/\/recharge.iah.org\/files\/2021\/02\/ismar10_book_abstracts.pdf<\/span><\/a><\/p>\n\n\n\n<h1 class=\"wp-block-heading\" id=\"caca_chuvas\"><span class=\"ez-toc-section\" id=\"caca-chuvas\"><\/span><strong>Ca\u00e7a-chuvas<\/strong><span class=\"ez-toc-section-end\"><\/span><\/h1>\n\n\n\n<p><em>Arthur Nanni<\/em><br><em>Marcelo Venturi<\/em><\/p>\n\n\n\n<div class=\"wp-block-group is-nowrap is-layout-flex wp-container-core-group-is-layout-ad2f72ca wp-block-group-is-layout-flex\">\n<figure class=\"wp-block-image\"><a href=\"https:\/\/redepermacultura.ufsc.br\/permabrasuca\/wp-content\/uploads\/sites\/6\/2024\/12\/FOA.pdf\"><img decoding=\"async\" width=\"40\" height=\"20\" src=\"http:\/\/redepermacultura.ufsc.br\/permaculturabrasileira\/wp-content\/uploads\/sites\/6\/2022\/09\/foa.png\" alt=\"\" class=\"wp-image-491\"\/><\/a><\/figure>\n\n\n\n<figure class=\"wp-block-image\"><a href=\"https:\/\/redepermacultura.ufsc.br\/permabrasuca\/wp-content\/uploads\/sites\/6\/2024\/12\/FES.pdf\"><img decoding=\"async\" width=\"40\" height=\"20\" src=\"http:\/\/redepermacultura.ufsc.br\/permaculturabrasileira\/wp-content\/uploads\/sites\/6\/2022\/09\/fes.png\" alt=\"\" class=\"wp-image-492\"\/><\/a><\/figure>\n\n\n\n<figure class=\"wp-block-image\"><a href=\"https:\/\/redepermacultura.ufsc.br\/permabrasuca\/wp-content\/uploads\/sites\/6\/2024\/12\/FED.pdf\"><img decoding=\"async\" width=\"40\" height=\"20\" src=\"http:\/\/redepermacultura.ufsc.br\/permaculturabrasileira\/wp-content\/uploads\/sites\/6\/2022\/09\/fed.png\" alt=\"\" class=\"wp-image-494\"\/><\/a><\/figure>\n\n\n\n<figure class=\"wp-block-image\"><a href=\"https:\/\/redepermacultura.ufsc.br\/permabrasuca\/wp-content\/uploads\/sites\/6\/2024\/12\/CAM.pdf\"><img decoding=\"async\" width=\"40\" height=\"20\" src=\"http:\/\/redepermacultura.ufsc.br\/permaculturabrasileira\/wp-content\/uploads\/sites\/6\/2022\/09\/cam.png\" alt=\"\" class=\"wp-image-496\"\/><\/a><\/figure>\n\n\n\n<figure class=\"wp-block-image\"><a href=\"https:\/\/redepermacultura.ufsc.br\/permabrasuca\/wp-content\/uploads\/sites\/6\/2024\/12\/SAV.pdf\"><img decoding=\"async\" width=\"40\" height=\"20\" src=\"http:\/\/redepermacultura.ufsc.br\/permaculturabrasileira\/wp-content\/uploads\/sites\/6\/2022\/09\/sav.png\" alt=\"\" class=\"wp-image-500\"\/><\/a><\/figure>\n\n\n\n<figure class=\"wp-block-image\"><a href=\"https:\/\/redepermacultura.ufsc.br\/permabrasuca\/wp-content\/uploads\/sites\/6\/2024\/12\/SES.pdf\"><img decoding=\"async\" width=\"40\" height=\"20\" src=\"http:\/\/redepermacultura.ufsc.br\/permaculturabrasileira\/wp-content\/uploads\/sites\/6\/2022\/09\/ses.png\" alt=\"\" class=\"wp-image-499\"\/><\/a><\/figure>\n\n\n\n<figure class=\"wp-block-image\"><a href=\"https:\/\/redepermacultura.ufsc.br\/permabrasuca\/wp-content\/uploads\/sites\/6\/2024\/12\/ATE.pdf\"><img decoding=\"async\" width=\"40\" height=\"20\" src=\"http:\/\/redepermacultura.ufsc.br\/permaculturabrasileira\/wp-content\/uploads\/sites\/6\/2022\/09\/ate.png\" alt=\"\" class=\"wp-image-497\"\/><\/a><\/figure>\n\n\n\n<p class=\"has-small-font-size\"><br><\/p>\n<\/div>\n\n\n\n<p>\ud83d\udc46\ud83c\udffcEntenda os <a href=\"https:\/\/redepermacultura.ufsc.br\/permabrasuca\/contextos-fitoecologicos\/\">Contextos fitoecol\u00f3gicos<\/a> onde a t\u00e9cnica \u00e9 adequada <a href=\"https:\/\/redepermacultura.ufsc.br\/permabrasuca\/wp-content\/uploads\/sites\/6\/2024\/12\/FOA.pdf\"><\/a><a href=\"https:\/\/redepermacultura.ufsc.br\/permabrasuca\/wp-content\/uploads\/sites\/6\/2024\/12\/FES.pdf\"><\/a><a href=\"https:\/\/redepermacultura.ufsc.br\/permabrasuca\/wp-content\/uploads\/sites\/6\/2024\/12\/FED.pdf\"><\/a><a href=\"https:\/\/redepermacultura.ufsc.br\/permabrasuca\/wp-content\/uploads\/sites\/6\/2024\/12\/ATE.pdf\"><\/a><a href=\"https:\/\/redepermacultura.ufsc.br\/permabrasuca\/wp-content\/uploads\/sites\/6\/2024\/12\/CAM.pdf\"><\/a><a href=\"https:\/\/redepermacultura.ufsc.br\/permabrasuca\/wp-content\/uploads\/sites\/6\/2024\/12\/SES.pdf\"><\/a><a href=\"https:\/\/redepermacultura.ufsc.br\/permabrasuca\/wp-content\/uploads\/sites\/6\/2024\/12\/SAV.pdf\"><\/a><\/p>\n\n\n\n<p>A capta\u00e7\u00e3o de \u00e1guas das chuvas \u00e9 geralmente associada a telhados e cal\u00e7ad\u00f5es. O ca\u00e7a-chuvas \u00e9 um sistema similar ao cal\u00e7ad\u00e3o, mas com custo mais baixo e m\u00f3vel, idealizado para operar em terrenos com boa amplitude de desn\u00edvel em contextos onde h\u00e1 altern\u00e2ncia de esta\u00e7\u00f5es chuvosas e secas.<\/p>\n\n\n\n<h2 class=\"wp-block-heading\"><span class=\"ez-toc-section\" id=\"caracteristicas-2\"><\/span>Caracter\u00edsticas<span class=\"ez-toc-section-end\"><\/span><\/h2>\n\n\n\n<p>O ca\u00e7a-chuvas \u00e9 uma tecnologia social m\u00f3vel que proporciona a coleta de \u00e1guas e seu direcionamento por gravidade para reservat\u00f3rios localizados em n\u00edveis mais baixos no terreno. Pode ser de dois tipos, de terreiro quando a capta\u00e7\u00e3o ocorre em uma lona aderente ao terreno, ou de cumeeira, quando a lona \u00e9 estendida em forma de telhado em \u00e1rvores.<\/p>\n\n\n\n<h2 class=\"wp-block-heading\"><span class=\"ez-toc-section\" id=\"necessidades-2\"><\/span>Necessidades<span class=\"ez-toc-section-end\"><\/span><\/h2>\n\n\n\n<p>O sistema necessita de <strong>terreno inclinado<\/strong> com <strong>superf\u00edcie aberta<\/strong> que \u00e9 <strong>impermeabilizada<\/strong> com uma lona pl\u00e1stica, para direcionar \u00e1guas para <strong>reservat\u00f3rios<\/strong> por gravidade. Destes, a \u00e1gua \u00e9 distribu\u00edda por <strong>mangueiras, canaletas ou tubos<\/strong>, no espa\u00e7o planejado para atender diferentes usos.<\/p>\n\n\n\n<h2 class=\"wp-block-heading\"><span class=\"ez-toc-section\" id=\"funcoes-2\"><\/span>Fun\u00e7\u00f5es<span class=\"ez-toc-section-end\"><\/span><\/h2>\n\n\n\n<p>A fun\u00e7\u00e3o primordial do ca\u00e7a-chuvas \u00e9 o abastecimento h\u00eddrico para <strong>irriga\u00e7\u00e3o<\/strong> ou <strong>dessedenta\u00e7\u00e3o<\/strong> animal, mas pode ser aplicado tamb\u00e9m na prepara\u00e7\u00e3o de espa\u00e7os para plantio, atrav\u00e9s do abafamento para <strong>controle de plantas espont\u00e2neas<\/strong>. Por ser m\u00f3vel, permite <strong>atender espa\u00e7os e usos mais distantes<\/strong> da \u201cZona 0\u201d.<\/p>\n\n\n\n<h2 class=\"wp-block-heading\"><span class=\"ez-toc-section\" id=\"a_tecnologia_em_detalhe\"><\/span>A tecnologia em detalhe<span class=\"ez-toc-section-end\"><\/span><\/h2>\n\n\n\n<p>Criado pelo permacultor e agricultor agroecol\u00f3gico Newton Campos, o sistema \u00e9 composto de materiais de baixo custo, como lona pl\u00e1stica, tubos, conex\u00f5es, reservat\u00f3rio e telas ou tampas, que podem ser facilmente encontrados em lojas de materiais de constru\u00e7\u00e3o.<\/p>\n\n\n\n<p>O sistema pode ser constru\u00eddo em poucas horas, sendo a parte mais trabalhosa, a de prepara\u00e7\u00e3o do terreno para assentar a lona impermeabilizante e a conforma\u00e7\u00e3o dos patamares para instala\u00e7\u00e3o dos reservat\u00f3rios.<\/p>\n\n\n\n<p>\u00c9 indicado para por\u00e7\u00f5es dispersoras de \u00e1guas em encostas, que s\u00e3o naturalmente mais secas, permitindo atender com maior facilidade os usos nesses locais.<\/p>\n\n\n\n<p>A \u00e1rea de capta\u00e7\u00e3o (lona) deve estar situada no terreno acima dos reservat\u00f3rios, para permitir que o escoamento das \u00e1guas seja feito pela for\u00e7a da gravidade. Se for poss\u00edvel seu cercamento, fa\u00e7a-o para evitar que animais o danifiquem ou sujem.<\/p>\n\n\n\n<p>No modelo de terreiro, a lona deve ser esticada e ancorada lateralmente com estacas para evitar seu deslocamento com o peso e circula\u00e7\u00e3o das \u00e1guas. Nos bordos pode-se utilizar mangueiras velhas ressecadas enroladas na lona para fazer um microbarramento lateral.<\/p>\n\n\n\n<p>No modelo de cumeeira a lona dever\u00e1 ser esticada entre \u00e1rvores ou colunas com pequenos ajustes, como explica Newton no v\u00eddeo <a href=\"https:\/\/youtu.be\/ToRPie0Gnnk?si=epKS6jm-vscaYyLb\">Plantando \u00e1gua com o Ca\u00e7a-Chuvas<\/a>.<\/p>\n\n\n\n<p>O direcionamento das \u00e1guas \u00e9 feito com a moldagem da lona sobre a superf\u00edcie aberta do terreno e o transporte das \u00e1guas por tubula\u00e7\u00f5es at\u00e9 os reservat\u00f3rios, que poder\u00e3o ser instalados em desn\u00edvel, fazendo com que haja um efeito de decanta\u00e7\u00e3o das part\u00edculas do solo, como argilas, silte e areia.<\/p>\n\n\n\n<figure class=\"wp-block-image size-large\"><img decoding=\"async\" width=\"700\" height=\"394\" src=\"https:\/\/redepermacultura.ufsc.br\/permabrasuca\/wp-content\/uploads\/sites\/6\/2025\/10\/caca_chuvas-700x394.jpg\" alt=\"\" class=\"wp-image-1745\" srcset=\"https:\/\/redepermacultura.ufsc.br\/permabrasuca\/wp-content\/uploads\/sites\/6\/2025\/10\/caca_chuvas-700x394.jpg 700w, https:\/\/redepermacultura.ufsc.br\/permabrasuca\/wp-content\/uploads\/sites\/6\/2025\/10\/caca_chuvas-300x169.jpg 300w, https:\/\/redepermacultura.ufsc.br\/permabrasuca\/wp-content\/uploads\/sites\/6\/2025\/10\/caca_chuvas-768x432.jpg 768w, https:\/\/redepermacultura.ufsc.br\/permabrasuca\/wp-content\/uploads\/sites\/6\/2025\/10\/caca_chuvas-600x338.jpg 600w, https:\/\/redepermacultura.ufsc.br\/permabrasuca\/wp-content\/uploads\/sites\/6\/2025\/10\/caca_chuvas.jpg 1200w\" sizes=\"(max-width: 700px) 100vw, 700px\" \/><figcaption class=\"wp-element-caption\"><em>\u00c1rea de capta\u00e7\u00e3o de \u00e1guas acima dos reservat\u00f3rios. Foto de Arthur Nanni.<\/em><\/figcaption><\/figure>\n\n\n\n<p>Plantas aqu\u00e1ticas podem ser inseridas em cada reservat\u00f3rio, prevendo a produ\u00e7\u00e3o de biomassa e a prote\u00e7\u00e3o contra evapora\u00e7\u00e3o direta das \u00e1guas, que passar\u00e1 a ocorrer apenas pela evapotranspira\u00e7\u00e3o das plantas sobrenadantes. Nesse caso, sugere-se o uso de sombrites para evitar a queda de sujeiras que possam obstruir as tubula\u00e7\u00f5es.<\/p>\n\n\n\n<figure class=\"wp-block-image size-large is-resized\"><img decoding=\"async\" width=\"700\" height=\"1170\" src=\"https:\/\/redepermacultura.ufsc.br\/permabrasuca\/wp-content\/uploads\/sites\/6\/2025\/10\/caca_chuvas_reservatorio-700x1170.jpg\" alt=\"\" class=\"wp-image-1746\" style=\"width:507px;height:auto\" srcset=\"https:\/\/redepermacultura.ufsc.br\/permabrasuca\/wp-content\/uploads\/sites\/6\/2025\/10\/caca_chuvas_reservatorio-700x1170.jpg 700w, https:\/\/redepermacultura.ufsc.br\/permabrasuca\/wp-content\/uploads\/sites\/6\/2025\/10\/caca_chuvas_reservatorio-180x300.jpg 180w, https:\/\/redepermacultura.ufsc.br\/permabrasuca\/wp-content\/uploads\/sites\/6\/2025\/10\/caca_chuvas_reservatorio.jpg 718w\" sizes=\"(max-width: 700px) 100vw, 700px\" \/><figcaption class=\"wp-element-caption\"><em>Reservat\u00f3rios em desn\u00edvel com sombrites. Foto de Arthur Nanni.<\/em><\/figcaption><\/figure>\n\n\n\n<p>\u00c9 importante lembrar que o reservat\u00f3rio mais abaixo dever\u00e1 estar ainda acima dos usos das \u00e1guas, para que esse atendimento possa ser feito com a energia da gravidade. Outro detalhe para reservat\u00f3rios em desn\u00edvel \u00e9 a utiliza\u00e7\u00e3o de chave-boia para evitar a perda de \u00e1gua em cada reservat\u00f3rio.<\/p>\n\n\n\n<p>Caso n\u00e3o haja possibilidade de montar os reservat\u00f3rios em desn\u00edvel, pode-se instalar esses em n\u00edvel com o uso de um p\u00e9-de-galinha e, conect\u00e1-los lateralmente, operando com vasos comunicantes, mantendo o mesmo n\u00edvel. Nesse tipo de instala\u00e7\u00e3o haver\u00e1 decanta\u00e7\u00e3o em todas as caixas.<\/p>\n\n\n\n<p>Para ambos os esquemas de montagem dos reservat\u00f3rios, \u00e9 indicada a instala\u00e7\u00e3o de uma flange com tubo e registro no fundo das caixas, a fim de facilitar a limpeza de rotina e aproveitar o lodo decantado como fertilizante.<\/p>\n\n\n\n<p>O uso de reservat\u00f3rios de maior volume de armazenamento \u00e9 desaconselhado em virtude do sistema ser m\u00f3vel e adapt\u00e1vel em diferentes condi\u00e7\u00f5es de terreno.<\/p>\n\n\n\n<figure class=\"wp-block-image size-large is-resized\"><img decoding=\"async\" width=\"700\" height=\"656\" src=\"https:\/\/redepermacultura.ufsc.br\/permabrasuca\/wp-content\/uploads\/sites\/6\/2025\/10\/caca_chuvas_ptbr-700x656.png\" alt=\"\" class=\"wp-image-1747\" style=\"width:564px;height:auto\" srcset=\"https:\/\/redepermacultura.ufsc.br\/permabrasuca\/wp-content\/uploads\/sites\/6\/2025\/10\/caca_chuvas_ptbr-700x656.png 700w, https:\/\/redepermacultura.ufsc.br\/permabrasuca\/wp-content\/uploads\/sites\/6\/2025\/10\/caca_chuvas_ptbr-300x281.png 300w, https:\/\/redepermacultura.ufsc.br\/permabrasuca\/wp-content\/uploads\/sites\/6\/2025\/10\/caca_chuvas_ptbr-768x719.png 768w, https:\/\/redepermacultura.ufsc.br\/permabrasuca\/wp-content\/uploads\/sites\/6\/2025\/10\/caca_chuvas_ptbr.png 1200w\" sizes=\"(max-width: 700px) 100vw, 700px\" \/><figcaption class=\"wp-element-caption\"><em>Esquemas de instala\u00e7\u00e3o de ca\u00e7a-chuvas em uma encosta. Ilustra\u00e7\u00e3o de Arthur Nanni.<\/em><\/figcaption><\/figure>\n\n\n\n<p>A partir de dados das chuvas \u00e9 poss\u00edvel definir o volume potencial a ser captado no per\u00edodo das chuvas. Cada mil\u00edmetro de \u00e1gua capturado em 1m<sup>2<\/sup> de lona, corresponder\u00e1 a 1L de \u00e1gua a ser reservado.<\/p>\n\n\n\n<p>Para obter dados clim\u00e1ticos, incluindo a precipita\u00e7\u00e3o, sugere-se uma consulta no site <a href=\"https:\/\/projeteee.mme.gov.br\/dados-climaticos\">Projeteee<\/a>, onde voc\u00ea pode inserir sua cidade e seguir consultando informa\u00e7\u00f5es.<\/p>\n\n\n\n<p>No exemplo da figura abaixo, selecionado para a cidade onde foi verificada a tecnologia, ao passar o <em>mouse <\/em>sobre a barra de precipita\u00e7\u00e3o, \u00e9 poss\u00edvel ver o valor m\u00e9dio de \u201c262\u201d mm de chuvas para o m\u00eas de janeiro. Nesse caso, para cada m<sup>2<\/sup> de lona, ser\u00e1 poss\u00edvel captar 262L neste m\u00eas.<\/p>\n\n\n\n<figure class=\"wp-block-image size-full\"><img decoding=\"async\" width=\"539\" height=\"742\" src=\"https:\/\/redepermacultura.ufsc.br\/permabrasuca\/wp-content\/uploads\/sites\/6\/2025\/10\/projeteee_alegre.png\" alt=\"\" class=\"wp-image-1750\" srcset=\"https:\/\/redepermacultura.ufsc.br\/permabrasuca\/wp-content\/uploads\/sites\/6\/2025\/10\/projeteee_alegre.png 539w, https:\/\/redepermacultura.ufsc.br\/permabrasuca\/wp-content\/uploads\/sites\/6\/2025\/10\/projeteee_alegre-218x300.png 218w\" sizes=\"(max-width: 539px) 100vw, 539px\" \/><figcaption class=\"wp-element-caption\"><em>S\u00edtio do projeto Projeteee onde podem ser consultados dados clim\u00e1ticos.<\/em><\/figcaption><\/figure>\n\n\n\n<p>Nos per\u00edodos de seca sugere-se o recolhimento da lona prevendo o prolongamento da sua vida \u00fatil.<\/p>\n\n\n\n<p>Veja no v\u00eddeo <a href=\"https:\/\/youtu.be\/Ll1M2Zdu-rg?si=Ya8B6Th8Y3vPUw7D\">Os ca\u00e7a-chuvas do S\u00edtio Jaqueira Agroecologia<\/a> uma breve explica\u00e7\u00e3o sobre seu uso e no v\u00eddeo a seguir uma explica\u00e7\u00e3o sobre como opera o sistema no S\u00edtio Jaqueira.<\/p>\n\n\n\n<p><iframe title=\"Ca\u00e7a-chuvas do S\u00edtio Jaqueira\" width=\"560\" height=\"315\" src=\"https:\/\/tubedu.org\/videos\/embed\/hSGAytVUiKTzwU1ktfKzic\" frameborder=\"0\" allowfullscreen=\"\" sandbox=\"allow-same-origin allow-scripts allow-popups allow-forms\"><\/iframe><\/p>\n\n\n\n<h2 class=\"wp-block-heading\"><span class=\"ez-toc-section\" id=\"verificacao_de_aplicacao-2\"><\/span>Verifica\u00e7\u00e3o de aplica\u00e7\u00e3o<span class=\"ez-toc-section-end\"><\/span><\/h2>\n\n\n\n<p>A tecnologia foi verificada em agosto de 2022 no S\u00edtio Jaqueira em Alegre\/ES, regi\u00e3o do Capara\u00f3 Capixaba.&nbsp; O s\u00edtio \u00e9 uma das refer\u00eancias do projeto <a href=\"https:\/\/linktr.ee\/plantagua?fbclid=PAZXh0bgNhZW0CMTEAAafpF8xarD2GKFbc2PIEXHQKk3UUktG1ajTcH41w4AHLNsuKf_JiFCg8FyuE3g_aem_LaTr-EL_lcUEgOuTwAvCOg\">Plantadores de \u00e1gua<\/a>.<\/p>\n\n\n\n<h2 class=\"wp-block-heading\"><span class=\"ez-toc-section\" id=\"referencias_de_suporte-2\"><\/span>Refer\u00eancias de suporte<span class=\"ez-toc-section-end\"><\/span><\/h2>\n\n\n\n<p>Canal <a href=\"https:\/\/www.youtube.com\/channel\/UCw9ZMWnPq43UounKJSuE1cA\">Newton Campos<\/a>.<\/p>\n\n\n\n<p>Couzemenco, F. (2020). Em pleno funcionamento, os \u2018ca\u00e7a-chuva\u2019 viabilizam reflorestamento do S\u00edtio Jaqueira. Jornal S\u00e9culo Di\u00e1rio. <a href=\"https:\/\/www.seculodiario.com.br\/meio-ambiente\/em-pleno-funcionamento-os-caca-chuva-viabilizam-reflorestamento-do-sitio-jaqueira\/\">https:\/\/www.seculodiario.com.br\/meio-ambiente\/em-pleno-funcionamento-os-caca-chuva-viabilizam-reflorestamento-do-sitio-jaqueira\/<\/a>&nbsp;<\/p>\n\n\n\n<p>ProjetEEE &#8211; Projetando Edifica\u00e7\u00f5es Energeticamente Eficientes. (s. d.). ProjetEEE. Recuperado 24 de julho de 2025, de <a href=\"https:\/\/projeteee.mme.gov.br\/sobre-o-projeteee\/\">https:\/\/projeteee.mme.gov.br\/sobre-o-projeteee\/<\/a>&nbsp;Reis, E. (2025). PLANT\u2019\u00c1GUA realiza oficina de \u2018Plantio de \u00c1gua\u2019 no II Festival Manh\u00e1gua. Jornal O Alegrense. <a href=\"https:\/\/jornaloalegrense.com.br\/noticia\/2848\/plantgua-realiza-oficina-de-plantio-gua-ii\">https:\/\/jornaloalegrense.com.br\/noticia\/2848\/plantgua-realiza-oficina-de-plantio-gua-ii<\/a><\/p>\n","protected":false},"excerpt":{"rendered":"<p>Atualizado em As \u00e1guas de abastecimento compreendem aquelas que entram no espa\u00e7o planejado, tais como \u00e0s das chuvas, rios, subsuperficiais e subterr\u00e2neas. Essas \u00e1guas ser\u00e3o captadas, conduzidas e armazenadas para serem aproveitadas para os mais diversos fins. Quando pensada de forma sist\u00eamica, a capta\u00e7\u00e3o de \u00e1guas fica um pouco mais complexa, o que exige dos [&hellip;]<\/p>\n","protected":false},"author":1,"featured_media":0,"parent":0,"menu_order":1,"comment_status":"closed","ping_status":"closed","template":"","meta":{"footnotes":""},"coauthors":[2,7],"class_list":["post-31","page","type-page","status-publish","hentry"],"_links":{"self":[{"href":"https:\/\/redepermacultura.ufsc.br\/permabrasuca\/wp-json\/wp\/v2\/pages\/31","targetHints":{"allow":["GET"]}}],"collection":[{"href":"https:\/\/redepermacultura.ufsc.br\/permabrasuca\/wp-json\/wp\/v2\/pages"}],"about":[{"href":"https:\/\/redepermacultura.ufsc.br\/permabrasuca\/wp-json\/wp\/v2\/types\/page"}],"author":[{"embeddable":true,"href":"https:\/\/redepermacultura.ufsc.br\/permabrasuca\/wp-json\/wp\/v2\/users\/1"}],"replies":[{"embeddable":true,"href":"https:\/\/redepermacultura.ufsc.br\/permabrasuca\/wp-json\/wp\/v2\/comments?post=31"}],"version-history":[{"count":47,"href":"https:\/\/redepermacultura.ufsc.br\/permabrasuca\/wp-json\/wp\/v2\/pages\/31\/revisions"}],"predecessor-version":[{"id":2341,"href":"https:\/\/redepermacultura.ufsc.br\/permabrasuca\/wp-json\/wp\/v2\/pages\/31\/revisions\/2341"}],"wp:attachment":[{"href":"https:\/\/redepermacultura.ufsc.br\/permabrasuca\/wp-json\/wp\/v2\/media?parent=31"}],"wp:term":[{"taxonomy":"author","embeddable":true,"href":"https:\/\/redepermacultura.ufsc.br\/permabrasuca\/wp-json\/wp\/v2\/coauthors?post=31"}],"curies":[{"name":"wp","href":"https:\/\/api.w.org\/{rel}","templated":true}]}}