{"id":263,"date":"2021-12-30T10:36:10","date_gmt":"2021-12-30T13:36:10","guid":{"rendered":"http:\/\/redepermacultura.ufsc.br\/permaculturabrasileira\/?page_id=263"},"modified":"2026-04-30T14:01:54","modified_gmt":"2026-04-30T17:01:54","slug":"producao-vegetal","status":"publish","type":"page","link":"https:\/\/redepermacultura.ufsc.br\/permabrasuca\/ecologia-cultivada\/producao-vegetal\/","title":{"rendered":"Vegetais"},"content":{"rendered":"<div id=\"ez-toc-container\" class=\"ez-toc-v2_0_82_2 ez-toc-wrap-left counter-hierarchy ez-toc-counter ez-toc-transparent ez-toc-container-direction\">\n<label for=\"ez-toc-cssicon-toggle-item-69f433db9407d\" class=\"ez-toc-cssicon-toggle-label\"><p class=\"ez-toc-title\" style=\"cursor:inherit\">Veja aqui<\/p>\n<span class=\"ez-toc-cssicon\"><span class=\"eztoc-hide\" style=\"display:none;\">Toggle<\/span><span class=\"ez-toc-icon-toggle-span\"><svg style=\"fill: #999;color:#999\" xmlns=\"http:\/\/www.w3.org\/2000\/svg\" class=\"list-377408\" width=\"20px\" height=\"20px\" viewBox=\"0 0 24 24\" fill=\"none\"><path d=\"M6 6H4v2h2V6zm14 0H8v2h12V6zM4 11h2v2H4v-2zm16 0H8v2h12v-2zM4 16h2v2H4v-2zm16 0H8v2h12v-2z\" fill=\"currentColor\"><\/path><\/svg><svg style=\"fill: #999;color:#999\" class=\"arrow-unsorted-368013\" xmlns=\"http:\/\/www.w3.org\/2000\/svg\" width=\"10px\" height=\"10px\" viewBox=\"0 0 24 24\" version=\"1.2\" baseProfile=\"tiny\"><path d=\"M18.2 9.3l-6.2-6.3-6.2 6.3c-.2.2-.3.4-.3.7s.1.5.3.7c.2.2.4.3.7.3h11c.3 0 .5-.1.7-.3.2-.2.3-.5.3-.7s-.1-.5-.3-.7zM5.8 14.7l6.2 6.3 6.2-6.3c.2-.2.3-.5.3-.7s-.1-.5-.3-.7c-.2-.2-.4-.3-.7-.3h-11c-.3 0-.5.1-.7.3-.2.2-.3.5-.3.7s.1.5.3.7z\"\/><\/svg><\/span><\/span><\/label><input type=\"checkbox\"  id=\"ez-toc-cssicon-toggle-item-69f433db9407d\" checked \/><nav><ul class='ez-toc-list ez-toc-list-level-1 ' ><li class='ez-toc-page-1 ez-toc-heading-level-1'><a class=\"ez-toc-link ez-toc-heading-1\" href=\"https:\/\/redepermacultura.ufsc.br\/permabrasuca\/ecologia-cultivada\/producao-vegetal\/#meandros_e_as_culturas_vegetais\" >Meandros e as culturas vegetais<\/a><ul class='ez-toc-list-level-2' ><li class='ez-toc-heading-level-2'><a class=\"ez-toc-link ez-toc-heading-2\" href=\"https:\/\/redepermacultura.ufsc.br\/permabrasuca\/ecologia-cultivada\/producao-vegetal\/#caracteristicas\" >Caracter\u00edsticas<\/a><\/li><li class='ez-toc-page-1 ez-toc-heading-level-2'><a class=\"ez-toc-link ez-toc-heading-3\" href=\"https:\/\/redepermacultura.ufsc.br\/permabrasuca\/ecologia-cultivada\/producao-vegetal\/#necessidades\" >Necessidades<\/a><\/li><li class='ez-toc-page-1 ez-toc-heading-level-2'><a class=\"ez-toc-link ez-toc-heading-4\" href=\"https:\/\/redepermacultura.ufsc.br\/permabrasuca\/ecologia-cultivada\/producao-vegetal\/#funcoes\" >Fun\u00e7\u00f5es<\/a><\/li><li class='ez-toc-page-1 ez-toc-heading-level-2'><a class=\"ez-toc-link ez-toc-heading-5\" href=\"https:\/\/redepermacultura.ufsc.br\/permabrasuca\/ecologia-cultivada\/producao-vegetal\/#a_tecnica_em_detalhe\" >A t\u00e9cnica em detalhe<\/a><\/li><li class='ez-toc-page-1 ez-toc-heading-level-2'><a class=\"ez-toc-link ez-toc-heading-6\" href=\"https:\/\/redepermacultura.ufsc.br\/permabrasuca\/ecologia-cultivada\/producao-vegetal\/#verificacao_de_aplicacao\" >Verifica\u00e7\u00e3o de aplica\u00e7\u00e3o<\/a><\/li><li class='ez-toc-page-1 ez-toc-heading-level-2'><a class=\"ez-toc-link ez-toc-heading-7\" href=\"https:\/\/redepermacultura.ufsc.br\/permabrasuca\/ecologia-cultivada\/producao-vegetal\/#bibliografia\" >Bibliografia<\/a><\/li><\/ul><\/li><li class='ez-toc-page-1 ez-toc-heading-level-1'><a class=\"ez-toc-link ez-toc-heading-8\" href=\"https:\/\/redepermacultura.ufsc.br\/permabrasuca\/ecologia-cultivada\/producao-vegetal\/#pirambeira_produtiva\" >Pirambeira produtiva<\/a><ul class='ez-toc-list-level-2' ><li class='ez-toc-heading-level-2'><a class=\"ez-toc-link ez-toc-heading-9\" href=\"https:\/\/redepermacultura.ufsc.br\/permabrasuca\/ecologia-cultivada\/producao-vegetal\/#caracteristicas-2\" >Caracter\u00edsticas<\/a><\/li><li class='ez-toc-page-1 ez-toc-heading-level-2'><a class=\"ez-toc-link ez-toc-heading-10\" href=\"https:\/\/redepermacultura.ufsc.br\/permabrasuca\/ecologia-cultivada\/producao-vegetal\/#necessidades-2\" >Necessidades<\/a><\/li><li class='ez-toc-page-1 ez-toc-heading-level-2'><a class=\"ez-toc-link ez-toc-heading-11\" href=\"https:\/\/redepermacultura.ufsc.br\/permabrasuca\/ecologia-cultivada\/producao-vegetal\/#funcoes-2\" >Fun\u00e7\u00f5es<\/a><\/li><li class='ez-toc-page-1 ez-toc-heading-level-2'><a class=\"ez-toc-link ez-toc-heading-12\" href=\"https:\/\/redepermacultura.ufsc.br\/permabrasuca\/ecologia-cultivada\/producao-vegetal\/#a_tecnica_em_detalhe-2\" >A t\u00e9cnica em detalhe<\/a><\/li><li class='ez-toc-page-1 ez-toc-heading-level-2'><a class=\"ez-toc-link ez-toc-heading-13\" href=\"https:\/\/redepermacultura.ufsc.br\/permabrasuca\/ecologia-cultivada\/producao-vegetal\/#verificacao_de_aplicacao-2\" >Verifica\u00e7\u00e3o de aplica\u00e7\u00e3o<\/a><\/li><li class='ez-toc-page-1 ez-toc-heading-level-2'><a class=\"ez-toc-link ez-toc-heading-14\" href=\"https:\/\/redepermacultura.ufsc.br\/permabrasuca\/ecologia-cultivada\/producao-vegetal\/#bibliografia-2\" >Bibliografia<\/a><\/li><\/ul><\/li><\/ul><\/nav><\/div>\n\n<div class=\"wp-block-group is-nowrap is-layout-flex wp-container-core-group-is-layout-ad2f72ca wp-block-group-is-layout-flex\">\n<p class=\"has-small-font-size\">Atualizado em<\/p>\n\n\n<div class=\"wp-block-post-date__modified-date wp-block-post-date has-small-font-size\"><time datetime=\"2026-04-30T14:01:54-03:00\">30 de abril de 2026.<\/time><\/div><\/div>\n\n\n\n<p><\/p>\n\n\n\n<p class=\"has-text-align-right\"><em>Arthur Nanni<\/em><\/p>\n\n\n\n<h1 class=\"wp-block-heading\" id=\"meandros-culturas\"><span class=\"ez-toc-section\" id=\"meandros_e_as_culturas_vegetais\"><\/span><strong>Meandros e as culturas vegetais<\/strong><span class=\"ez-toc-section-end\"><\/span><\/h1>\n\n\n\n<p>Uma boa leitura da paisagem \u00e9 crucial para o sucesso nos plantios e colheitas. Entender as voca\u00e7\u00f5es de determinado nicho da paisagem \u00e9 crucial para um bom planejamento.<\/p>\n\n\n\n<p>Rios meandrantes ocorrem em todas as regi\u00f5es brasileiras nas por\u00e7\u00f5es dos m\u00e9dios cursos dos rios. Os diferentes contextos bioclim\u00e1ticos&nbsp;<\/p>\n\n\n\n<h2 class=\"wp-block-heading\"><span class=\"ez-toc-section\" id=\"caracteristicas\"><\/span>Caracter\u00edsticas<span class=\"ez-toc-section-end\"><\/span><\/h2>\n\n\n\n<p>Leitura avan\u00e7ada da paisagem com vistas a implanta\u00e7\u00e3o de diferentes culturas com a localiza\u00e7\u00e3o de nuances de umidade no terreno considerando, por exemplo, flutua\u00e7\u00f5es do len\u00e7ol fre\u00e1tico em terras baixas de dep\u00f3sitos de sedimentos de rios.<\/p>\n\n\n\n<h2 class=\"wp-block-heading\"><span class=\"ez-toc-section\" id=\"necessidades\"><\/span>Necessidades<span class=\"ez-toc-section-end\"><\/span><\/h2>\n\n\n\n<p>Necessita boa observa\u00e7\u00e3o das condi\u00e7\u00f5es ambientais locais, incluindo padr\u00f5es naturais por imagens de sat\u00e9lite e esp\u00e9cies indicadoras em campo. Conhecimentos sobre a geografia e a geologia s\u00e3o importantes no processo.<\/p>\n\n\n\n<h2 class=\"wp-block-heading\"><span class=\"ez-toc-section\" id=\"funcoes\"><\/span>Fun\u00e7\u00f5es<span class=\"ez-toc-section-end\"><\/span><\/h2>\n\n\n\n<p>Uma boa leitura da paisagem tem a fun\u00e7\u00e3o de prover sucesso no planejamento da produ\u00e7\u00e3o de alimentos, buscando otimizar o manejo com:<\/p>\n\n\n\n<ul class=\"wp-block-list\">\n<li>Uso das condi\u00e7\u00f5es ambientais locais a seu favor;<\/li>\n\n\n\n<li>Redu\u00e7\u00e3o da irriga\u00e7\u00e3o;<\/li>\n\n\n\n<li>Redu\u00e7\u00e3o da fertiliza\u00e7\u00e3o;<\/li>\n\n\n\n<li>Desenvolvimento dos cultivos em locais mais aptos para cada esp\u00e9cie de interesse a ser implantada.<\/li>\n<\/ul>\n\n\n\n<h2 class=\"wp-block-heading\"><span class=\"ez-toc-section\" id=\"a_tecnica_em_detalhe\"><\/span>A t\u00e9cnica em detalhe<span class=\"ez-toc-section-end\"><\/span><\/h2>\n\n\n\n<p>A t\u00e9cnica de interpretar a paisagem requer uma cuidadosa observa\u00e7\u00e3o de seus elementos, incluindo a morfologia do terreno, os tipos de solos associados, as esp\u00e9cies espont\u00e2neas que se manifestam, a quantidade insola\u00e7\u00e3o recebida ao longo do ano, entre outras vari\u00e1veis.<\/p>\n\n\n\n<h3 class=\"wp-block-heading\">O padr\u00e3o meandrante<\/h3>\n\n\n\n<p>Meandros s\u00e3o fei\u00e7\u00f5es fluviais t\u00edpicas de por\u00e7\u00f5es de m\u00e9dio e baixo vales dos rios. Elas se manifestam por meio de formas, por vezes lineares, mas tamb\u00e9m curvil\u00edneas que marcam a din\u00e2mica de migra\u00e7\u00e3o do canal do rio ao longo do tempo geol\u00f3gico. Essa migra\u00e7\u00e3o forma ambientes de sedimenta\u00e7\u00e3o que conformam regi\u00f5es de m\u00e9dia a baixa energias onde ficam depositadas areias ou argilas e mat\u00e9ria org\u00e2nica. Esses dep\u00f3sitos geol\u00f3gicos s\u00e3o conhecidos como de \u201cbarra fluvial\u201d, constituindo diques marginais ou barras fluviais que s\u00e3o \u00e1reas mais elevadas nos terrenos desses ambientes. Intercalados a esses, ocorrem dep\u00f3sitos de plan\u00edcie de inunda\u00e7\u00e3o nas por\u00e7\u00f5es mais baixas do terreno.<\/p>\n\n\n<div class=\"wp-block-image\">\n<figure class=\"aligncenter is-resized\"><img decoding=\"async\" src=\"https:\/\/lh7-rt.googleusercontent.com\/docsz\/AD_4nXcNyFT80-XING6qycvDbcf1pIkDoYl_SLa6_8I6gTN-oaSAGZ5B7rTUWCgTMXFRpMvf0JIdZCiA0Bj7Y0AFuRZ9wywMq46tpKDo5IbZzR_4QsYftqSx4XTVcR8vCO7euUbz2pXOQw?key=NetnY1JOcJf7dWun4jZw7cHa\" alt=\"\" style=\"width:448px;height:auto\"\/><\/figure>\n<\/div>\n\n\n<p><em>Fei\u00e7\u00f5es e dep\u00f3sitos de sedimentos associados a rios. Figura baseada em Suguio (2003). Ilustra\u00e7\u00e3o de Bruno Urata. <a href=\"https:\/\/redepermacultura.ufsc.br\/permabrasuca\/wp-content\/uploads\/sites\/6\/2025\/04\/meandros_esquema_suguio_en.png\">Veja essa figura em ingl\u00eas<\/a>.<\/em><\/p>\n\n\n\n<p>O reconhecimento dessas fei\u00e7\u00f5es em uma imagem de sat\u00e9lite pode ser feita atrav\u00e9s da tonalidade das cores. Na imagem a seguir v\u00ea-se meandros abandonados com uma tonalidade mais escura que as pastagens que est\u00e3o ao seu redor. J\u00e1 o canal atual com os meandros ativos \u00e9 mais escuro e profundo na imagem.<\/p>\n\n\n\n<figure class=\"wp-block-image size-large is-resized\"><img decoding=\"async\" width=\"700\" height=\"422\" src=\"https:\/\/redepermacultura.ufsc.br\/permabrasuca\/wp-content\/uploads\/sites\/6\/2025\/03\/meandros_esquema-700x422.png\" alt=\"\" class=\"wp-image-1073\" style=\"width:840px;height:auto\" srcset=\"https:\/\/redepermacultura.ufsc.br\/permabrasuca\/wp-content\/uploads\/sites\/6\/2025\/03\/meandros_esquema-700x422.png 700w, https:\/\/redepermacultura.ufsc.br\/permabrasuca\/wp-content\/uploads\/sites\/6\/2025\/03\/meandros_esquema-300x181.png 300w, https:\/\/redepermacultura.ufsc.br\/permabrasuca\/wp-content\/uploads\/sites\/6\/2025\/03\/meandros_esquema-768x463.png 768w, https:\/\/redepermacultura.ufsc.br\/permabrasuca\/wp-content\/uploads\/sites\/6\/2025\/03\/meandros_esquema.png 1151w\" sizes=\"(max-width: 700px) 100vw, 700px\" \/><\/figure>\n\n\n\n<p><em>Dep\u00f3sitos geol\u00f3gicos associados \u00e0 migra\u00e7\u00e3o de meandros dos rios. Na imagem, um trecho do Rio Jequitinhonha em Ara\u00e7ua\u00ed\/MG. Imagem: Google Earth. <a href=\"https:\/\/redepermacultura.ufsc.br\/permabrasuca\/wp-content\/uploads\/sites\/6\/2025\/04\/meandros_esquema_en.png\">Veja essa figura em ingl\u00eas<\/a>.<\/em><\/p>\n\n\n\n<p>Diretamente associado ao canal atual do rio, ocorre a plan\u00edcie de inunda\u00e7\u00e3o atual, que como nome j\u00e1 diz, \u00e9 constantemente alagada em per\u00edodos de grandes vaz\u00f5es. O melhor a fazer \u00e9 manter essas por\u00e7\u00f5es como \u00e1reas de preserva\u00e7\u00e3o permanente, zona 5, estando conforme \u00e0 legisla\u00e7\u00e3o ambiental vigente.<\/p>\n\n\n\n<p>Os dep\u00f3sitos de barra fluvial s\u00e3o dep\u00f3sitos de sedimentos de granulometria mais grossa como areias e conformam \u00e1reas bem drenadas. As barras vinculadas ao curso atual dos rios s\u00e3o geralmente sem cobertura vegetal e bastante vulner\u00e1veis \u00e0s flutua\u00e7\u00f5es de n\u00edvel desses. As barras mais antigas, que marcam por onde passou o rio em algum momento de sua hist\u00f3ria, seguir\u00e3o caracter\u00edsticas parecidas, com eleva\u00e7\u00f5es no terreno em sedimentos bem drenados,&nbsp;que ficam isentas de enchentes mais corriqueiras, mas podem ser alagados em ocasi\u00f5es de maior pluviosidade e, consequentemente, maiores vaz\u00f5es. Nessas por\u00e7\u00f5es s\u00e3o indicadas esp\u00e9cies vegetais que exigem essa drenan\u00e7a e uma dist\u00e2ncia do len\u00e7ol fre\u00e1tico. \u00c9 o local indicado para o plantio de \u00e1rvores frut\u00edferas e aquelas em que se deseja colher os tub\u00e9rculos, como mandiocas e batatas.<\/p>\n\n\n\n<p>Intercalado \u00e0s barras, ocorrem nas por\u00e7\u00f5es mais baixas do terreno os dep\u00f3sitos de plan\u00edcie de inunda\u00e7\u00e3o, que s\u00e3o aquelas onde ficaram depositados sedimentos mais finos como argilas e a mat\u00e9ria org\u00e2nica. Assim, s\u00e3o mais f\u00e9rteis, por\u00e9m, mais \u00famidas. Nesse caso, podem ser aproveitados para o cultivo de esp\u00e9cies mais exigentes em \u00e1guas, como bananeiras e inhame, por exemplo.<\/p>\n\n\n\n<figure class=\"wp-block-image size-large\"><img decoding=\"async\" width=\"700\" height=\"573\" src=\"https:\/\/redepermacultura.ufsc.br\/permabrasuca\/wp-content\/uploads\/sites\/6\/2025\/03\/meandros_cpcd_aerea-700x573.png\" alt=\"\" class=\"wp-image-1075\" srcset=\"https:\/\/redepermacultura.ufsc.br\/permabrasuca\/wp-content\/uploads\/sites\/6\/2025\/03\/meandros_cpcd_aerea-700x573.png 700w, https:\/\/redepermacultura.ufsc.br\/permabrasuca\/wp-content\/uploads\/sites\/6\/2025\/03\/meandros_cpcd_aerea-300x246.png 300w, https:\/\/redepermacultura.ufsc.br\/permabrasuca\/wp-content\/uploads\/sites\/6\/2025\/03\/meandros_cpcd_aerea-768x629.png 768w, https:\/\/redepermacultura.ufsc.br\/permabrasuca\/wp-content\/uploads\/sites\/6\/2025\/03\/meandros_cpcd_aerea.png 1151w\" sizes=\"(max-width: 700px) 100vw, 700px\" \/><\/figure>\n\n\n\n<p><em>Dep\u00f3sito marginais do Rio Jequitinhonha no S\u00edtio Maravilha em Ara\u00e7ua\u00ed\/MG. Imagem: Arthur Nanni. <a href=\"https:\/\/redepermacultura.ufsc.br\/permabrasuca\/wp-content\/uploads\/sites\/6\/2025\/04\/meandros_cpcd_aerea_en.png\">Veja essa figura em ingl\u00eas<\/a>.<\/em><\/p>\n\n\n\n<figure class=\"wp-block-image size-large\"><img decoding=\"async\" width=\"700\" height=\"497\" src=\"https:\/\/redepermacultura.ufsc.br\/permabrasuca\/wp-content\/uploads\/sites\/6\/2025\/03\/meandros_cpcd_culturas-700x497.png\" alt=\"\" class=\"wp-image-1076\" srcset=\"https:\/\/redepermacultura.ufsc.br\/permabrasuca\/wp-content\/uploads\/sites\/6\/2025\/03\/meandros_cpcd_culturas-700x497.png 700w, https:\/\/redepermacultura.ufsc.br\/permabrasuca\/wp-content\/uploads\/sites\/6\/2025\/03\/meandros_cpcd_culturas-300x213.png 300w, https:\/\/redepermacultura.ufsc.br\/permabrasuca\/wp-content\/uploads\/sites\/6\/2025\/03\/meandros_cpcd_culturas-768x545.png 768w, https:\/\/redepermacultura.ufsc.br\/permabrasuca\/wp-content\/uploads\/sites\/6\/2025\/03\/meandros_cpcd_culturas.png 1188w\" sizes=\"(max-width: 700px) 100vw, 700px\" \/><\/figure>\n\n\n\n<p><em>Contexto natural com dep\u00f3sitos de barra fluvial e de plan\u00edcie de inunda\u00e7\u00e3o e suas voca\u00e7\u00f5es para culturas, conformando as zonas do S\u00edtio Maravilha em Ara\u00e7ua\u00ed\/MG. Desenho de Bruno Urata. <a href=\"https:\/\/redepermacultura.ufsc.br\/permabrasuca\/wp-content\/uploads\/sites\/6\/2025\/04\/meandros_cpcd_culturas_en.png\">Veja essa figura em ingl\u00eas<\/a>.<\/em><\/p>\n\n\n\n<h2 class=\"wp-block-heading\"><span class=\"ez-toc-section\" id=\"verificacao_de_aplicacao\"><\/span>Verifica\u00e7\u00e3o de aplica\u00e7\u00e3o<span class=\"ez-toc-section-end\"><\/span><\/h2>\n\n\n\n<p>Essa t\u00e9cnica de planejamento das zonas energ\u00e9ticas por aptid\u00f5es agr\u00edcolas foi verificada no S\u00edtio Maravilha em Ara\u00e7ua\u00ed\/MG. O s\u00edtio \u00e9 uma unidade experimental e demonstrativa de permacultura, gerenciada pelo permacultor Celso Souza Silva, integrante da equipe do <a href=\"https:\/\/cpcd.org.br\/\">Centro Popular de Cultura e Desenvolvimento<\/a>.<\/p>\n\n\n\n<h2 class=\"wp-block-heading\"><span class=\"ez-toc-section\" id=\"bibliografia\"><\/span>Bibliografia<span class=\"ez-toc-section-end\"><\/span><\/h2>\n\n\n\n<p>Centro Popular de Cultura e Desenvolvimento, 2016. S\u00edtio Maravilha\u2014Centro de Permacultura do Vale do Jequitinhonha.<a href=\"https:\/\/www.youtube.com\/watch?v=2I-H5ULaRNY\"> https:\/\/www.youtube.com\/watch?v=2I-H5ULaRNY<\/a><\/p>\n\n\n\n<p>SUGUIO, Kenitiro. Geologia sedimentar. S\u00e3o Paulo: Edgard Blucher, 2003.<\/p>\n\n\n\n<h1 class=\"wp-block-heading\" id=\"pirambeira\"><span class=\"ez-toc-section\" id=\"pirambeira_produtiva\"><\/span>Pirambeira produtiva<span class=\"ez-toc-section-end\"><\/span><\/h1>\n\n\n\n<div class=\"wp-block-group is-nowrap is-layout-flex wp-container-core-group-is-layout-ad2f72ca wp-block-group-is-layout-flex\">\n<figure class=\"wp-block-image\"><a href=\"https:\/\/redepermacultura.ufsc.br\/permabrasuca\/wp-content\/uploads\/sites\/6\/2024\/12\/FOD.pdf\"><img decoding=\"async\" width=\"40\" height=\"20\" src=\"http:\/\/redepermacultura.ufsc.br\/permaculturabrasileira\/wp-content\/uploads\/sites\/6\/2022\/09\/fod.png\" alt=\"\" class=\"wp-image-483\"\/><\/a><\/figure>\n\n\n\n<div class=\"wp-block-group is-nowrap is-layout-flex wp-container-core-group-is-layout-ad2f72ca wp-block-group-is-layout-flex\">\n<div class=\"wp-block-group is-nowrap is-layout-flex wp-container-core-group-is-layout-ad2f72ca wp-block-group-is-layout-flex\">\n<div class=\"wp-block-group is-nowrap is-layout-flex wp-container-core-group-is-layout-ad2f72ca wp-block-group-is-layout-flex\">\n<figure class=\"wp-block-image\"><a href=\"https:\/\/redepermacultura.ufsc.br\/permabrasuca\/wp-content\/uploads\/sites\/6\/2024\/12\/FOA.pdf\"><img decoding=\"async\" width=\"40\" height=\"20\" src=\"http:\/\/redepermacultura.ufsc.br\/permaculturabrasileira\/wp-content\/uploads\/sites\/6\/2022\/09\/foa.png\" alt=\"\" class=\"wp-image-491\"\/><\/a><\/figure>\n\n\n\n<figure class=\"wp-block-image\"><a href=\"https:\/\/redepermacultura.ufsc.br\/permabrasuca\/wp-content\/uploads\/sites\/6\/2024\/12\/FOM.pdf\"><img decoding=\"async\" width=\"40\" height=\"20\" src=\"http:\/\/redepermacultura.ufsc.br\/permaculturabrasileira\/wp-content\/uploads\/sites\/6\/2022\/09\/fom.png\" alt=\"\" class=\"wp-image-493\"\/><\/a><\/figure>\n\n\n\n<figure class=\"wp-block-image\"><a href=\"https:\/\/redepermacultura.ufsc.br\/permabrasuca\/wp-content\/uploads\/sites\/6\/2024\/12\/FES.pdf\"><img decoding=\"async\" width=\"40\" height=\"20\" src=\"http:\/\/redepermacultura.ufsc.br\/permaculturabrasileira\/wp-content\/uploads\/sites\/6\/2022\/09\/fes.png\" alt=\"\" class=\"wp-image-492\"\/><\/a><\/figure>\n<\/div>\n\n\n\n<div class=\"wp-block-group is-nowrap is-layout-flex wp-container-core-group-is-layout-ad2f72ca wp-block-group-is-layout-flex\">\n<figure class=\"wp-block-image\"><a href=\"https:\/\/redepermacultura.ufsc.br\/permabrasuca\/wp-content\/uploads\/sites\/6\/2024\/12\/FED.pdf\"><img decoding=\"async\" width=\"40\" height=\"20\" src=\"http:\/\/redepermacultura.ufsc.br\/permaculturabrasileira\/wp-content\/uploads\/sites\/6\/2022\/09\/fed.png\" alt=\"\" class=\"wp-image-494\"\/><\/a><\/figure>\n\n\n\n<figure class=\"wp-block-image\"><a href=\"https:\/\/redepermacultura.ufsc.br\/permabrasuca\/wp-content\/uploads\/sites\/6\/2024\/12\/ATE.pdf\"><img decoding=\"async\" width=\"40\" height=\"20\" src=\"http:\/\/redepermacultura.ufsc.br\/permaculturabrasileira\/wp-content\/uploads\/sites\/6\/2022\/09\/ate.png\" alt=\"\" class=\"wp-image-497\"\/><\/a><\/figure>\n<\/div>\n\n\n\n<p><br><a href=\"https:\/\/redepermacultura.ufsc.br\/permabrasuca\/wp-content\/uploads\/sites\/6\/2024\/12\/FOD.pdf\"><\/a><a href=\"https:\/\/redepermacultura.ufsc.br\/permabrasuca\/wp-content\/uploads\/sites\/6\/2024\/12\/FOA.pdf\"><\/a><a href=\"https:\/\/redepermacultura.ufsc.br\/permabrasuca\/wp-content\/uploads\/sites\/6\/2024\/12\/FOM.pdf\"><\/a><a href=\"https:\/\/redepermacultura.ufsc.br\/permabrasuca\/wp-content\/uploads\/sites\/6\/2024\/12\/FES.pdf\"><\/a><a href=\"https:\/\/redepermacultura.ufsc.br\/permabrasuca\/wp-content\/uploads\/sites\/6\/2024\/12\/FED.pdf\"><\/a><a href=\"https:\/\/redepermacultura.ufsc.br\/permabrasuca\/wp-content\/uploads\/sites\/6\/2024\/12\/ATE.pdf\"><\/a><\/p>\n<\/div>\n<\/div>\n<\/div>\n\n\n\n<p class=\"has-small-font-size\">&nbsp;\ud83d\udc46\ud83c\udffcEntenda os <a href=\"https:\/\/redepermacultura.ufsc.br\/permabrasuca\/contextos-fitoecologicos\/\">Contextos fitoecol\u00f3gicos<\/a> onde a t\u00e9cnica \u00e9 adequada <br><\/p>\n\n\n\n<p>Pirambeira produtiva \u00e9 uma tecnologia social que sistematiza a produ\u00e7\u00e3o agroecol\u00f3gica, no contexto de encostas situadas em condi\u00e7\u00f5es de terrenos declivosos e com pouca insola\u00e7\u00e3o, geralmente situadas em regi\u00f5es de serra no sul e sudeste do Brasil.<\/p>\n\n\n\n<p>Essas encostas s\u00e3o geralmente descartadas por agricultores familiares, em virtude das dificuldades de manejo, a n\u00e3o possibilidade de mecaniza\u00e7\u00e3o e a baixa incid\u00eancia de luz solar, que acaba por inibir o crescimento das plantas.<\/p>\n\n\n\n<p>Na maior parte das vezes, a pastagem \u00e9 o uso que passa a ser adotado nesse contexto, por permitir a entrada de luz e, tamb\u00e9m, um manejo menos intenso, equivalente ao de uma Zona 4 na permacultura.<\/p>\n\n\n\n<p>A sistematiza\u00e7\u00e3o da pirambeira produtiva prop\u00f5e a implanta\u00e7\u00e3o de sistemas agroflorestais em n\u00edveis no terreno, acessados por caminhos implantados manualmente, que permitem o manejo de forma ergon\u00f4mica e o adensamento dos plantios com a intensifica\u00e7\u00e3o do manejo, colocando essas \u00e1reas em condi\u00e7\u00e3o de uma Zona 3 no planejamento.<\/p>\n\n\n\n<h2 class=\"wp-block-heading\"><span class=\"ez-toc-section\" id=\"caracteristicas-2\"><\/span>Caracter\u00edsticas<span class=\"ez-toc-section-end\"><\/span><\/h2>\n\n\n\n<p>Abrange a implanta\u00e7\u00e3o de um sistema agroflorestal com o uso do p\u00e9-de-galinha, em terrenos onde a alta declividade n\u00e3o permite a entrada de m\u00e1quinas como tratores ou microcultivadores (tobata). Trata-se de um plantio com corredores e passeios em n\u00edvel, que permite a entrada de luz e facilita o manejo manual.<\/p>\n\n\n\n<h2 class=\"wp-block-heading\"><span class=\"ez-toc-section\" id=\"necessidades-2\"><\/span>Necessidades<span class=\"ez-toc-section-end\"><\/span><\/h2>\n\n\n\n<p>Necessita da implanta\u00e7\u00e3o de passeios em n\u00edvel e de rampas que permitam adentrar o SAF, tanto na parte baixa, quanto na parte alta. Esses passeios internos ao SAF devem proporcionar o acesso por carrinho de m\u00e3o, usado para as mais diferentes fases de implanta\u00e7\u00e3o e manejo.<\/p>\n\n\n\n<p>O plantio de mudas deve mimetizar o <a href=\"https:\/\/redepermacultura.ufsc.br\/permabrasuca\/conceitos-fundamentais\/sucessao-solos\/\">est\u00e1gio sucessional<\/a> natural de cada esp\u00e9cie e estar de acordo com a estratifica\u00e7\u00e3o florestal, adicionando-se a inclina\u00e7\u00e3o do terreno como fator influenciador. Ou seja, plantas de estrato baixo dever\u00e3o estar nas por\u00e7\u00f5es mais inferiores da encosta e vice-versa.<\/p>\n\n\n\n<p>Caso a \u00e1rea esteja conformada com pastagem, haver\u00e1 necessidade de aduba\u00e7\u00e3o com esterco, at\u00e9 que a densifica\u00e7\u00e3o de indiv\u00edduos&nbsp; de pioneiras leguminosas e a diversidade de esp\u00e9cies proporcione a autociclagem de nutrientes.<\/p>\n\n\n\n<p>Caso a \u00e1rea esteja em repouso, pode-se pegar \u201ccarona\u201d nas condi\u00e7\u00f5es de sombra e umidade das plantas que ali se desenvolveram, bem como, aproveitar a biomassa local para conformar leiras em n\u00edvel, que dever\u00e3o ser paralelas aos passeios em n\u00edvel, nas linhas de plantio de mudas.<\/p>\n\n\n\n<h2 class=\"wp-block-heading\"><span class=\"ez-toc-section\" id=\"funcoes-2\"><\/span>Fun\u00e7\u00f5es<span class=\"ez-toc-section-end\"><\/span><\/h2>\n\n\n\n<p>As principais fun\u00e7\u00f5es da Pirambeira produtiva compreendem:<\/p>\n\n\n\n<ul class=\"wp-block-list\">\n<li>Tornar produtivas \u00e1reas com \u201cpouco potencial\u201d para cultivos;<\/li>\n\n\n\n<li>Viabilizar o manejo ecol\u00f3gico dos solos em terrenos declivosos;<\/li>\n\n\n\n<li>Facilitar o manejo n\u00e3o-mecanizado por meio de melhorias na ergonomia e processos;<\/li>\n\n\n\n<li>Agregar qualidade de vida aos agricultores.<\/li>\n<\/ul>\n\n\n\n<h2 class=\"wp-block-heading\"><span class=\"ez-toc-section\" id=\"a_tecnica_em_detalhe-2\"><\/span>A t\u00e9cnica em detalhe<span class=\"ez-toc-section-end\"><\/span><\/h2>\n\n\n\n<p>A pirambeira produtiva \u00e9 um planejamento sistematizado de um&nbsp; <a href=\"https:\/\/youtu.be\/MjftinOqnmM?si=RSTbDsdExoQCEh2b&amp;t=1083\">SAF \u201cde carona\u201d<\/a>, implantado com a ajuda do p\u00e9-de-galinha.<\/p>\n\n\n\n<p>A implanta\u00e7\u00e3o dos passeios em n\u00edvel come\u00e7a pelo reconhecimento visual na encosta, de onde est\u00e1 a curva em n\u00edvel mais longa. Ap\u00f3s, parte-se para a sua materializa\u00e7\u00e3o usando-se o p\u00e9-de-galinha e, como guia, seu n\u00edvel horizontal.<\/p>\n\n\n\n<p>Com estacas ou algum outro marcador, como p\u00f3 de calc\u00e1rio, por exemplo, transp\u00f5e-se o mesmo n\u00edvel para toda extens\u00e3o da curva na encosta. A partir da\u00ed, se inicia a escava\u00e7\u00e3o do passeio com p\u00e1s de corte e enxadas.<\/p>\n\n\n\n<p>Sugere-se que o passeio tenha a largura que permita a circula\u00e7\u00e3o de manejo. No caso da \u00e1rea experimental do NEPerma\/UFSC, onde essa t\u00e9cnica est\u00e1 sendo desenvolvida, ficou estabelecida a largura de um carrinho de m\u00e3o, o que equivale a duas p\u00e1s de corte (~50cm).&nbsp;<\/p>\n\n\n\n<p>A partir desse n\u00edvel materializado, implantam-se os demais n\u00edveis horizontais, distando, no terreno, uns 4 metros um do outro. Essa dist\u00e2ncia permite inserir duas fileiras de culturas e, posteriormente, o manejo de cada fileira pode ser feito usando-se os passeios.<\/p>\n\n\n\n<p>Cada passeio em n\u00edvel conformar\u00e1 um corredor de entrada de luz, que ser\u00e1 definido pelo alcance lateral da ro\u00e7adeira. Para o lado de baixo do passeio esse alcance ser\u00e1 um pouco mais curto do que para o lado de cima. Esse alcance da ro\u00e7adeira definir\u00e1, tamb\u00e9m, o n\u00edvel de plantio das mudas de \u00e1rvores, que ficar\u00e3o um pouco deslocados desse para evitar seu corte acidental.<\/p>\n\n\n<div class=\"wp-block-image\">\n<figure class=\"aligncenter size-large\"><img decoding=\"async\" width=\"700\" height=\"747\" src=\"https:\/\/redepermacultura.ufsc.br\/permabrasuca\/wp-content\/uploads\/sites\/6\/2025\/05\/pirambeira_esquema_pt_BR-700x747.png\" alt=\"\" class=\"wp-image-1317\" srcset=\"https:\/\/redepermacultura.ufsc.br\/permabrasuca\/wp-content\/uploads\/sites\/6\/2025\/05\/pirambeira_esquema_pt_BR-700x747.png 700w, https:\/\/redepermacultura.ufsc.br\/permabrasuca\/wp-content\/uploads\/sites\/6\/2025\/05\/pirambeira_esquema_pt_BR-281x300.png 281w, https:\/\/redepermacultura.ufsc.br\/permabrasuca\/wp-content\/uploads\/sites\/6\/2025\/05\/pirambeira_esquema_pt_BR-768x819.png 768w, https:\/\/redepermacultura.ufsc.br\/permabrasuca\/wp-content\/uploads\/sites\/6\/2025\/05\/pirambeira_esquema_pt_BR.png 1136w\" sizes=\"(max-width: 700px) 100vw, 700px\" \/><figcaption class=\"wp-element-caption\"><em>Esquema de implanta\u00e7\u00e3o da pirambeira produtiva. Ilustra\u00e7\u00e3o: Bruno Urata.<\/em><\/figcaption><\/figure>\n<\/div>\n\n<div class=\"wp-block-image\">\n<figure class=\"aligncenter size-large\"><img decoding=\"async\" width=\"700\" height=\"475\" src=\"https:\/\/redepermacultura.ufsc.br\/permabrasuca\/wp-content\/uploads\/sites\/6\/2025\/05\/saf_carona_sul_conexoes_passeios_linhas.JPG-700x475.png\" alt=\"\" class=\"wp-image-1323\" srcset=\"https:\/\/redepermacultura.ufsc.br\/permabrasuca\/wp-content\/uploads\/sites\/6\/2025\/05\/saf_carona_sul_conexoes_passeios_linhas.JPG-700x475.png 700w, https:\/\/redepermacultura.ufsc.br\/permabrasuca\/wp-content\/uploads\/sites\/6\/2025\/05\/saf_carona_sul_conexoes_passeios_linhas.JPG-300x203.png 300w, https:\/\/redepermacultura.ufsc.br\/permabrasuca\/wp-content\/uploads\/sites\/6\/2025\/05\/saf_carona_sul_conexoes_passeios_linhas.JPG-768x521.png 768w, https:\/\/redepermacultura.ufsc.br\/permabrasuca\/wp-content\/uploads\/sites\/6\/2025\/05\/saf_carona_sul_conexoes_passeios_linhas.JPG.png 814w\" sizes=\"(max-width: 700px) 100vw, 700px\" \/><figcaption class=\"wp-element-caption\"><em>Passeios em n\u00edvel, linhas de plantio e corredores ro\u00e7ados em 2021. Foto: Arthur Nanni.<\/em><\/figcaption><\/figure>\n<\/div>\n\n\n<p>Entre as linhas de plantio de \u00e1rvores, se conformar\u00e1 uma \u201cfaixa de biomassa\u201d, que dever\u00e1 ser ro\u00e7ada com menos regularidade, pois servir\u00e1 de dep\u00f3sito de biomassa das podas, geralmente realizadas nos meses sem \u201cR\u201d no sul do Brasil. Os materiais de poda atuar\u00e3o como uma palhada, retardando o crescimento das de capins espont\u00e2neos e, consequentemente, as ro\u00e7adas.&nbsp;A sua decomposi\u00e7\u00e3o ir\u00e1 fertilizar os solos no m\u00e9dio e longo prazo.<\/p>\n\n\n\n<p>O pr\u00f3ximo passo \u00e9 reconhecer pontos de acesso \u00e0 encosta, que facilitem ao agricultor o ingresso com equipamentos e insumos, que ser\u00e3o usados no manejo. A partir desses acessos, se procede \u00e0 materializa\u00e7\u00e3o das rampas que dar\u00e3o acesso aos passeios em n\u00edvel. <\/p>\n\n\n\n<p>A materializa\u00e7\u00e3o das rampas, parte do reconhecimento de pontos de revers\u00e3o de sentido de deslocamento na encosta. Esses pontos de revers\u00e3o est\u00e3o geralmente associados a microvales na encosta, pois \u00e9 ao longo do talvegue desses microvales que geralmente est\u00e3o as menores declividades,  que facilitar\u00e3o o tr\u00e2nsito com o carrinho de m\u00e3o.<\/p>\n\n\n\n<p>As rampas dever\u00e3o se ajustar ao contexto da declividade, bem como, atender a limites f\u00edsicos da propriedade rural, do sistema produtivo e ainda considerar que seu tra\u00e7ado deva dar acesso facilitado a outros elementos na paisagem.<\/p>\n\n\n\n<p>A implanta\u00e7\u00e3o das rampas segue o mesmo procedimento usado para os passeios em n\u00edvel, mas agora, considerando-se seus planos inclinados. Indica-se a inclina\u00e7\u00e3o de rampa de 10%, que permite o manejo sem exigir muito esfor\u00e7o f\u00edsico do agricultor. <\/p>\n\n\n<div class=\"wp-block-image\">\n<figure class=\"aligncenter size-large\"><img decoding=\"async\" width=\"700\" height=\"986\" src=\"https:\/\/redepermacultura.ufsc.br\/permabrasuca\/wp-content\/uploads\/sites\/6\/2025\/05\/aerea_comparativo-700x986.png\" alt=\"\" class=\"wp-image-1322\" srcset=\"https:\/\/redepermacultura.ufsc.br\/permabrasuca\/wp-content\/uploads\/sites\/6\/2025\/05\/aerea_comparativo-700x986.png 700w, https:\/\/redepermacultura.ufsc.br\/permabrasuca\/wp-content\/uploads\/sites\/6\/2025\/05\/aerea_comparativo-213x300.png 213w, https:\/\/redepermacultura.ufsc.br\/permabrasuca\/wp-content\/uploads\/sites\/6\/2025\/05\/aerea_comparativo-768x1082.png 768w, https:\/\/redepermacultura.ufsc.br\/permabrasuca\/wp-content\/uploads\/sites\/6\/2025\/05\/aerea_comparativo.png 1048w\" sizes=\"(max-width: 700px) 100vw, 700px\" \/><figcaption class=\"wp-element-caption\"><em>Pontos de revers\u00e3o, caminhos e rampas em 2021 (superior) e 2025 (inferior). Ilustra\u00e7\u00e3o e imagem: Arthur Nanni.<\/em><\/figcaption><\/figure>\n<\/div>\n\n<div class=\"wp-block-image\">\n<figure class=\"aligncenter size-large\"><img decoding=\"async\" width=\"700\" height=\"466\" src=\"https:\/\/redepermacultura.ufsc.br\/permabrasuca\/wp-content\/uploads\/sites\/6\/2025\/05\/saf_carona_sul_conexoes_passeios_ed.JPG-700x466.png\" alt=\"\" class=\"wp-image-1321\" srcset=\"https:\/\/redepermacultura.ufsc.br\/permabrasuca\/wp-content\/uploads\/sites\/6\/2025\/05\/saf_carona_sul_conexoes_passeios_ed.JPG-700x466.png 700w, https:\/\/redepermacultura.ufsc.br\/permabrasuca\/wp-content\/uploads\/sites\/6\/2025\/05\/saf_carona_sul_conexoes_passeios_ed.JPG-300x200.png 300w, https:\/\/redepermacultura.ufsc.br\/permabrasuca\/wp-content\/uploads\/sites\/6\/2025\/05\/saf_carona_sul_conexoes_passeios_ed.JPG-768x511.png 768w, https:\/\/redepermacultura.ufsc.br\/permabrasuca\/wp-content\/uploads\/sites\/6\/2025\/05\/saf_carona_sul_conexoes_passeios_ed.JPG.png 814w\" sizes=\"(max-width: 700px) 100vw, 700px\" \/><figcaption class=\"wp-element-caption\"><em>Rampas e passeios em n\u00edvel vistos do ponto de revers\u00e3o oeste em 2021. Foto: Arthur Nanni.<\/em><\/figcaption><\/figure>\n<\/div>\n\n\n<p>Conclu\u00eddos os caminhos, tem-se a implanta\u00e7\u00e3o do SAF com o plantio de leguminosas e bananeiras. Essas esp\u00e9cies ir\u00e3o comandar, junto com as plantas espont\u00e2neas, a produ\u00e7\u00e3o de biomassa nos primeiros anos (2 ou 3). Ap\u00f3s isso, se estabelecer\u00e3o as condi\u00e7\u00f5es de umidade e sombra necess\u00e1rios para a inser\u00e7\u00e3o de outras culturas comerciais desejadas, como c\u00edtricos, palmeiras e outras esp\u00e9cies de interesse econ\u00f4mico, pertencentes ao est\u00e1gio intermedi\u00e1rio da sucess\u00e3o ecol\u00f3gica.<\/p>\n\n\n\n<h3 class=\"wp-block-heading\">Manejo<\/h3>\n\n\n\n<p>A partir desse ponto, as aten\u00e7\u00f5es s\u00e3o voltadas ao manejo das esp\u00e9cies arbustivas e arb\u00f3reas, a observa\u00e7\u00e3o do sistema como um todo, incluindo o manejo da biomassa das bananeiras e leguminosas pioneiras e, as aduba\u00e7\u00f5es iniciais com aporte externo de insumos, tais como calc\u00e1rio, esterco ou biomassa, visando a eleva\u00e7\u00e3o da fertilidade dos solos.<\/p>\n\n\n\n<p>A ro\u00e7ada constante dos passeios \u00e9 um ponto crucial para permitir o ingresso facilitado e com seguran\u00e7a ao SAF. Al\u00e9m disso, essa ro\u00e7ada opera como mantenedora da entrada de luz para as mudas de estrato baixo, que estar\u00e3o na carona das estabelecidas como pioneiras (banana e leguminosas). Isso permitir\u00e1 o crescimento mais r\u00e1pido dessas esp\u00e9cies.<\/p>\n\n\n<div class=\"wp-block-image\">\n<figure class=\"aligncenter\"><img decoding=\"async\" src=\"https:\/\/lh7-rt.googleusercontent.com\/docsz\/AD_4nXeQCMrJ0W3aZvxzGMCI8dJk3zn8Qdnleajvy_GG0lJOOCJQ4h-EDwjXthg2i2FWXrv9U5VrhJNAHWF7zj8mj59A2ajnZ34HNqIFMWtob1jM3kmC5lSODvaIm5hZL0w-_bZeSTXb?key=NetnY1JOcJf7dWun4jZw7cHa\" alt=\"\"\/><\/figure>\n<\/div>\n\n\n<p><em>Compara\u00e7\u00e3o entre porte e adensamento de vegeta\u00e7\u00e3o entre 2019 e 2025. O adensamento com mudas de bananeiras e ing\u00e1 feij\u00e3o foi realizado em 2022. Foto: Arthur nanni.<\/em><\/p>\n\n\n\n<p>O manejo dever\u00e1 incluir, com o tempo, a manuten\u00e7\u00e3o dos passeios, pois seu uso exigir\u00e1 que sejam feitas corre\u00e7\u00f5es, buscando manter e facilitar a circula\u00e7\u00e3o no sistema produtivo.<\/p>\n\n\n\n<h2 class=\"wp-block-heading\"><span class=\"ez-toc-section\" id=\"verificacao_de_aplicacao-2\"><\/span>Verifica\u00e7\u00e3o de aplica\u00e7\u00e3o<span class=\"ez-toc-section-end\"><\/span><\/h2>\n\n\n\n<p>Essa t\u00e9cnica foi verificada no <a href=\"https:\/\/sitioigatu.wordpress.com\/\">S\u00edtio Igatu<\/a>, no munic\u00edpio de S\u00e3o Pedro de Alc\u00e2ntara\/SC. O s\u00edtio \u00e9 a \u00e1rea experimental do N\u00facleo de Estudos em Permacultura da UFSC.<\/p>\n\n\n\n<p>A t\u00e9cnica foi reconhecida como tecnologia social em 2024 pela Funda\u00e7\u00e3o Banco do Brasil e est\u00e1 catalogada na plataforma da <a href=\"https:\/\/transforma.fbb.org.br\/tecnologia-social\/pirambeira-produtiva-2\">Rede Transforma, de tecnologias sociais<\/a>.<\/p>\n\n\n\n<h2 class=\"wp-block-heading\"><span class=\"ez-toc-section\" id=\"bibliografia-2\"><\/span>Bibliografia<span class=\"ez-toc-section-end\"><\/span><\/h2>\n\n\n\n<p>Miccolis, A., Peneireiro, F. M., Marques, H. R., Vieira, D. L. M., Arco-Verde, M. F., Hoffmann, M. R., Rehder, T., &amp; Pereira, A. V. B. (2016). Restaura\u00e7\u00e3o Ecol\u00f3gica com Sistemas Agroflorestais: Como conciliar conserva\u00e7\u00e3o com produ\u00e7\u00e3o. Op\u00e7\u00f5es para Cerrado e Caatinga. Instituto Sociedade, Popula\u00e7\u00e3o e Natureza \u2013 ISPN\/Centro Internacional de Pesquisa Agorflorestal \u2013 ICRAF. <a href=\"http:\/\/quintalflorestal.com.br\/wp-content\/uploads\/2018\/02\/restauracao_ecologica.pdf\">http:\/\/quintalflorestal.com.br\/wp-content\/uploads\/2018\/02\/restauracao_ecologica.pdf<\/a>&nbsp;<\/p>\n","protected":false},"excerpt":{"rendered":"<p>Atualizado em Arthur Nanni Meandros e as culturas vegetais Uma boa leitura da paisagem \u00e9 crucial para o sucesso nos plantios e colheitas. Entender as voca\u00e7\u00f5es de determinado nicho da paisagem \u00e9 crucial para um bom planejamento. Rios meandrantes ocorrem em todas as regi\u00f5es brasileiras nas por\u00e7\u00f5es dos m\u00e9dios cursos dos rios. Os diferentes contextos [&hellip;]<\/p>\n","protected":false},"author":1,"featured_media":0,"parent":39,"menu_order":2,"comment_status":"closed","ping_status":"closed","template":"","meta":{"footnotes":""},"coauthors":[2],"class_list":["post-263","page","type-page","status-publish","hentry"],"_links":{"self":[{"href":"https:\/\/redepermacultura.ufsc.br\/permabrasuca\/wp-json\/wp\/v2\/pages\/263","targetHints":{"allow":["GET"]}}],"collection":[{"href":"https:\/\/redepermacultura.ufsc.br\/permabrasuca\/wp-json\/wp\/v2\/pages"}],"about":[{"href":"https:\/\/redepermacultura.ufsc.br\/permabrasuca\/wp-json\/wp\/v2\/types\/page"}],"author":[{"embeddable":true,"href":"https:\/\/redepermacultura.ufsc.br\/permabrasuca\/wp-json\/wp\/v2\/users\/1"}],"replies":[{"embeddable":true,"href":"https:\/\/redepermacultura.ufsc.br\/permabrasuca\/wp-json\/wp\/v2\/comments?post=263"}],"version-history":[{"count":27,"href":"https:\/\/redepermacultura.ufsc.br\/permabrasuca\/wp-json\/wp\/v2\/pages\/263\/revisions"}],"predecessor-version":[{"id":2419,"href":"https:\/\/redepermacultura.ufsc.br\/permabrasuca\/wp-json\/wp\/v2\/pages\/263\/revisions\/2419"}],"up":[{"embeddable":true,"href":"https:\/\/redepermacultura.ufsc.br\/permabrasuca\/wp-json\/wp\/v2\/pages\/39"}],"wp:attachment":[{"href":"https:\/\/redepermacultura.ufsc.br\/permabrasuca\/wp-json\/wp\/v2\/media?parent=263"}],"wp:term":[{"taxonomy":"author","embeddable":true,"href":"https:\/\/redepermacultura.ufsc.br\/permabrasuca\/wp-json\/wp\/v2\/coauthors?post=263"}],"curies":[{"name":"wp","href":"https:\/\/api.w.org\/{rel}","templated":true}]}}