{"id":261,"date":"2025-03-10T10:29:10","date_gmt":"2025-03-10T13:29:10","guid":{"rendered":"http:\/\/redepermacultura.ufsc.br\/permaculturabrasileira\/?page_id=261"},"modified":"2026-01-28T11:55:05","modified_gmt":"2026-01-28T14:55:05","slug":"uso-manejo-e-conservacao-do-solo","status":"publish","type":"page","link":"https:\/\/redepermacultura.ufsc.br\/permabrasuca\/uso-manejo-e-conservacao-do-solo\/","title":{"rendered":"Solo vivo"},"content":{"rendered":"<div id=\"ez-toc-container\" class=\"ez-toc-v2_0_82_2 ez-toc-wrap-left counter-hierarchy ez-toc-counter ez-toc-transparent ez-toc-container-direction\">\n<label for=\"ez-toc-cssicon-toggle-item-69f212db4442f\" class=\"ez-toc-cssicon-toggle-label\"><p class=\"ez-toc-title\" style=\"cursor:inherit\">Veja aqui<\/p>\n<span class=\"ez-toc-cssicon\"><span class=\"eztoc-hide\" style=\"display:none;\">Toggle<\/span><span class=\"ez-toc-icon-toggle-span\"><svg style=\"fill: #999;color:#999\" xmlns=\"http:\/\/www.w3.org\/2000\/svg\" class=\"list-377408\" width=\"20px\" height=\"20px\" viewBox=\"0 0 24 24\" fill=\"none\"><path d=\"M6 6H4v2h2V6zm14 0H8v2h12V6zM4 11h2v2H4v-2zm16 0H8v2h12v-2zM4 16h2v2H4v-2zm16 0H8v2h12v-2z\" fill=\"currentColor\"><\/path><\/svg><svg style=\"fill: #999;color:#999\" class=\"arrow-unsorted-368013\" xmlns=\"http:\/\/www.w3.org\/2000\/svg\" width=\"10px\" height=\"10px\" viewBox=\"0 0 24 24\" version=\"1.2\" baseProfile=\"tiny\"><path d=\"M18.2 9.3l-6.2-6.3-6.2 6.3c-.2.2-.3.4-.3.7s.1.5.3.7c.2.2.4.3.7.3h11c.3 0 .5-.1.7-.3.2-.2.3-.5.3-.7s-.1-.5-.3-.7zM5.8 14.7l6.2 6.3 6.2-6.3c.2-.2.3-.5.3-.7s-.1-.5-.3-.7c-.2-.2-.4-.3-.7-.3h-11c-.3 0-.5.1-.7.3-.2.2-.3.5-.3.7s.1.5.3.7z\"\/><\/svg><\/span><\/span><\/label><input type=\"checkbox\"  id=\"ez-toc-cssicon-toggle-item-69f212db4442f\" checked \/><nav><ul class='ez-toc-list ez-toc-list-level-1 ' ><li class='ez-toc-page-1 ez-toc-heading-level-1'><a class=\"ez-toc-link ez-toc-heading-1\" href=\"https:\/\/redepermacultura.ufsc.br\/permabrasuca\/uso-manejo-e-conservacao-do-solo\/#regenerar_solos_no_semiarido\" >Regenerar solos no semi\u00e1rido<\/a><ul class='ez-toc-list-level-2' ><li class='ez-toc-heading-level-2'><a class=\"ez-toc-link ez-toc-heading-2\" href=\"https:\/\/redepermacultura.ufsc.br\/permabrasuca\/uso-manejo-e-conservacao-do-solo\/#caracteristicas\" >Caracter\u00edsticas<\/a><\/li><li class='ez-toc-page-1 ez-toc-heading-level-2'><a class=\"ez-toc-link ez-toc-heading-3\" href=\"https:\/\/redepermacultura.ufsc.br\/permabrasuca\/uso-manejo-e-conservacao-do-solo\/#necessidades\" >Necessidades<\/a><\/li><li class='ez-toc-page-1 ez-toc-heading-level-2'><a class=\"ez-toc-link ez-toc-heading-4\" href=\"https:\/\/redepermacultura.ufsc.br\/permabrasuca\/uso-manejo-e-conservacao-do-solo\/#funcoes\" >Fun\u00e7\u00f5es<\/a><\/li><li class='ez-toc-page-1 ez-toc-heading-level-2'><a class=\"ez-toc-link ez-toc-heading-5\" href=\"https:\/\/redepermacultura.ufsc.br\/permabrasuca\/uso-manejo-e-conservacao-do-solo\/#a_tecnica_em_detalhe\" >A t\u00e9cnica em detalhe<\/a><\/li><li class='ez-toc-page-1 ez-toc-heading-level-2'><a class=\"ez-toc-link ez-toc-heading-6\" href=\"https:\/\/redepermacultura.ufsc.br\/permabrasuca\/uso-manejo-e-conservacao-do-solo\/#verificacao_de_aplicacao\" >Verifica\u00e7\u00e3o de aplica\u00e7\u00e3o<\/a><\/li><li class='ez-toc-page-1 ez-toc-heading-level-2'><a class=\"ez-toc-link ez-toc-heading-7\" href=\"https:\/\/redepermacultura.ufsc.br\/permabrasuca\/uso-manejo-e-conservacao-do-solo\/#referencias_de_suporte\" >Refer\u00eancias de suporte<\/a><\/li><\/ul><\/li><\/ul><\/nav><\/div>\n\n<div class=\"wp-block-group is-nowrap is-layout-flex wp-container-core-group-is-layout-ad2f72ca wp-block-group-is-layout-flex\">\n<div class=\"wp-block-group is-nowrap is-layout-flex wp-container-core-group-is-layout-ad2f72ca wp-block-group-is-layout-flex\">\n<p class=\"has-small-font-size\">Atualizado em<\/p>\n\n\n<div class=\"wp-block-post-date__modified-date wp-block-post-date has-small-font-size\"><time datetime=\"2026-01-28T11:55:05-03:00\">28 de janeiro de 2026.<\/time><\/div><\/div>\n<\/div>\n\n\n\n<p class=\"has-text-align-left\">Processos de regenera\u00e7\u00e3o dos solos envolvem um manejo ecol\u00f3gico constante com diversidade de esp\u00e9cies, tanto animal, quanto vegetal, perfazendo uma verdadeira m\u00edmica de processos naturais com a aplica\u00e7\u00e3o do princ\u00edpio de valorizar a diversidade e captar e armazenar energias.<\/p>\n\n\n\n<p>T\u00e9cnicas de manuten\u00e7\u00e3o da vida em solos:<\/p>\n\n\n\n<ul class=\"wp-block-list\">\n<li>Regenerar solos no semi\u00e1rido<\/li>\n<\/ul>\n\n\n\n<h1 class=\"wp-block-heading\" id=\"regenerar-solos\"><span class=\"ez-toc-section\" id=\"regenerar_solos_no_semiarido\"><\/span><strong>Regenerar solos no semi\u00e1rido<\/strong><span class=\"ez-toc-section-end\"><\/span><\/h1>\n\n\n\n<p><em>Marcelo Venturi<br>Arthur Nanni<\/em><\/p>\n\n\n\n<p class=\"has-small-font-size\"><a href=\"https:\/\/redepermacultura.ufsc.br\/permabrasuca\/wp-content\/uploads\/sites\/6\/2024\/12\/SAV.pdf\"><img decoding=\"async\" width=\"40\" height=\"20\" class=\"alignnone wp-image-500 size-full\" src=\"http:\/\/redepermacultura.ufsc.br\/permaculturabrasileira\/wp-content\/uploads\/sites\/6\/2022\/09\/sav.png\" alt=\"\"><\/a> <a href=\"https:\/\/redepermacultura.ufsc.br\/permabrasuca\/wp-content\/uploads\/sites\/6\/2024\/12\/SES.pdf\"><img decoding=\"async\" width=\"40\" height=\"20\" class=\"alignnone wp-image-499 size-full\" src=\"http:\/\/redepermacultura.ufsc.br\/permaculturabrasileira\/wp-content\/uploads\/sites\/6\/2022\/09\/ses.png\" alt=\"\"><\/a> <a href=\"https:\/\/redepermacultura.ufsc.br\/permabrasuca\/wp-content\/uploads\/sites\/6\/2024\/12\/ATE.pdf\"><img decoding=\"async\" width=\"40\" height=\"20\" class=\"alignnone wp-image-497 size-full\" src=\"http:\/\/redepermacultura.ufsc.br\/permaculturabrasileira\/wp-content\/uploads\/sites\/6\/2022\/09\/ate.png\" alt=\"\"><\/a> &nbsp;<br>&nbsp;\ud83d\udc46\ud83c\udffcEntenda os <a href=\"https:\/\/redepermacultura.ufsc.br\/permabrasuca\/contextos-fitoecologicos\/\">Contextos fitoecol\u00f3gicos<\/a> onde a t\u00e9cnica \u00e9 adequada <br><\/p>\n\n\n\n<p>A ideia do princ\u00edpio \u201cCapte e armazena energia\u201d originalmente pensada para as condi\u00e7\u00f5es de clima subtropical e temperado da Austr\u00e1lia, traz em seu prov\u00e9rbio \u201cproduza feno enquanto faz sol\u201d.<\/p>\n\n\n\n<p>Essa ideia de que devemos aproveitar os per\u00edodos do ano em que h\u00e1 fartura de \u00e1guas (chuvas) e sol para realizar a fotoss\u00edntese e, com isso, gerar muita biomassa que ficar\u00e1 armazenada e dispon\u00edvel para consumo no per\u00edodo de estiagem. <\/p>\n\n\n\n<p>A mesma l\u00f3gica vale tamb\u00e9m para a regi\u00e3o do semi\u00e1rido brasileiro. Pois apesar de contar com boa insola\u00e7\u00e3o o ano todo para realiza\u00e7\u00e3o da fotoss\u00edntese, carece de \u00e1guas para o crescimento das plantas na maior parte do tempo, restando apenas uma janela de poucos meses de chuvas para que tudo possa acontecer.<\/p>\n\n\n\n<p>Assim, apesar de n\u00e3o se produzir feno de trigo ou alfafa nessa regi\u00e3o, o manejo em movimento de animais herb\u00edvoros no semi\u00e1rido, para recuperar a fertilidade de solos, mostra a import\u00e2ncia desse elemento m\u00f3vel na paisagem desse contexto, pois faz uma m\u00edmica da natureza no que tange a regenera\u00e7\u00e3o de pastagens por onde circulam os animais.<\/p>\n\n\n\n<h2 class=\"wp-block-heading\"><span class=\"ez-toc-section\" id=\"caracteristicas\"><\/span>Caracter\u00edsticas<span class=\"ez-toc-section-end\"><\/span><\/h2>\n\n\n\n<p>Um elemento animal consorciado com plantas utilizado em um contexto de d\u00e9ficit h\u00eddrico, fruto de longos per\u00edodos de estiagem com ventos persistentes, aliado a um curto tempo de rebrote das pastagens, normalmente aplicado entre as zonas 3 e 4 do planejamento.<\/p>\n\n\n\n<h2 class=\"wp-block-heading\"><span class=\"ez-toc-section\" id=\"necessidades\"><\/span>Necessidades<span class=\"ez-toc-section-end\"><\/span><\/h2>\n\n\n\n<p>Esta t\u00e9cnica necessita que ocorra o fechamento de ciclo germinativo das plantas por meio da quebra de dorm\u00eancia de sementes para haver a renova\u00e7\u00e3o das pastagens. Necessita, tamb\u00e9m, da diminui\u00e7\u00e3o dos ventos para evitar a desidrata\u00e7\u00e3o severa e da presen\u00e7a de sombras para o bem-estar animal e manuten\u00e7\u00e3o da umidade na paisagem.<\/p>\n\n\n\n<p>Para in\u00edcio do sistema \u00e9 necess\u00e1rio plantar gram\u00edneas (capins) comest\u00edveis pelos animais, \u00e1rvores para sombras dos animais e cuidar das existentes, e implantar barreiras de vento, cruciais para evitar a desidrata\u00e7\u00e3o do ambiente.<\/p>\n\n\n\n<p>Para manuten\u00e7\u00e3o deste sistema \u00e9 necess\u00e1rio manter a din\u00e2mica de rota\u00e7\u00e3o dos animais em piquetes, garantindo que s\u00f3 retornem ao mesmo depois da vegeta\u00e7\u00e3o ter se regenerado colocando-os sempre no piquete que estiver com a melhor vegeta\u00e7\u00e3o. Certificar-se diariamente da disponibilidade de \u00e1gua para os animais, revisar semanalmente as condi\u00e7\u00f5es de cercas e porteiras, observar o estado de sa\u00fade dos animais e outras quest\u00f5es que julgar necess\u00e1rias.<\/p>\n\n\n\n<h2 class=\"wp-block-heading\"><span class=\"ez-toc-section\" id=\"funcoes\"><\/span>Fun\u00e7\u00f5es<span class=\"ez-toc-section-end\"><\/span><\/h2>\n\n\n\n<ul class=\"wp-block-list\">\n<li>Incremento de mat\u00e9ria org\u00e2nica e cria\u00e7\u00e3o de solo;<\/li>\n\n\n\n<li>Completar ciclos;<\/li>\n\n\n\n<li>Alimento: carne e\/ou leite e outros subprodutos animais;<\/li>\n\n\n\n<li>Estrutura\u00e7\u00e3o de condi\u00e7\u00f5es para multiplica\u00e7\u00e3o de macro e microbiota;<\/li>\n\n\n\n<li>Dispers\u00e3o de sementes;<\/li>\n\n\n\n<li>Redu\u00e7\u00e3o de pat\u00f3genos nos animais devido ao tempo de rota\u00e7\u00e3o.<\/li>\n<\/ul>\n\n\n\n<h2 class=\"wp-block-heading\"><span class=\"ez-toc-section\" id=\"a_tecnica_em_detalhe\"><\/span>A t\u00e9cnica em detalhe<span class=\"ez-toc-section-end\"><\/span><\/h2>\n\n\n\n<p>A t\u00e9cnica de regenera\u00e7\u00e3o de solos no semi\u00e1rido segue a regra de manejo integrado da paisagem, amplamente utilizado na permacultura. Assim, nas palavras da permacultora Marsha Hanzi, temos o casamento de tr\u00eas estrat\u00e9gias simples: o manejo dos capins\/pastagens, a inser\u00e7\u00e3o de \u00e1rvores e a quebra de velocidade dos ventos.<\/p>\n\n\n\n<p>O manejo das pastagens \u00e9 realizado por meio do pastoreio migrat\u00f3rio ou rotativo ou [racional] &#8211; em movimento &#8211; de animais como bovinos e cabras, o que permite enriquecer o banco de sementes nos solos e favorece a renova\u00e7\u00e3o das gram\u00edneas dentro do ciclo das \u00e1guas no semi\u00e1rido. O enriquecimento das pastagens conta com a diversifica\u00e7\u00e3o das esp\u00e9cies consorciadas, como, por exemplo, a palma-forrageira (<em><a href=\"https:\/\/pt.wikipedia.org\/wiki\/Opuntia_cochenillifera\" target=\"_blank\" rel=\"noreferrer noopener\">Opuntia sp<\/a><\/em>.), feij\u00e3o-de-corda (ou feij\u00e3o-caupi, <a href=\"https:\/\/pt.wikipedia.org\/wiki\/Vigna_unguiculata\" target=\"_blank\" rel=\"noreferrer noopener\"><em>Vigna unguiculata<\/em><\/a>), a babosa (<em><a href=\"https:\/\/pt.wikipedia.org\/wiki\/Aloe_vera\" target=\"_blank\" rel=\"noreferrer noopener\">Aloe sp<\/a><\/em>.), o sisal (<em><a href=\"https:\/\/pt.wikipedia.org\/wiki\/Sisal\" target=\"_blank\" rel=\"noreferrer noopener\">Agave sisalana<\/a><\/em>),  milhos crioulos, outras gram\u00edneas al\u00e9m das esp\u00e9cies espont\u00e2neas nativas do local.<\/p>\n\n\n<div class=\"wp-block-image\">\n<figure class=\"aligncenter size-large\"><img decoding=\"async\" width=\"700\" height=\"525\" src=\"https:\/\/redepermacultura.ufsc.br\/permabrasuca\/wp-content\/uploads\/sites\/6\/2025\/03\/cabras-700x525.jpg\" alt=\"\" class=\"wp-image-1031\" srcset=\"https:\/\/redepermacultura.ufsc.br\/permabrasuca\/wp-content\/uploads\/sites\/6\/2025\/03\/cabras-700x525.jpg 700w, https:\/\/redepermacultura.ufsc.br\/permabrasuca\/wp-content\/uploads\/sites\/6\/2025\/03\/cabras-300x225.jpg 300w, https:\/\/redepermacultura.ufsc.br\/permabrasuca\/wp-content\/uploads\/sites\/6\/2025\/03\/cabras-768x576.jpg 768w, https:\/\/redepermacultura.ufsc.br\/permabrasuca\/wp-content\/uploads\/sites\/6\/2025\/03\/cabras.jpg 1200w\" sizes=\"(max-width: 700px) 100vw, 700px\" \/><figcaption class=\"wp-element-caption\"><em>Caprinos alimentando-se das \u00e1rvores em Jardins Mariz\u00e1. Foto de Marsha Hanzi.<\/em><\/figcaption><\/figure>\n<\/div>\n\n<div class=\"wp-block-image\">\n<figure class=\"aligncenter size-large\"><img decoding=\"async\" width=\"700\" height=\"525\" src=\"https:\/\/redepermacultura.ufsc.br\/permabrasuca\/wp-content\/uploads\/sites\/6\/2025\/03\/gado-700x525.jpg\" alt=\"\" class=\"wp-image-1032\" srcset=\"https:\/\/redepermacultura.ufsc.br\/permabrasuca\/wp-content\/uploads\/sites\/6\/2025\/03\/gado-700x525.jpg 700w, https:\/\/redepermacultura.ufsc.br\/permabrasuca\/wp-content\/uploads\/sites\/6\/2025\/03\/gado-300x225.jpg 300w, https:\/\/redepermacultura.ufsc.br\/permabrasuca\/wp-content\/uploads\/sites\/6\/2025\/03\/gado-768x576.jpg 768w, https:\/\/redepermacultura.ufsc.br\/permabrasuca\/wp-content\/uploads\/sites\/6\/2025\/03\/gado.jpg 1200w\" sizes=\"(max-width: 700px) 100vw, 700px\" \/><figcaption class=\"wp-element-caption\"><em>Gado em pastagem biodiversa nos Jardins Mariz\u00e1. Foto de Marsha Hanzi.<\/em><\/figcaption><\/figure>\n<\/div>\n\n\n<p>\u00c9 importante manter a movimenta\u00e7\u00e3o dos animais muito bem ajustada no espa\u00e7o, no intuito de evitar que haja pastoreio excessivo que possam comprometer \u00e1reas de rebrote fresco, pois a partir de dois a quatro dias os rebrotes das plantas come\u00e7am a surgir e os animais tendem a preferir comer estes rebrotes em vez das folhas maduras, e isso enfraquecer\u00e1 a vegeta\u00e7\u00e3o.<\/p>\n\n\n\n<p>Ao se movimentarem de forma racional, alternando os locais de pastoreio e permitindo o descanso dos locais rec\u00e9m pastoreados, os animais deixam uma maior concentra\u00e7\u00e3o de esterco em cada local. Essa concentra\u00e7\u00e3o \u00e9 o que favorece a biocenose do solo, ou seja, a recupera\u00e7\u00e3o da vida.<\/p>\n\n\n\n<p>Se os animais ficassem espalhados em uma \u00e1rea maior esse esterco tamb\u00e9m ficaria espalhado, o que atrapalharia o trabalho de fungos, minhocas, insetos e outros decompositores. Assim a \u201ccompostagem\u201d desse material ocorre de forma mais uniforme.<\/p>\n\n\n\n<p>Por outro lado, tamb\u00e9m ao demorarem um tempo para voltarem a pastorear no mesmo local, os parasitas desses animais, que deixam ovos e larvas nas plantas e solos, n\u00e3o conseguem fechar seu ciclo de vida pela aus\u00eancia do animal por perto. Isso melhora a sanidade dos animais. Esse tempo de descanso tamb\u00e9m deve favorecer a regenera\u00e7\u00e3o das plantas que servir\u00e3o de alimento futuramente a esses animais.<\/p>\n\n\n\n<p>A inser\u00e7\u00e3o de \u00e1rvores \u00e9 pensada priorizando esp\u00e9cies silvestres daquele bioma, por apresentarem maiores chances de prosperarem e ultrapassarem ciclos de baixa energia h\u00eddrica. H\u00e1 tamb\u00e9m a aposta em outras esp\u00e9cies ex\u00f3ticas de crescimento r\u00e1pido como a <a href=\"https:\/\/portais.univasf.edu.br\/videos\/tv-caatinga\/viva-caatinga-algaroba\">algarobeira<\/a> (<a href=\"https:\/\/pt.wikipedia.org\/wiki\/Prosopis_juliflora\"><em>Prosopis juliflora<\/em><\/a>), uma esp\u00e9cie arb\u00f3rea ex\u00f3tica, leguminosa e pioneira, que se adapta muito bem aos per\u00edodos secos, proporcionando al\u00e9m de sombra, alimento para os herb\u00edvoros. <\/p>\n\n\n\n<p>E aqui vale uma ressalva, a inser\u00e7\u00e3o e manejo de \u00e1rvores ex\u00f3ticas deve contemplar \u00e1reas pequenas, que permitam ao permacultor, manter sua popula\u00e7\u00e3o controlada na condi\u00e7\u00e3o de bomba de \u00e1gua, nutrientes e biomassa apenas, evitando a dissemina\u00e7\u00e3o natural dessas esp\u00e9cies para fora da \u00e1rea cultivada.<\/p>\n\n\n\n<p>Os [quebra-ventos] s\u00e3o largamente difundidos pela permacultura de base australiana. Sua presen\u00e7a nos espa\u00e7os planejados desenvolvidos no contexto do semi\u00e1rido, \u00e9 fundamental para amenizar os efeitos do d\u00e9ficit h\u00eddrico e manter hidratadas por mais tempo as paisagens.<\/p>\n\n\n<div class=\"wp-block-image\">\n<figure class=\"aligncenter size-large\"><img decoding=\"async\" width=\"700\" height=\"394\" src=\"https:\/\/redepermacultura.ufsc.br\/permabrasuca\/wp-content\/uploads\/sites\/6\/2025\/03\/aerea1-700x394.jpg\" alt=\"\" class=\"wp-image-1030\" srcset=\"https:\/\/redepermacultura.ufsc.br\/permabrasuca\/wp-content\/uploads\/sites\/6\/2025\/03\/aerea1-700x394.jpg 700w, https:\/\/redepermacultura.ufsc.br\/permabrasuca\/wp-content\/uploads\/sites\/6\/2025\/03\/aerea1-300x169.jpg 300w, https:\/\/redepermacultura.ufsc.br\/permabrasuca\/wp-content\/uploads\/sites\/6\/2025\/03\/aerea1-768x432.jpg 768w, https:\/\/redepermacultura.ufsc.br\/permabrasuca\/wp-content\/uploads\/sites\/6\/2025\/03\/aerea1.jpg 1200w\" sizes=\"(max-width: 700px) 100vw, 700px\" \/><figcaption class=\"wp-element-caption\"><em>Jardins Mariz\u00e1 em setembro de 2024 em plena \u00e9poca de estiagem. Foto de Arthur Nanni.<\/em><\/figcaption><\/figure>\n<\/div>\n\n<div class=\"wp-block-image\">\n<figure class=\"aligncenter size-large is-resized\"><img decoding=\"async\" width=\"700\" height=\"394\" src=\"https:\/\/redepermacultura.ufsc.br\/permabrasuca\/wp-content\/uploads\/sites\/6\/2025\/03\/aerea-700x394.jpg\" alt=\"\" class=\"wp-image-1029\" style=\"width:708px;height:auto\" srcset=\"https:\/\/redepermacultura.ufsc.br\/permabrasuca\/wp-content\/uploads\/sites\/6\/2025\/03\/aerea-700x394.jpg 700w, https:\/\/redepermacultura.ufsc.br\/permabrasuca\/wp-content\/uploads\/sites\/6\/2025\/03\/aerea-300x169.jpg 300w, https:\/\/redepermacultura.ufsc.br\/permabrasuca\/wp-content\/uploads\/sites\/6\/2025\/03\/aerea-768x432.jpg 768w, https:\/\/redepermacultura.ufsc.br\/permabrasuca\/wp-content\/uploads\/sites\/6\/2025\/03\/aerea-1536x864.jpg 1536w, https:\/\/redepermacultura.ufsc.br\/permabrasuca\/wp-content\/uploads\/sites\/6\/2025\/03\/aerea.jpg 1600w\" sizes=\"(max-width: 700px) 100vw, 700px\" \/><figcaption class=\"wp-element-caption\"><em>N\u00edtida compara\u00e7\u00e3o com os vizinhos da energia da biomassa incorporada pelos anos de manejo. Jardins Mariz\u00e1 ao centro limitado por acessos em cor clara. Foto de Arthur Nanni.<\/em><\/figcaption><\/figure>\n<\/div>\n\n\n<p>No v\u00eddeo <a href=\"https:\/\/www.youtube.com\/embed\/2TBOE3EpIeY?si=Yq2kONJTkKdWvjQi\">Revertendo a desertifica\u00e7\u00e3o<\/a> a pr\u00f3pria Marsha explica o processo de regenera\u00e7\u00e3o de solos.<\/p>\n\n\n\n<p><\/p>\n\n\n\n<h2 class=\"wp-block-heading\"><span class=\"ez-toc-section\" id=\"verificacao_de_aplicacao\"><\/span>Verifica\u00e7\u00e3o de aplica\u00e7\u00e3o<span class=\"ez-toc-section-end\"><\/span><\/h2>\n\n\n\n<p>A t\u00e9cnica casada de pastoreio racional que envolve cons\u00f3rcios de animais, \u00e1rvores e quebra-ventos para a regenera\u00e7\u00e3o de solos degradados e a revers\u00e3o dos processos de desertifica\u00e7\u00e3o, foi verificada em setembro de 2024 e est\u00e1 sendo desenvolvidos h\u00e1 mais de 15 anos nos <a href=\"https:\/\/linklist.bio\/jardinsmariza?fbclid=PAZXh0bgNhZW0CMTEAAabJnIrhIIPHh2e_kISSbDC06O2vUU7HZSLLFLpoK27-fXmsN6x5O0J5uIY_aem_ypc-a_0vNj3dSjn9Nsjh6A\">Jardins Mariz\u00e1<\/a> em Tucano\/BA, pelas s\u00e1bias observa\u00e7\u00f5es da permacultora Marsha Hanzi e seu parceiro de experimenta\u00e7\u00e3o Lu\u00eds Carlos Miranda.<\/p>\n\n\n\n<h2 class=\"wp-block-heading\"><span class=\"ez-toc-section\" id=\"referencias_de_suporte\"><\/span>Refer\u00eancias de suporte<span class=\"ez-toc-section-end\"><\/span><\/h2>\n\n\n\n<p>Savory, A. (2013). Como recuperar os desertos e reverter as mudan\u00e7as clim\u00e1ticas. <a href=\"https:\/\/www.ted.com\/talks\/allan_savory_how_to_fight_desertification_and_reverse_climate_change?utm_campaign=tedspread&amp;utm_medium=referral&amp;utm_source=tedcomshare\">https:\/\/www.ted.com\/talks\/allan_savory_how_to_fight_desertification_and_reverse_climate_change?utm_campaign=tedspread&amp;utm_medium=referral&amp;utm_source=tedcomshare<\/a><\/p>\n\n\n\n<div class=\"wp-block-group is-nowrap is-layout-flex wp-container-core-group-is-layout-ad2f72ca wp-block-group-is-layout-flex\"><\/div>\n","protected":false},"excerpt":{"rendered":"<p>Atualizado em Processos de regenera\u00e7\u00e3o dos solos envolvem um manejo ecol\u00f3gico constante com diversidade de esp\u00e9cies, tanto animal, quanto vegetal, perfazendo uma verdadeira m\u00edmica de processos naturais com a aplica\u00e7\u00e3o do princ\u00edpio de valorizar a diversidade e captar e armazenar energias. T\u00e9cnicas de manuten\u00e7\u00e3o da vida em solos: Regenerar solos no semi\u00e1rido Marcelo VenturiArthur Nanni [&hellip;]<\/p>\n","protected":false},"author":1,"featured_media":0,"parent":0,"menu_order":1,"comment_status":"closed","ping_status":"closed","template":"","meta":{"footnotes":""},"coauthors":[2],"class_list":["post-261","page","type-page","status-publish","hentry"],"_links":{"self":[{"href":"https:\/\/redepermacultura.ufsc.br\/permabrasuca\/wp-json\/wp\/v2\/pages\/261","targetHints":{"allow":["GET"]}}],"collection":[{"href":"https:\/\/redepermacultura.ufsc.br\/permabrasuca\/wp-json\/wp\/v2\/pages"}],"about":[{"href":"https:\/\/redepermacultura.ufsc.br\/permabrasuca\/wp-json\/wp\/v2\/types\/page"}],"author":[{"embeddable":true,"href":"https:\/\/redepermacultura.ufsc.br\/permabrasuca\/wp-json\/wp\/v2\/users\/1"}],"replies":[{"embeddable":true,"href":"https:\/\/redepermacultura.ufsc.br\/permabrasuca\/wp-json\/wp\/v2\/comments?post=261"}],"version-history":[{"count":32,"href":"https:\/\/redepermacultura.ufsc.br\/permabrasuca\/wp-json\/wp\/v2\/pages\/261\/revisions"}],"predecessor-version":[{"id":2293,"href":"https:\/\/redepermacultura.ufsc.br\/permabrasuca\/wp-json\/wp\/v2\/pages\/261\/revisions\/2293"}],"wp:attachment":[{"href":"https:\/\/redepermacultura.ufsc.br\/permabrasuca\/wp-json\/wp\/v2\/media?parent=261"}],"wp:term":[{"taxonomy":"author","embeddable":true,"href":"https:\/\/redepermacultura.ufsc.br\/permabrasuca\/wp-json\/wp\/v2\/coauthors?post=261"}],"curies":[{"name":"wp","href":"https:\/\/api.w.org\/{rel}","templated":true}]}}