{"id":2246,"date":"2026-01-22T16:46:11","date_gmt":"2026-01-22T19:46:11","guid":{"rendered":"https:\/\/redepermacultura.ufsc.br\/permabrasuca\/?page_id=2246"},"modified":"2026-02-07T17:55:55","modified_gmt":"2026-02-07T20:55:55","slug":"por-onde-passamos","status":"publish","type":"page","link":"https:\/\/redepermacultura.ufsc.br\/permabrasuca\/por-onde-passamos\/","title":{"rendered":"Por onde passamos"},"content":{"rendered":"\n<div class=\"wp-block-group is-nowrap is-layout-flex wp-container-core-group-is-layout-ad2f72ca wp-block-group-is-layout-flex\">\n<p class=\"has-small-font-size\">Atualizado em<\/p>\n\n\n<div class=\"wp-block-post-date__modified-date wp-block-post-date has-small-font-size\"><time datetime=\"2026-02-07T17:55:55-03:00\">7 de fevereiro de 2026<\/time><\/div><\/div>\n\n\n\n<p>O reconhecimento das experi\u00eancias em permacultura deu-se por meio de visitas <em>in loco<\/em> iniciadas em agosto de 2022. Desde ent\u00e3o, foram realizadas 96 visitas em v\u00e1rios estados e diferentes contextos fitoecol\u00f3gicos, conforme o mapa de pontos de visita\u00e7\u00e3o a seguir.<\/p>\n\n\n\n<figure class=\"wp-block-image size-large\"><img decoding=\"async\" width=\"700\" height=\"740\" src=\"https:\/\/redepermacultura.ufsc.br\/permabrasuca\/wp-content\/uploads\/sites\/6\/2026\/01\/visitas_inloco-700x740.png\" alt=\"\" class=\"wp-image-2247\" srcset=\"https:\/\/redepermacultura.ufsc.br\/permabrasuca\/wp-content\/uploads\/sites\/6\/2026\/01\/visitas_inloco-700x740.png 700w, https:\/\/redepermacultura.ufsc.br\/permabrasuca\/wp-content\/uploads\/sites\/6\/2026\/01\/visitas_inloco-284x300.png 284w, https:\/\/redepermacultura.ufsc.br\/permabrasuca\/wp-content\/uploads\/sites\/6\/2026\/01\/visitas_inloco-768x812.png 768w, https:\/\/redepermacultura.ufsc.br\/permabrasuca\/wp-content\/uploads\/sites\/6\/2026\/01\/visitas_inloco.png 1086w\" sizes=\"(max-width: 700px) 100vw, 700px\" \/><figcaption class=\"wp-element-caption\"><em><em>Distribui\u00e7\u00e3o das visitas in loco em experi\u00eancias em permacultura<\/em><\/em>.<\/figcaption><\/figure>\n\n\n\n<p>Destas experi\u00eancias, resultaram registros de t\u00e9cnicas e tecnologias sociais com potencial de serem descritas na plataforma de troca de saberes. A equipe de pesquisadores segue desenvolvendo estas descri\u00e7\u00f5es visando trazer mais conte\u00fados \u00e0 plataforma.<\/p>\n","protected":false},"excerpt":{"rendered":"<p>Atualizado em O reconhecimento das experi\u00eancias em permacultura deu-se por meio de visitas in loco iniciadas em agosto de 2022. Desde ent\u00e3o, foram realizadas 96 visitas em v\u00e1rios estados e diferentes contextos fitoecol\u00f3gicos, conforme o mapa de pontos de visita\u00e7\u00e3o a seguir. Destas experi\u00eancias, resultaram registros de t\u00e9cnicas e tecnologias sociais com potencial de serem [&hellip;]<\/p>\n","protected":false},"author":1,"featured_media":0,"parent":0,"menu_order":0,"comment_status":"closed","ping_status":"closed","template":"","meta":{"footnotes":""},"coauthors":[2],"class_list":["post-2246","page","type-page","status-publish","hentry"],"_links":{"self":[{"href":"https:\/\/redepermacultura.ufsc.br\/permabrasuca\/wp-json\/wp\/v2\/pages\/2246","targetHints":{"allow":["GET"]}}],"collection":[{"href":"https:\/\/redepermacultura.ufsc.br\/permabrasuca\/wp-json\/wp\/v2\/pages"}],"about":[{"href":"https:\/\/redepermacultura.ufsc.br\/permabrasuca\/wp-json\/wp\/v2\/types\/page"}],"author":[{"embeddable":true,"href":"https:\/\/redepermacultura.ufsc.br\/permabrasuca\/wp-json\/wp\/v2\/users\/1"}],"replies":[{"embeddable":true,"href":"https:\/\/redepermacultura.ufsc.br\/permabrasuca\/wp-json\/wp\/v2\/comments?post=2246"}],"version-history":[{"count":5,"href":"https:\/\/redepermacultura.ufsc.br\/permabrasuca\/wp-json\/wp\/v2\/pages\/2246\/revisions"}],"predecessor-version":[{"id":2319,"href":"https:\/\/redepermacultura.ufsc.br\/permabrasuca\/wp-json\/wp\/v2\/pages\/2246\/revisions\/2319"}],"wp:attachment":[{"href":"https:\/\/redepermacultura.ufsc.br\/permabrasuca\/wp-json\/wp\/v2\/media?parent=2246"}],"wp:term":[{"taxonomy":"author","embeddable":true,"href":"https:\/\/redepermacultura.ufsc.br\/permabrasuca\/wp-json\/wp\/v2\/coauthors?post=2246"}],"curies":[{"name":"wp","href":"https:\/\/api.w.org\/{rel}","templated":true}]}}