{"id":21,"date":"2021-11-29T12:05:44","date_gmt":"2021-11-29T15:05:44","guid":{"rendered":"http:\/\/redepermacultura.ufsc.br\/permaculturabrasileira\/?page_id=21"},"modified":"2026-04-14T09:46:23","modified_gmt":"2026-04-14T12:46:23","slug":"fluxos-de-energias","status":"publish","type":"page","link":"https:\/\/redepermacultura.ufsc.br\/permabrasuca\/conceitos-fundamentais\/fluxos-de-energias\/","title":{"rendered":"Fluxos e nichos de energias"},"content":{"rendered":"<div id=\"ez-toc-container\" class=\"ez-toc-v2_0_82_2 ez-toc-wrap-left counter-hierarchy ez-toc-counter ez-toc-transparent ez-toc-container-direction\">\n<label for=\"ez-toc-cssicon-toggle-item-69f2da71b1827\" class=\"ez-toc-cssicon-toggle-label\"><p class=\"ez-toc-title\" style=\"cursor:inherit\">Veja aqui<\/p>\n<span class=\"ez-toc-cssicon\"><span class=\"eztoc-hide\" style=\"display:none;\">Toggle<\/span><span class=\"ez-toc-icon-toggle-span\"><svg style=\"fill: #999;color:#999\" xmlns=\"http:\/\/www.w3.org\/2000\/svg\" class=\"list-377408\" width=\"20px\" height=\"20px\" viewBox=\"0 0 24 24\" fill=\"none\"><path d=\"M6 6H4v2h2V6zm14 0H8v2h12V6zM4 11h2v2H4v-2zm16 0H8v2h12v-2zM4 16h2v2H4v-2zm16 0H8v2h12v-2z\" fill=\"currentColor\"><\/path><\/svg><svg style=\"fill: #999;color:#999\" class=\"arrow-unsorted-368013\" xmlns=\"http:\/\/www.w3.org\/2000\/svg\" width=\"10px\" height=\"10px\" viewBox=\"0 0 24 24\" version=\"1.2\" baseProfile=\"tiny\"><path d=\"M18.2 9.3l-6.2-6.3-6.2 6.3c-.2.2-.3.4-.3.7s.1.5.3.7c.2.2.4.3.7.3h11c.3 0 .5-.1.7-.3.2-.2.3-.5.3-.7s-.1-.5-.3-.7zM5.8 14.7l6.2 6.3 6.2-6.3c.2-.2.3-.5.3-.7s-.1-.5-.3-.7c-.2-.2-.4-.3-.7-.3h-11c-.3 0-.5.1-.7.3-.2.2-.3.5-.3.7s.1.5.3.7z\"\/><\/svg><\/span><\/span><\/label><input type=\"checkbox\"  id=\"ez-toc-cssicon-toggle-item-69f2da71b1827\" checked \/><nav><ul class='ez-toc-list ez-toc-list-level-1 ' ><li class='ez-toc-page-1 ez-toc-heading-level-1'><a class=\"ez-toc-link ez-toc-heading-1\" href=\"https:\/\/redepermacultura.ufsc.br\/permabrasuca\/conceitos-fundamentais\/fluxos-de-energias\/#energias_internas\" >Energias internas<\/a><\/li><li class='ez-toc-page-1 ez-toc-heading-level-1'><a class=\"ez-toc-link ez-toc-heading-2\" href=\"https:\/\/redepermacultura.ufsc.br\/permabrasuca\/conceitos-fundamentais\/fluxos-de-energias\/#energias_externas\" >Energias Externas<\/a><\/li><li class='ez-toc-page-1 ez-toc-heading-level-1'><a class=\"ez-toc-link ez-toc-heading-3\" href=\"https:\/\/redepermacultura.ufsc.br\/permabrasuca\/conceitos-fundamentais\/fluxos-de-energias\/#as_perdas_ao_longo_do_fluxo_nas_paisagens\" >As perdas ao longo do fluxo nas paisagens<\/a><\/li><li class='ez-toc-page-1 ez-toc-heading-level-1'><a class=\"ez-toc-link ez-toc-heading-4\" href=\"https:\/\/redepermacultura.ufsc.br\/permabrasuca\/conceitos-fundamentais\/fluxos-de-energias\/#como_aproveitar_fluxos_energeticos\" >Como aproveitar fluxos energ\u00e9ticos?<\/a><ul class='ez-toc-list-level-2' ><li class='ez-toc-heading-level-2'><a class=\"ez-toc-link ez-toc-heading-5\" href=\"https:\/\/redepermacultura.ufsc.br\/permabrasuca\/conceitos-fundamentais\/fluxos-de-energias\/#tecnologias_apropriadas\" >Tecnologias apropriadas<\/a><\/li><\/ul><\/li><\/ul><\/nav><\/div>\n\n<div class=\"wp-block-group is-nowrap is-layout-flex wp-container-core-group-is-layout-ad2f72ca wp-block-group-is-layout-flex\">\n<p class=\"has-small-font-size\">Atualizado em<\/p>\n\n\n\n<p class=\"has-small-font-size\">3 de agosto de 2025<\/p>\n<\/div>\n\n\n\n<p class=\"has-text-align-right\"><em>Arthur Nanni<\/em><\/p>\n\n\n\n<p>O planeta Terra, entendido como uma entidade viva, como prop\u00f5em <a href=\"https:\/\/pt.wikipedia.org\/wiki\/James_Lovelock\">James Lovelock<\/a> e <a href=\"https:\/\/pt.wikipedia.org\/wiki\/Lynn_Margulis\">Lynn Margulis<\/a>, possui muitas semelhan\u00e7as com seres vivos. N\u00f3s, animais humanos, recebemos influ\u00eancia de energias externas do sol, dos ventos, das \u00e1guas e, ao mesmo tempo, possu\u00edmos energias internas, promovidas pelos processos digestivos de convers\u00e3o de energia da biomassa dos alimentos em movimentos.<\/p>\n\n\n\n<p>Assim, na permacultura, consideramos as energias externas e internas que nos afetam diariamente e, buscamos formas de tentar aproveit\u00e1-las em sua forma primordial, buscando seguir as leis da termodin\u00e2mica para conservar energia e evitar perdas de efici\u00eancia por processos de convers\u00e3o, ou melhor, evitamos ao m\u00e1ximo a manifesta\u00e7\u00e3o da entropia.<\/p>\n\n\n\n<ul class=\"wp-block-list\">\n<li>1\u00aa lei &#8211; Conserva\u00e7\u00e3o da Energia &#8211; a energia se transforma de uma forma para outra, n\u00e3o pode ser criada nem destru\u00edda;<\/li>\n\n\n\n<li>2\u00aa lei &#8211; Entropia (em transforma\u00e7\u00e3o) &#8211; a energia maior se transforma em uma energia menor e assim por diante.<\/li>\n<\/ul>\n\n\n\n<figure class=\"wp-block-image size-large\"><img decoding=\"async\" width=\"700\" height=\"467\" src=\"https:\/\/redepermacultura.ufsc.br\/permabrasuca\/wp-content\/uploads\/sites\/6\/2025\/12\/entropia-700x467.png\" alt=\"\" class=\"wp-image-2030\" srcset=\"https:\/\/redepermacultura.ufsc.br\/permabrasuca\/wp-content\/uploads\/sites\/6\/2025\/12\/entropia-700x467.png 700w, https:\/\/redepermacultura.ufsc.br\/permabrasuca\/wp-content\/uploads\/sites\/6\/2025\/12\/entropia-300x200.png 300w, https:\/\/redepermacultura.ufsc.br\/permabrasuca\/wp-content\/uploads\/sites\/6\/2025\/12\/entropia-768x513.png 768w, https:\/\/redepermacultura.ufsc.br\/permabrasuca\/wp-content\/uploads\/sites\/6\/2025\/12\/entropia.png 1200w\" sizes=\"(max-width: 700px) 100vw, 700px\" \/><figcaption class=\"wp-element-caption\"><em>Inc\u00eandio em floresta com sinaliza\u00e7\u00e3o das convers\u00f5es de energia e manifesta\u00e7\u00e3o da entropia na paisagem. Foto de <a href=\"https:\/\/pt.wikipedia.org\/wiki\/Ficheiro:Big_tropical_forest_fire.jpg\">Ramos Keith<\/a> com modifica\u00e7\u00f5es.<\/em><\/figcaption><\/figure>\n\n\n\n<h1 class=\"wp-block-heading\" id=\"energias_internas\"><span class=\"ez-toc-section\" id=\"energias_internas\"><\/span><strong>Energias internas<\/strong><span class=\"ez-toc-section-end\"><\/span><\/h1>\n\n\n\n<p>Inclui as energias n\u00e3o-renov\u00e1veis acumuladas no planeta em estoques com taxas de recomposi\u00e7\u00e3o diferentes:<\/p>\n\n\n\n<ul class=\"wp-block-list\">\n<li>Oriunda de combust\u00edveis f\u00f3sseis &#8211; \u00f3leo, g\u00e1s e carv\u00e3o;<\/li>\n\n\n\n<li>Energia mineral &#8211; oriunda das rochas e disponibilizadas nos solos por meio do intemperismo;<\/li>\n\n\n\n<li>Nuclear &#8211; a partir do decaimento radioativo de elementos qu\u00edmicos presentes na crosta terrestre;<\/li>\n\n\n\n<li>Geot\u00e9rmica &#8211; atrav\u00e9s da convec\u00e7\u00e3o dos magmas ou a pouca amplitude t\u00e9rmica presentes em solos;<\/li>\n\n\n\n<li>Gravitacional &#8211; entendida como uma for\u00e7a, a gravidade pode e deve ser compreendida como capaz de realizar trabalhos, ao conferir energia potencial a todos os corpos com massa, sejam eles fluidos ou s\u00f3lidos, condicionando fluxos. Uma for\u00e7a constante, latente e menosprezada (esfor\u00e7o).<\/li>\n<\/ul>\n\n\n<div class=\"wp-block-image\">\n<figure class=\"aligncenter\"><img decoding=\"async\" src=\"https:\/\/lh7-rt.googleusercontent.com\/docsz\/AD_4nXe1IKDcKWd4DExiEB_4tZ4CQKZMOgP3yNNwiPRC-PsYUj4ztBq-qiz3SWtA517WNXMAIc0jc5asa0LOjXeIKzwagS1TbpQdUgjQcGOOOqfi0kHnGXqGTR7RL_eurOS_x7pmS9wl?key=TUj3xMGRdZcQmPtybdt5k2Wn\" alt=\"\"\/><figcaption class=\"wp-element-caption\"><em>Calor interno ao corpo de um animal (Foto: <a href=\"https:\/\/commons.wikimedia.org\/wiki\/User:Boaworm\">Boaworm, 2010<\/a>).<\/em><\/figcaption><\/figure>\n<\/div>\n\n<div class=\"wp-block-image\">\n<figure class=\"aligncenter is-resized\"><img decoding=\"async\" src=\"https:\/\/lh7-rt.googleusercontent.com\/docsz\/AD_4nXdFYAjqyST_vujgzyrR28NLL5ZovVy5Z4QZK95eR3Aq7DPO2HVwkw_17umdf6OgBP7Vga_poCJM5gSIDldNRZx2UgyM4z5_AmcOWuNzyiL55rNu4QtUIJgtZBOVbPEI0Sl5rmLnBw?key=TUj3xMGRdZcQmPtybdt5k2Wn\" alt=\"\" style=\"width:358px;height:auto\"\/><figcaption class=\"wp-element-caption\"><em>Calor interno do planeta Terra&nbsp; (NASA 2006).<\/em><\/figcaption><\/figure>\n<\/div>\n\n\n<h1 class=\"wp-block-heading\" id=\"energias_externas\"><span class=\"ez-toc-section\" id=\"energias_externas\"><\/span><strong>Energias Externas<\/strong><span class=\"ez-toc-section-end\"><\/span><\/h1>\n\n\n\n<p>Incluem aquelas energias entendidas como renov\u00e1veis oriundas do Sol ou da Lua:<\/p>\n\n\n\n<ul class=\"wp-block-list\">\n<li>Radia\u00e7\u00e3o solar<\/li>\n\n\n\n<li>Vento<\/li>\n\n\n\n<li>\u00c1gua<\/li>\n\n\n\n<li>Biomassa<\/li>\n<\/ul>\n\n\n<div class=\"wp-block-image\">\n<figure class=\"aligncenter size-large is-resized\"><img decoding=\"async\" src=\"https:\/\/upload.wikimedia.org\/wikipedia\/commons\/thumb\/d\/df\/Full_moon_partially_obscured_by_atmosphere.jpg\/960px-Full_moon_partially_obscured_by_atmosphere.jpg?20090402015400\" alt=\"\" style=\"width:700px\"\/><figcaption class=\"wp-element-caption\"><em>A atra\u00e7\u00e3o gravitacional da lua pode ser considerada uma energia renov\u00e1vel por operar em ciclos mensais.Imagem: NASA &#8211; <a href=\"https:\/\/commons.wikimedia.org\/wiki\/File:Full_moon_partially_obscured_by_atmosphere.jpg\">Wikimedia Commons<\/a>.<\/em><\/figcaption><\/figure>\n<\/div>\n\n\n<p>Nem toda a energia que vem do sol chega na superf\u00edcie da Terra. Praticamente metade dela (48%) ir\u00e1 ser dissipada nos ecossistemas que abrigam seres vivos que, por sua vez, autorregulam as condi\u00e7\u00f5es clim\u00e1ticas.<\/p>\n\n\n<div class=\"wp-block-image\">\n<figure class=\"aligncenter is-resized\"><img decoding=\"async\" src=\"https:\/\/lh7-rt.googleusercontent.com\/docsz\/AD_4nXc59tv_DTyIT6vERcy5ROEqNnXN7LJ6o80wWxa8nHeDtVbFG2MnN6fuI0DOWUBr1D0QW-eYnSwf4T0NPa4Bx3sZfnb7IE0EEsf352NbPAsY-tbB5edr4qJ4qwlujvnrIvdupyOsXA?key=TUj3xMGRdZcQmPtybdt5k2Wn\" alt=\"\" style=\"width:700px\"\/><figcaption class=\"wp-element-caption\"><em>Quantitativos de energia proveniente do sol que chegam a Terra, s\u00e3o absorvidos pela atmosfera e s\u00e3o refletidos para o espa\u00e7o. Figura: <a href=\"http:\/\/earthobservatory.nasa.gov\/Features\/EnergyBalance\/page4.php,%20Public%20Domain,%20https:\/\/commons.wikimedia.org\/w\/index.php?curid=32196740\">NASA Earth Observatory<\/a>.<\/em><\/figcaption><\/figure>\n<\/div>\n\n\n<p>Uma vez ultrapassada a atmosfera, a energia <strong>solar<\/strong> entra em um ciclo de transforma\u00e7\u00f5es que promover\u00e3o o aquecimento do planeta, devido \u00e0 diferen\u00e7a entre os albedos presentes nas diferentes superf\u00edcies. Com isso, h\u00e1 a cria\u00e7\u00e3o de correntes de <strong>ventos<\/strong> que buscar\u00e3o equalizar press\u00f5es atrav\u00e9s de seus fluxos.<\/p>\n\n\n<div class=\"wp-block-image\">\n<figure class=\"aligncenter is-resized\"><img decoding=\"async\" src=\"https:\/\/lh7-rt.googleusercontent.com\/docsz\/AD_4nXegrcTY5h0TkT16roGU8G1cXtJn3KTrkMrT2Vj1K5z0RhCSOTR2iNukFvJIPd0jyQmJ0vI8mkEicvZBucOwpP92aJwHm-I5kDq_-9iZ3bNNYpRogxIPScu1hap4Grq0bK0saQkf?key=TUj3xMGRdZcQmPtybdt5k2Wn\" alt=\"\" style=\"width:700px\"\/><figcaption class=\"wp-element-caption\"><em>Dunas sobrepondo-se \u00e0 vegeta\u00e7\u00e3o em Queensland &#8211; Austr\u00e1lia. Imagem de <\/em><a href=\"http:\/\/michel.debure.free.fr\/photos\/laterrevueduciel\/Australie.%20Queensland.%20Dune%20de%20sable%20au%20coeur%20de%20la%20vegetation%20sur%20l%27ile%20Fraser.jpg\"><em>Yann Arthus-Bertrand<\/em><\/a><em>.<\/em><\/figcaption><\/figure>\n<\/div>\n\n\n<p>Esses ventos se dissipam e levam umidade dos oceanos para os continentes, gerando chuvas, num processo onde as <strong>\u00e1guas<\/strong> ir\u00e3o hidratar das paisagens terrestres. Fundamental para nossa perman\u00eancia, essas \u00e1guas de chuvas ir\u00e3o alimentar as plantas, incrementando a <strong>biomassa<\/strong> na paisagem e, iniciar\u00e3o sua viagem pelas \u201cart\u00e9rias h\u00eddricas\u201d da Terra.<\/p>\n\n\n<div class=\"wp-block-image\">\n<figure class=\"aligncenter size-large is-resized\"><img decoding=\"async\" src=\"https:\/\/upload.wikimedia.org\/wikipedia\/commons\/thumb\/e\/e1\/Landscape_with_stormy_clouds_and_a_pirogue_on_the_Mekong_at_golden_hour_in_Si_Phan_Don.jpg\/960px-Landscape_with_stormy_clouds_and_a_pirogue_on_the_Mekong_at_golden_hour_in_Si_Phan_Don.jpg?20190517025212\" alt=\"\" style=\"width:700px\"\/><figcaption class=\"wp-element-caption\"><em>Chuvas em \u00e1reas continentais. Imagem: <a href=\"https:\/\/commons.wikimedia.org\/wiki\/File:Landscape_with_stormy_clouds_and_a_pirogue_on_the_Mekong_at_golden_hour_in_Si_Phan_Don.jpg?uselang=pt-br\">Basile Morin<\/a> &#8211; Wikimedia Commons.<\/em><\/figcaption><\/figure>\n<\/div>\n\n\n<p>Ao chover nas cabeceiras dos rios, a <strong>gravidade<\/strong> se encarrega de continuar os fluxos de <strong>\u00e1gua<\/strong> de forma concentrada em vales estreitos com leitos pedregosos. Inicia-se um processo de escultura do terreno com a desagrega\u00e7\u00e3o das rochas e libera\u00e7\u00e3o de <strong>minerais<\/strong> que ser\u00e3o solubilizados nas \u00e1guas e fertilizar\u00e3o as paisagens.<\/p>\n\n\n<div class=\"wp-block-image\">\n<figure class=\"aligncenter size-large is-resized\"><img decoding=\"async\" src=\"https:\/\/upload.wikimedia.org\/wikipedia\/commons\/thumb\/0\/07\/Khon_Phapheng_Falls%2C_Champassak%2C_Laos.jpg\/960px-Khon_Phapheng_Falls%2C_Champassak%2C_Laos.jpg?20141224150132\" alt=\"\" style=\"width:700px\"\/><figcaption class=\"wp-element-caption\"><em>\u00c1guas turbulentas de um rio em terreno montanhoso. Imagem: Pierre Andre Leclercq &#8211; <a href=\"https:\/\/commons.wikimedia.org\/wiki\/File:Khon_Phapheng_Falls,_Champassak,_Laos.jpg\">Wikimedia Commons<\/a>.<\/em><\/figcaption><\/figure>\n<\/div>\n\n\n<p>Em seu trajeto, os terrenos v\u00e3o ficando menos declivosos e as \u00e1guas passam a contar menos com a energia da gravidade. Nesse est\u00e1gio de dissipa\u00e7\u00e3o da energia, as \u00e1guas passam a depositar os peda\u00e7os e <strong>minerais<\/strong> das rochas lavadas das cabeceiras. A partir daqui as \u00e1guas decidem lentamente seu caminho at\u00e9 os mares, fluindo por canais conformados em um padr\u00e3o natural meandrante.<\/p>\n\n\n<div class=\"wp-block-image\">\n<figure class=\"aligncenter is-resized\"><img decoding=\"async\" src=\"https:\/\/lh7-rt.googleusercontent.com\/docsz\/AD_4nXfYK2L_bsjjY9oMa_4sjT8Vi-gXaeSHeyJTm086PeBhuZTNtkRVrIIAa97oQC4RGFr5tu8mwwFyQwipnXOd0TjHJnQ3A_ZaUQcDrPrDzmG92nLMeBSb_4r3yo4uS5duKwGFIe0Hsw?key=TUj3xMGRdZcQmPtybdt5k2Wn\" alt=\"\" style=\"width:700px\"\/><figcaption class=\"wp-element-caption\"><em>Meandro com forma\u00e7\u00e3o de um dep\u00f3sito de sedimentos arenosos. Imagem de <\/em><a href=\"https:\/\/www.flickr.com\/people\/41745338@N00\"><em>Evgeni Dinev<\/em><\/a><em> &#8211; <\/em><a href=\"https:\/\/commons.wikimedia.org\/wiki\/File:Arda_Meanders.jpg\"><em>Wikimedia Commons<\/em><\/a><em>.<\/em><\/figcaption><\/figure>\n<\/div>\n\n\n<h1 class=\"wp-block-heading\" id=\"entropia\"><span class=\"ez-toc-section\" id=\"as_perdas_ao_longo_do_fluxo_nas_paisagens\"><\/span><strong>As perdas ao longo do fluxo nas paisagens<\/strong><span class=\"ez-toc-section-end\"><\/span><\/h1>\n\n\n\n<p>O ato de fluir das energias far\u00e1 com que essas, em seu processo de dissipa\u00e7\u00e3o em busca de equil\u00edbrio, se convertam em outras formas e, isso, trar\u00e1 perdas e poder\u00e3o comprometer a efici\u00eancia no que tange ao objetivo de aproveit\u00e1-las. Assim temos de considerar como premissas de efici\u00eancia que \u00e9 necess\u00e1rio:<\/p>\n\n\n\n<ul class=\"wp-block-list\">\n<li>Compreender o fluxo das energias que cruzam a paisagem.<\/li>\n\n\n\n<li>Realizar uma boa leitura da paisagem para entender quais os fluxos energ\u00e9ticos s\u00e3o mais intensos no contexto de paisagem que desejamos estabelecer um planejamento permacultural;<\/li>\n\n\n\n<li>Buscar aproveitar a energia em sua forma primordial.<\/li>\n\n\n\n<li>Evitar convers\u00f5es.<\/li>\n<\/ul>\n\n\n\n<p>Dentro de processos ecol\u00f3gicos, como na cadeia tr\u00f3fica, a convers\u00e3o energ\u00e9tica de seres vivos produtores para consumidores prim\u00e1rios e, destes, para os consumidores secund\u00e1rios, envolvem perdas energ\u00e9ticas de grande escala (logar\u00edtmica).<\/p>\n\n\n<div class=\"wp-block-image\">\n<figure class=\"aligncenter is-resized\"><img decoding=\"async\" src=\"https:\/\/lh7-rt.googleusercontent.com\/docsz\/AD_4nXd9l2PyXj6spKBxbFA0birIv4OIt-iq1ngdcRlkc_NiuQMoFL7Zx3RN1rW9hZBwhgfie86Y5bmi4DIz5Y6e-128HHV_vKgvrP1_YWoKApiowqnyk-KmhbGFx8R1HQnXfouDuaghdg?key=TUj3xMGRdZcQmPtybdt5k2Wn\" alt=\"\" style=\"width:700px\"\/><figcaption class=\"wp-element-caption\"><em>Diagrama do fluxo de energia atrav\u00e9s de n\u00edveis tr\u00f3ficos. E = Entrada de energia; A = Assimila\u00e7\u00e3o de energia; P = Produtividade; R = Energia utilizada para manuten\u00e7\u00e3o (Respira\u00e7\u00e3o); NU = Energia n\u00e3o utilizada; B = Biomassa. Figura: Thompson (2020), Modificado por <\/em><a href=\"https:\/\/commons.wikimedia.org\/wiki\/User:MarceloTeles\"><em>MarceloTeles<\/em><\/a><em> (2020).<\/em><\/figcaption><\/figure>\n<\/div>\n\n\n<p>Assim, por fazermos parte dessa cadeia tr\u00f3fica, ao consumirmos alimentos de da base dessa cadeia, estaremos consumindo baixa energia embutida no processo de obten\u00e7\u00e3o desse alimento, pois o mesmo, passou por menos processos de convers\u00e3o energ\u00e9tica.<\/p>\n\n\n\n<p>Por outro lado, ao consumirmos alimentos vinculados a elevados n\u00edveis na cadeia, estaremos ingerindo algo com muita energia embutida no seu processo de obten\u00e7\u00e3o. A essa energia embutida damos o nome de \u201cemergia\u201d.<\/p>\n\n\n\n<p>Por defini\u00e7\u00e3o, emergia \u00e9 toda a energia externa e interna, renov\u00e1vel ou n\u00e3o, que a biosfera utiliza-se para produzir um recurso, seja natural ou antr\u00f3pico. Em outras palavras, \u00e9 a energia incorporada ao processo de obten\u00e7\u00e3o do recurso.<\/p>\n\n\n\n<p>Assim, a transforma\u00e7\u00e3o de uma energia em outra\/s vai acumulando (emergia) sucessivas perdas no grande ciclo de fluxos, tornando ineficiente seu aproveitamento. A seguir o v\u00eddeo \u201cA extraordin\u00e1ria vida e tempos de um morango\u201d, nos mostra isso de forma bem did\u00e1tica.<\/p>\n\n\n\n<figure class=\"wp-block-embed aligncenter is-type-video is-provider-youtube wp-block-embed-youtube wp-embed-aspect-16-9 wp-has-aspect-ratio\"><div class=\"wp-block-embed__wrapper\">\n<iframe title=\"THE EXTRAORDINARY LIFE AND TIMES OF STRAWBERRY\" width=\"1000\" height=\"563\" src=\"https:\/\/www.youtube.com\/embed\/uTaFYF1nA4c?feature=oembed\" frameborder=\"0\" allow=\"accelerometer; autoplay; clipboard-write; encrypted-media; gyroscope; picture-in-picture; web-share\" referrerpolicy=\"strict-origin-when-cross-origin\" allowfullscreen><\/iframe>\n<\/div><\/figure>\n\n\n\n<h1 class=\"wp-block-heading\" id=\"aproveitamento_energias\"><span class=\"ez-toc-section\" id=\"como_aproveitar_fluxos_energeticos\"><\/span><strong>Como aproveitar fluxos energ\u00e9ticos?<\/strong><span class=\"ez-toc-section-end\"><\/span><\/h1>\n\n\n\n<p>Considerando as energias renov\u00e1veis presentes em cada paisagem, a permacultura costuma olhar para 8 fluxos\/nichos principais:<\/p>\n\n\n\n<ul class=\"wp-block-list\">\n<li>Sol<\/li>\n\n\n\n<li>Ventos<\/li>\n\n\n\n<li>\u00c1guas<\/li>\n\n\n\n<li>Minerais<\/li>\n\n\n\n<li>Biomassa<\/li>\n\n\n\n<li>Gravidade<\/li>\n\n\n\n<li>Geotermal<\/li>\n\n\n\n<li>Animais<\/li>\n<\/ul>\n\n\n\n<p>Cabe ao planejador realizar uma criteriosa leitura da paisagem buscando reconhecer quais dos seis primeiros fluxos\/nichos energ\u00e9ticos &#8211; sol, ventos, \u00e1guas, minerais, biomassa, gravidade &#8211; s\u00e3o mais \u201clatentes\u201d no espa\u00e7o a ser planejado.<\/p>\n\n\n\n<p>O aproveitamento das energias deve iniciar para aquelas que est\u00e3o a maior parte do tempo presentes e persistentes. Por exemplo, em paisagens muito planas, teremos maior insola\u00e7\u00e3o e ventos. J\u00e1 em terrenos muito acidentados com vales fechados, teremos menor incid\u00eancia solar e ventos.<\/p>\n\n\n\n<p>Veja a seguir exemplos de paisagens e a escala de lat\u00eancia de cada fluxo\/nicho de energia.<\/p>\n\n\n\n<figure class=\"wp-block-image size-large\"><img decoding=\"async\" width=\"700\" height=\"467\" src=\"https:\/\/redepermacultura.ufsc.br\/permabrasuca\/wp-content\/uploads\/sites\/6\/2025\/10\/caatinga_arthur-700x467.jpg\" alt=\"\" class=\"wp-image-1726\" srcset=\"https:\/\/redepermacultura.ufsc.br\/permabrasuca\/wp-content\/uploads\/sites\/6\/2025\/10\/caatinga_arthur-700x467.jpg 700w, https:\/\/redepermacultura.ufsc.br\/permabrasuca\/wp-content\/uploads\/sites\/6\/2025\/10\/caatinga_arthur-300x200.jpg 300w, https:\/\/redepermacultura.ufsc.br\/permabrasuca\/wp-content\/uploads\/sites\/6\/2025\/10\/caatinga_arthur-768x512.jpg 768w, https:\/\/redepermacultura.ufsc.br\/permabrasuca\/wp-content\/uploads\/sites\/6\/2025\/10\/caatinga_arthur.jpg 1200w\" sizes=\"(max-width: 700px) 100vw, 700px\" \/><figcaption class=\"wp-element-caption\"><em>Caatinga na Serra da Capivara\/PI. Foto de Arthur Nanni.<\/em><\/figcaption><\/figure>\n\n\n\n<p>Dentre as energias presentes na paisagem na Caatinga, podemos hierarquiz\u00e1-las da mais latente para a menos. Assim temos: solar &gt; vento &gt; mineral &gt; biomassa &gt; gravidade &gt; \u00e1gua.<\/p>\n\n\n\n<p>Vejamos outra paisagem no interior do munic\u00edpio de Pelotas\/RS, onde a hierarquia mostra: \u00e1gua &gt; biomassa &gt; sol &gt; mineral &gt; vento &gt; gravidade.<\/p>\n\n\n\n<figure class=\"wp-block-image size-large\"><img decoding=\"async\" width=\"700\" height=\"394\" src=\"https:\/\/redepermacultura.ufsc.br\/permabrasuca\/wp-content\/uploads\/sites\/6\/2025\/10\/pampa_ma_schiavon-700x394.jpg\" alt=\"\" class=\"wp-image-1727\" srcset=\"https:\/\/redepermacultura.ufsc.br\/permabrasuca\/wp-content\/uploads\/sites\/6\/2025\/10\/pampa_ma_schiavon-700x394.jpg 700w, https:\/\/redepermacultura.ufsc.br\/permabrasuca\/wp-content\/uploads\/sites\/6\/2025\/10\/pampa_ma_schiavon-300x169.jpg 300w, https:\/\/redepermacultura.ufsc.br\/permabrasuca\/wp-content\/uploads\/sites\/6\/2025\/10\/pampa_ma_schiavon-768x432.jpg 768w, https:\/\/redepermacultura.ufsc.br\/permabrasuca\/wp-content\/uploads\/sites\/6\/2025\/10\/pampa_ma_schiavon-600x338.jpg 600w, https:\/\/redepermacultura.ufsc.br\/permabrasuca\/wp-content\/uploads\/sites\/6\/2025\/10\/pampa_ma_schiavon.jpg 1200w\" sizes=\"(max-width: 700px) 100vw, 700px\" \/><figcaption class=\"wp-element-caption\"><em>Transi\u00e7\u00e3o entre a floresta atl\u00e2ntica e a savana dos Pampas em Pelotas\/RS no S\u00edtio da fam\u00edlia Schiavon.<\/em><\/figcaption><\/figure>\n\n\n\n<p>A energia \u201cgeotermal\u201d depender\u00e1 da possibilidade de aplica\u00e7\u00e3o de acordo com o contexto e disponibilidade onde o planejamento est\u00e1 sendo realizado. Por exemplo, locais com solos rasos n\u00e3o servir\u00e3o para o aproveitamento de regula\u00e7\u00e3o de temperaturas geotermais, pois n\u00e3o haver\u00e1 como implantar tecnologias de aproveitamento nesse contexto.<\/p>\n\n\n\n<p>Em rela\u00e7\u00e3o \u00e0 energia dos animais, teremos de considerar a presen\u00e7a destes no espa\u00e7o planejado e as caracter\u00edsticas intr\u00ednsecas de cada um, bem como, os produtos que os mesmos gerar\u00e3o e, ainda, se os mesmos est\u00e3o aptos ou desejam realizar trabalhos.<\/p>\n\n\n\n<p>Um caso inusitado de energia animal\/social foi a percebida pelo coletivo que iniciou a regenera\u00e7\u00e3o do espa\u00e7o que hoje conforma a ecovila Piracanga em Mara\u00fa\/BA, como conta o permacultor Bruno Tambellini:<\/p>\n\n\n\n<blockquote class=\"wp-block-quote is-layout-flow wp-block-quote-is-layout-flow\">\n<p>Nos primeiros cinco anos t\u00ednhamos apenas coqueiros e areia, faltava mat\u00e9ria org\u00e2nica nos solos. Demoramos um pouco a perceber que a energia mais abundante que t\u00ednhamos era a social. Constru\u00edmos um banheiro itinerante que deixava um ber\u00e7o adubado pronto para receber \u00e1rvores e assim aceleramos o processo de crescimento da floresta que hoje est\u00e1 presente em toda ecovila.<\/p>\n<\/blockquote>\n\n\n\n<figure class=\"wp-block-image size-large\"><img decoding=\"async\" width=\"700\" height=\"394\" src=\"https:\/\/redepermacultura.ufsc.br\/permabrasuca\/wp-content\/uploads\/sites\/6\/2025\/10\/energia_animal_piracanga-700x394.png\" alt=\"\" class=\"wp-image-1733\" srcset=\"https:\/\/redepermacultura.ufsc.br\/permabrasuca\/wp-content\/uploads\/sites\/6\/2025\/10\/energia_animal_piracanga-700x394.png 700w, https:\/\/redepermacultura.ufsc.br\/permabrasuca\/wp-content\/uploads\/sites\/6\/2025\/10\/energia_animal_piracanga-300x169.png 300w, https:\/\/redepermacultura.ufsc.br\/permabrasuca\/wp-content\/uploads\/sites\/6\/2025\/10\/energia_animal_piracanga-768x432.png 768w, https:\/\/redepermacultura.ufsc.br\/permabrasuca\/wp-content\/uploads\/sites\/6\/2025\/10\/energia_animal_piracanga-600x338.png 600w, https:\/\/redepermacultura.ufsc.br\/permabrasuca\/wp-content\/uploads\/sites\/6\/2025\/10\/energia_animal_piracanga.png 1200w\" sizes=\"(max-width: 700px) 100vw, 700px\" \/><figcaption class=\"wp-element-caption\"><em>Ecovila Piracanga em Mara\u00fa\/BA em 2024. Foto de Arthur Nanni.<\/em><\/figcaption><\/figure>\n\n\n\n<p>\u00c9 importante avaliar todas as vari\u00e1veis de fluxos energ\u00e9ticos citadas, mas tamb\u00e9m a posi\u00e7\u00e3o geogr\u00e1fica, altitude, o regime clim\u00e1tico e poss\u00edveis interfer\u00eancias humanas, como por exemplo, o barramento de um curso de \u00e1gua por um vizinho situado \u00e0 montante do espa\u00e7o planejado, interferindo nas vaz\u00f5es do mesmo.<\/p>\n\n\n\n<h2 class=\"wp-block-heading\"><span class=\"ez-toc-section\" id=\"tecnologias_apropriadas\"><\/span>Tecnologias apropriadas<span class=\"ez-toc-section-end\"><\/span><\/h2>\n\n\n\n<p>Uma vez compreendido sobre o potencial de aproveitamento dos fluxos e nichos energ\u00e9ticos, pode-se avaliar quais as t\u00e9cnicas e tecnologias sociais mais apropriadas para realizar tal aproveitamento.<\/p>\n\n\n\n<p>Lembre-se que a convers\u00e3o de energias sempre ter\u00e1 perdas por entropia. Ent\u00e3o, toda a t\u00e9cnica ou tecnologia que cumpra suas fun\u00e7\u00f5es usando o m\u00ednimo de convers\u00e3o, dever\u00e1 ser priorizada. Por exemplo, \u00e9 melhor ter um painel de aquecimento de \u00e1gua, do que investir apenas em pain\u00e9is fotovoltaicos para gera\u00e7\u00e3o de energia el\u00e9trica, que ser\u00e1 consumida para aquecer a \u00e1gua depois.<\/p>\n\n\n\n<p>Se a t\u00e9cnica ou tecnologia fizer um aproveitamento de fontes h\u00edbridas de fluxos\/nichos energ\u00e9ticos, tamb\u00e9m ser\u00e1 melhor, pois <strong>diversidade \u00e9 estabilidade<\/strong>.<\/p>\n\n\n\n<p>Por fim, \u00e9 necess\u00e1rio tamb\u00e9m, considerar o quanto de emergia h\u00e1 na t\u00e9cnica ou tecnologia pretendida, bem como, o tempo de vida \u00fatil e a quantidade de energia que a mesma poder\u00e1 aproveitar. Por exemplo, permacultores constroem casas com materiais locais e adotam t\u00e9cnicas passivas de aproveitamento energ\u00e9tico, visando reduzir os montantes de emergia presentes em materiais comerciais, que usam muita energia para serem fabricados e transportados e, manter o ambiente confort\u00e1vel com estrat\u00e9gias de climatiza\u00e7\u00e3o natural.<\/p>\n","protected":false},"excerpt":{"rendered":"<p>Atualizado em 3 de agosto de 2025 Arthur Nanni O planeta Terra, entendido como uma entidade viva, como prop\u00f5em James Lovelock e Lynn Margulis, possui muitas semelhan\u00e7as com seres vivos. N\u00f3s, animais humanos, recebemos influ\u00eancia de energias externas do sol, dos ventos, das \u00e1guas e, ao mesmo tempo, possu\u00edmos energias internas, promovidas pelos processos digestivos [&hellip;]<\/p>\n","protected":false},"author":1,"featured_media":0,"parent":229,"menu_order":3,"comment_status":"closed","ping_status":"closed","template":"","meta":{"footnotes":""},"coauthors":[2,7],"class_list":["post-21","page","type-page","status-publish","hentry"],"_links":{"self":[{"href":"https:\/\/redepermacultura.ufsc.br\/permabrasuca\/wp-json\/wp\/v2\/pages\/21","targetHints":{"allow":["GET"]}}],"collection":[{"href":"https:\/\/redepermacultura.ufsc.br\/permabrasuca\/wp-json\/wp\/v2\/pages"}],"about":[{"href":"https:\/\/redepermacultura.ufsc.br\/permabrasuca\/wp-json\/wp\/v2\/types\/page"}],"author":[{"embeddable":true,"href":"https:\/\/redepermacultura.ufsc.br\/permabrasuca\/wp-json\/wp\/v2\/users\/1"}],"replies":[{"embeddable":true,"href":"https:\/\/redepermacultura.ufsc.br\/permabrasuca\/wp-json\/wp\/v2\/comments?post=21"}],"version-history":[{"count":27,"href":"https:\/\/redepermacultura.ufsc.br\/permabrasuca\/wp-json\/wp\/v2\/pages\/21\/revisions"}],"predecessor-version":[{"id":2363,"href":"https:\/\/redepermacultura.ufsc.br\/permabrasuca\/wp-json\/wp\/v2\/pages\/21\/revisions\/2363"}],"up":[{"embeddable":true,"href":"https:\/\/redepermacultura.ufsc.br\/permabrasuca\/wp-json\/wp\/v2\/pages\/229"}],"wp:attachment":[{"href":"https:\/\/redepermacultura.ufsc.br\/permabrasuca\/wp-json\/wp\/v2\/media?parent=21"}],"wp:term":[{"taxonomy":"author","embeddable":true,"href":"https:\/\/redepermacultura.ufsc.br\/permabrasuca\/wp-json\/wp\/v2\/coauthors?post=21"}],"curies":[{"name":"wp","href":"https:\/\/api.w.org\/{rel}","templated":true}]}}