{"id":19,"date":"2021-11-29T12:04:45","date_gmt":"2021-11-29T15:04:45","guid":{"rendered":"http:\/\/redepermacultura.ufsc.br\/permaculturabrasileira\/?page_id=19"},"modified":"2026-04-08T20:19:06","modified_gmt":"2026-04-08T23:19:06","slug":"agua-conceitos","status":"publish","type":"page","link":"https:\/\/redepermacultura.ufsc.br\/permabrasuca\/conceitos-fundamentais\/agua-conceitos\/","title":{"rendered":"\u00c1guas na paisagem"},"content":{"rendered":"<div id=\"ez-toc-container\" class=\"ez-toc-v2_0_82_2 ez-toc-wrap-left counter-hierarchy ez-toc-counter ez-toc-transparent ez-toc-container-direction\">\n<label for=\"ez-toc-cssicon-toggle-item-69f198554f438\" class=\"ez-toc-cssicon-toggle-label\"><p class=\"ez-toc-title\" style=\"cursor:inherit\">Veja aqui<\/p>\n<span class=\"ez-toc-cssicon\"><span class=\"eztoc-hide\" style=\"display:none;\">Toggle<\/span><span class=\"ez-toc-icon-toggle-span\"><svg style=\"fill: #999;color:#999\" xmlns=\"http:\/\/www.w3.org\/2000\/svg\" class=\"list-377408\" width=\"20px\" height=\"20px\" viewBox=\"0 0 24 24\" fill=\"none\"><path d=\"M6 6H4v2h2V6zm14 0H8v2h12V6zM4 11h2v2H4v-2zm16 0H8v2h12v-2zM4 16h2v2H4v-2zm16 0H8v2h12v-2z\" fill=\"currentColor\"><\/path><\/svg><svg style=\"fill: #999;color:#999\" class=\"arrow-unsorted-368013\" xmlns=\"http:\/\/www.w3.org\/2000\/svg\" width=\"10px\" height=\"10px\" viewBox=\"0 0 24 24\" version=\"1.2\" baseProfile=\"tiny\"><path d=\"M18.2 9.3l-6.2-6.3-6.2 6.3c-.2.2-.3.4-.3.7s.1.5.3.7c.2.2.4.3.7.3h11c.3 0 .5-.1.7-.3.2-.2.3-.5.3-.7s-.1-.5-.3-.7zM5.8 14.7l6.2 6.3 6.2-6.3c.2-.2.3-.5.3-.7s-.1-.5-.3-.7c-.2-.2-.4-.3-.7-.3h-11c-.3 0-.5.1-.7.3-.2.2-.3.5-.3.7s.1.5.3.7z\"\/><\/svg><\/span><\/span><\/label><input type=\"checkbox\"  id=\"ez-toc-cssicon-toggle-item-69f198554f438\" checked \/><nav><ul class='ez-toc-list ez-toc-list-level-1 ' ><ul class='ez-toc-list-level-2' ><li class='ez-toc-heading-level-2'><a class=\"ez-toc-link ez-toc-heading-1\" href=\"https:\/\/redepermacultura.ufsc.br\/permabrasuca\/conceitos-fundamentais\/agua-conceitos\/#reservatorios_na_paisagem\" >Reservat\u00f3rios na paisagem<\/a><\/li><\/ul><\/li><li class='ez-toc-page-1 ez-toc-heading-level-1'><a class=\"ez-toc-link ez-toc-heading-2\" href=\"https:\/\/redepermacultura.ufsc.br\/permabrasuca\/conceitos-fundamentais\/agua-conceitos\/#pensando_as_aguas_como_um_elemento\" >Pensando as \u00e1guas como um elemento<\/a><ul class='ez-toc-list-level-2' ><li class='ez-toc-heading-level-2'><a class=\"ez-toc-link ez-toc-heading-3\" href=\"https:\/\/redepermacultura.ufsc.br\/permabrasuca\/conceitos-fundamentais\/agua-conceitos\/#caracteristicas\" >Caracter\u00edsticas<\/a><\/li><li class='ez-toc-page-1 ez-toc-heading-level-2'><a class=\"ez-toc-link ez-toc-heading-4\" href=\"https:\/\/redepermacultura.ufsc.br\/permabrasuca\/conceitos-fundamentais\/agua-conceitos\/#necessidades\" >Necessidades<\/a><\/li><li class='ez-toc-page-1 ez-toc-heading-level-2'><a class=\"ez-toc-link ez-toc-heading-5\" href=\"https:\/\/redepermacultura.ufsc.br\/permabrasuca\/conceitos-fundamentais\/agua-conceitos\/#funcoes\" >Fun\u00e7\u00f5es<\/a><\/li><\/ul><\/li><li class='ez-toc-page-1 ez-toc-heading-level-1'><a class=\"ez-toc-link ez-toc-heading-6\" href=\"https:\/\/redepermacultura.ufsc.br\/permabrasuca\/conceitos-fundamentais\/agua-conceitos\/#tipos_de_aguas_no_ambiente_planejado\" >Tipos de \u00e1guas no ambiente planejado<\/a><ul class='ez-toc-list-level-2' ><li class='ez-toc-heading-level-2'><a class=\"ez-toc-link ez-toc-heading-7\" href=\"https:\/\/redepermacultura.ufsc.br\/permabrasuca\/conceitos-fundamentais\/agua-conceitos\/#aguas_que_entram\" >\u00c1guas que entram<\/a><\/li><li class='ez-toc-page-1 ez-toc-heading-level-2'><a class=\"ez-toc-link ez-toc-heading-8\" href=\"https:\/\/redepermacultura.ufsc.br\/permabrasuca\/conceitos-fundamentais\/agua-conceitos\/#aguas_que_saem\" >\u00c1guas que saem<\/a><\/li><\/ul><\/li><li class='ez-toc-page-1 ez-toc-heading-level-1'><a class=\"ez-toc-link ez-toc-heading-9\" href=\"https:\/\/redepermacultura.ufsc.br\/permabrasuca\/conceitos-fundamentais\/agua-conceitos\/#bibliografia\" >Bibliografia<\/a><\/li><\/ul><\/nav><\/div>\n\n<div class=\"wp-block-group is-nowrap is-layout-flex wp-container-core-group-is-layout-ad2f72ca wp-block-group-is-layout-flex\">\n<p class=\"has-small-font-size\">Atualizado em<\/p>\n\n\n\n<p class=\"has-small-font-size\">3 de agosto de 2025<\/p>\n<\/div>\n\n\n\n<p class=\"has-text-align-right\"><em>Arthur Nanni<\/em><\/p>\n\n\n\n<p>As chuvas s\u00e3o nossa fonte prim\u00e1ria de \u00e1gua, visto que alimentam os cursos d\u2019\u00e1gua diretamente ou abastecem os aqu\u00edferos, que mant\u00eam nascentes, po\u00e7os, lagos naturais ou artificiais, c\u00f3rregos e rios nos per\u00edodos de estiagem.<\/p>\n\n\n\n<p>Ao longo da hist\u00f3ria o homem tem usado sua intelig\u00eancia para tentar garantir um suprimento de \u00e1gua permanente, do qual depende sua vida e economia. Isto implica em um aspecto relevante: o que fazer para que a \u00e1gua permane\u00e7a dispon\u00edvel o maior tempo poss\u00edvel?<\/p>\n\n\n\n<p>Com exce\u00e7\u00e3o de alguns desertos, a natureza sempre traz a \u00e1gua por meio das chuvas e a distribui com relativa uniformidade por toda a superf\u00edcie. Por\u00e9m, esta \u00e1gua n\u00e3o permanece im\u00f3vel, logo se desloca sob a atra\u00e7\u00e3o da for\u00e7a gravitacional. Em pouco tempo a \u00e1gua n\u00e3o estar\u00e1 mais dispon\u00edvel em todos os lugares que desejamos que esteja.<\/p>\n\n\n\n<figure class=\"wp-block-image\"><img decoding=\"async\" src=\"https:\/\/lh7-rt.googleusercontent.com\/docsz\/AD_4nXdgbM6HO6L7lccAwiwUbVzJZzoNritJEwCekdMbH6MQ0VtTd3Oz8d3D43MrQkoVQN3Yf3oa48bYhK5nn6KL_DeqWzPhFnuklFA6Zwhf1B9A5duXs5cCULRTovGWlLqaQasgwahnFg?key=ZEqgG8XaBhXxJxuerIBujX0t\" alt=\"\"\/><\/figure>\n\n\n\n<p><em>Ciclo das \u00e1guas conceitual. Fonte: USDA.<\/em><\/p>\n\n\n\n<figure class=\"wp-block-image is-resized\"><img decoding=\"async\" src=\"https:\/\/lh7-rt.googleusercontent.com\/docsz\/AD_4nXfv6ol9qG8TSOHIfnYuPtsgYv_egrhBLuA5DXEaQrI_Lq-2E8yxSm0n0uJEZlqEcVA9m9w4SHMeE3EDJ0VpGpsAqWdKUD7DSSVJlBIXb5IR8y8JO-S3LibpTZ8iOMmry434FO95?key=ZEqgG8XaBhXxJxuerIBujX0t\" alt=\"\" style=\"width:646px;height:auto\"\/><\/figure>\n\n\n\n<p><em>Ciclos curtos das \u00e1guas. Fonte: Traduzida de Widows (2015).<\/em><\/p>\n\n\n\n<figure class=\"wp-block-image is-resized\"><img decoding=\"async\" src=\"https:\/\/lh7-rt.googleusercontent.com\/docsz\/AD_4nXd33Mtn0uhqGUv4c8VD3HP6xvZBQeFwhryoCrqAHU6DNvNOfL1Ei9_FYRKq6Tyty48Vre5BCFpzqrVL0qJ2a-a2pQSs822n78N2QKkpNcGeqYYlVhFogFeYEZh64uZKAb7pslZHkQ?key=ZEqgG8XaBhXxJxuerIBujX0t\" alt=\"\" style=\"width:637px;height:auto\"\/><\/figure>\n\n\n\n<p><em>\u00c1guas na paisagem a partir da escala de percep\u00e7\u00e3o humana.<\/em><\/p>\n\n\n\n<h2 class=\"wp-block-heading\"><span class=\"ez-toc-section\" id=\"reservatorios_na_paisagem\"><\/span>Reservat\u00f3rios na paisagem<span class=\"ez-toc-section-end\"><\/span><\/h2>\n\n\n\n<p>Reconhecer na paisagem de planejamento os diferentes tipos de \u00e1guas, suas qualidades e as potencialidades de uso:<\/p>\n\n\n\n<ul class=\"wp-block-list\">\n<li>Hidrosfera (vis\u00edvel)\n<ul class=\"wp-block-list\">\n<li>Cursos d\u2019\u00e1gua perenes ou intermitentes<\/li>\n\n\n\n<li>Lagos\/a\u00e7udes e seus volumes armazenados<\/li>\n\n\n\n<li>Nascentes protegidas, desprotegidas e suas vaz\u00f5es<\/li>\n<\/ul>\n<\/li>\n\n\n\n<li>Atmosfera\n<ul class=\"wp-block-list\">\n<li>\u00c1guas de chuvas e os regimes pluviom\u00e9tricos \u2013 atmosfera<\/li>\n<\/ul>\n<\/li>\n\n\n\n<li>Pedosfera\n<ul class=\"wp-block-list\">\n<li>Espessura de solos e sua capacidade de armazenar e transmitir \u00e1guas<\/li>\n<\/ul>\n<\/li>\n\n\n\n<li>Litosfera\n<ul class=\"wp-block-list\">\n<li>Aqu\u00edferos rasos e profundos<\/li>\n<\/ul>\n<\/li>\n\n\n\n<li>Biosfera\n<ul class=\"wp-block-list\">\n<li>Animais, plantas e sua biomassa<\/li>\n<\/ul>\n<\/li>\n<\/ul>\n\n\n\n<p>Na paisagem os solos (pedosfera) representam a s\u00edntese de todas as esferas que constituem \u00e0 Terra, por essa raz\u00e3o \u00e9 preciso pensar os solos como resultado de um grande efeito de borda da intera\u00e7\u00e3o das demais esferas e, tamb\u00e9m, um dos reservat\u00f3rios de \u00e1gua mais importantes na paisagem.<\/p>\n\n\n\n<figure class=\"wp-block-image size-large is-resized\"><img decoding=\"async\" width=\"700\" height=\"759\" src=\"https:\/\/redepermacultura.ufsc.br\/permabrasuca\/wp-content\/uploads\/sites\/6\/2025\/12\/pedosfera-700x759.png\" alt=\"\" class=\"wp-image-1953\" style=\"aspect-ratio:0.9223130487435665;width:314px;height:auto\" srcset=\"https:\/\/redepermacultura.ufsc.br\/permabrasuca\/wp-content\/uploads\/sites\/6\/2025\/12\/pedosfera-700x759.png 700w, https:\/\/redepermacultura.ufsc.br\/permabrasuca\/wp-content\/uploads\/sites\/6\/2025\/12\/pedosfera-277x300.png 277w, https:\/\/redepermacultura.ufsc.br\/permabrasuca\/wp-content\/uploads\/sites\/6\/2025\/12\/pedosfera-768x833.png 768w, https:\/\/redepermacultura.ufsc.br\/permabrasuca\/wp-content\/uploads\/sites\/6\/2025\/12\/pedosfera.png 783w\" sizes=\"(max-width: 700px) 100vw, 700px\" \/><\/figure>\n\n\n\n<p><em>As esferas vistas como reservat\u00f3rios de \u00e1gua na paisagem. Figura: <\/em><a href=\"https:\/\/commons.wikimedia.org\/w\/index.php?title=User:Jojndon&amp;action=edit&amp;redlink=1\"><em>Jojndon<\/em><\/a><em> (2010) em Wikimedia Commons.<\/em><\/p>\n\n\n\n<h1 class=\"wp-block-heading\"><span class=\"ez-toc-section\" id=\"pensando_as_aguas_como_um_elemento\"><\/span><strong>Pensando as \u00e1guas como um elemento<\/strong><span class=\"ez-toc-section-end\"><\/span><\/h1>\n\n\n\n<p>As \u00e1guas podem e devem ser consideradas como um elemento na paisagem planejada, pois possuem caracter\u00edsticas intr\u00ednsecas, t\u00eam necessidades e cumprem fun\u00e7\u00f5es. Por n\u00e3o se enquadrarem como sendo um elemento estrutural, animal ou vegetal, h\u00e1 a necessidade de consider\u00e1-las na <a href=\"https:\/\/redepermacultura.ufsc.br\/permabrasuca\/conceitos-fundamentais\/planejamento-permacultural\/#analise_elementos\">an\u00e1lise de elementos<\/a> como algo que permeia toda a paisagem, influenciando todo o planejamento.<\/p>\n\n\n\n<p>A seguir elencamos algumas necessidades, caracter\u00edsticas e fun\u00e7\u00f5es desse elemento em uma paisagem. \u00c9 importante compreender que os quesitos colocados a seguir n\u00e3o compreendem toda a an\u00e1lise, pois a percep\u00e7\u00e3o individual ou mesmo, o contexto de paisagem onde est\u00e1 sendo realizada a an\u00e1lise, podem influenciar na defini\u00e7\u00e3o desses.<\/p>\n\n\n\n<h2 class=\"wp-block-heading\"><span class=\"ez-toc-section\" id=\"caracteristicas\"><\/span>Caracter\u00edsticas<span class=\"ez-toc-section-end\"><\/span><\/h2>\n\n\n\n<ul class=\"wp-block-list\">\n<li>Est\u00e1 submetida a um padr\u00e3o c\u00edclico;<\/li>\n\n\n\n<li>Flu\u00edda;<\/li>\n\n\n\n<li>Control\u00e1vel (dom\u00e1vel);<\/li>\n\n\n\n<li>Cont\u00e9m sais, mat\u00e9ria org\u00e2nica e argilas;<\/li>\n\n\n\n<li>Estados f\u00edsicos;<\/li>\n\n\n\n<li>Solvente universal;<\/li>\n\n\n\n<li>Tens\u00e3o superficial (capilaridade);<\/li>\n\n\n\n<li>Alta in\u00e9rcia t\u00e9rmica;<\/li>\n\n\n\n<li>Outras\u2026<\/li>\n<\/ul>\n\n\n\n<h2 class=\"wp-block-heading\"><span class=\"ez-toc-section\" id=\"necessidades\"><\/span>Necessidades<span class=\"ez-toc-section-end\"><\/span><\/h2>\n\n\n\n<ul class=\"wp-block-list\">\n<li>Floresta para manter qualidade e quantidade;<\/li>\n\n\n\n<li>Manter-se em movimento;<\/li>\n\n\n\n<li>Sair da propriedade com qualidade id\u00eantica, ou melhor daquela que entrou;<\/li>\n\n\n\n<li>Ter seu ciclo preservado;<\/li>\n\n\n\n<li>Outras\u2026<\/li>\n<\/ul>\n\n\n\n<h2 class=\"wp-block-heading\"><span class=\"ez-toc-section\" id=\"funcoes\"><\/span>Fun\u00e7\u00f5es<span class=\"ez-toc-section-end\"><\/span><\/h2>\n\n\n\n<ul class=\"wp-block-list\">\n<li>Abastecimento residencial;<\/li>\n\n\n\n<li>Consumo humano;<\/li>\n\n\n\n<li>Higiene;<\/li>\n\n\n\n<li>Irriga\u00e7\u00e3o;<\/li>\n\n\n\n<li>Controle da temperatura;<\/li>\n\n\n\n<li>Fertiliza\u00e7\u00e3o;<\/li>\n\n\n\n<li>Dessedenta\u00e7\u00e3o de animais;<\/li>\n\n\n\n<li>Peixes;<\/li>\n\n\n\n<li>Gera\u00e7\u00e3o de energia;<\/li>\n\n\n\n<li>Lazer;<\/li>\n\n\n\n<li>Outras\u2026<\/li>\n<\/ul>\n\n\n\n<h1 class=\"wp-block-heading\"><span class=\"ez-toc-section\" id=\"tipos_de_aguas_no_ambiente_planejado\"><\/span><strong>Tipos de \u00e1guas no ambiente planejado<\/strong><span class=\"ez-toc-section-end\"><\/span><\/h1>\n\n\n\n<h2 class=\"wp-block-heading\"><span class=\"ez-toc-section\" id=\"aguas_que_entram\"><\/span>\u00c1guas que entram<span class=\"ez-toc-section-end\"><\/span><\/h2>\n\n\n\n<p>Inclui as <a href=\"https:\/\/redepermacultura.ufsc.br\/permabrasuca\/aguas-abastecimento\/\">\u00e1guas de abastecimento<\/a>, que s\u00e3o captadas, conduzidas e armazenadas com intuito de uso em elementos na paisagem planejada.<\/p>\n\n\n\n<p>A capta\u00e7\u00e3o de \u00e1guas deve considerar o gasto energ\u00e9tico envolvido no processo de obt\u00ea-la. Assim, as \u00e1guas das chuvas podem ser captadas com maior facilidade do que outras, colocando-as como fonte priorit\u00e1ria. No outro extremo, est\u00e3o as \u00e1guas das concession\u00e1rias, as quais n\u00e3o sabemos sobre o gasto energ\u00e9tico embutido (emergia) at\u00e9 chegar em nossa casa.<\/p>\n\n\n\n<p>Uma vez captadas, as \u00e1guas&nbsp; precisar\u00e3o ser armazenadas. Mais uma vez a quest\u00e3o energ\u00e9tica precisa ser considerada. Nesse caso, solos se conformam como os melhores reservat\u00f3rios, pois possuem boa capacidade de estoque (poros) e capacidade de transmitir lenta (permeabilidade), o que permite que as \u00e1guas armazenadas fiquem dispon\u00edveis para uso por mais tempo. E, novamente, para as \u00e1guas da concession\u00e1ria, o gasto energ\u00e9tico \u00e9 com certeza, bem maior.<\/p>\n\n\n\n<figure class=\"wp-block-image is-resized\"><img decoding=\"async\" src=\"https:\/\/lh7-rt.googleusercontent.com\/docsz\/AD_4nXcFRj61odnQvxkyMfkIlRjUzTjUfnfL6OdUT3SKjpeuE3e65c-70WfzLlHfEKOTVdWFVBMVD52lwOovJCInY2XU8NVNLQ9kfXwmkswtp5KwqzW50WSPx0p1mMkGrRcETu3F2vKJ8w?key=ZEqgG8XaBhXxJxuerIBujX0t\" alt=\"\" style=\"aspect-ratio:0.6214176089203496;width:352px;height:auto\"\/><\/figure>\n\n\n\n<p><em>Emergia envolvida para capta\u00e7\u00e3o e armazenamento de \u00e1guas. Ilustra\u00e7\u00e3o de Arthur Nanni.<\/em><\/p>\n\n\n\n<h2 class=\"wp-block-heading\"><span class=\"ez-toc-section\" id=\"aguas_que_saem\"><\/span>\u00c1guas que saem<span class=\"ez-toc-section-end\"><\/span><\/h2>\n\n\n\n<p>Compreende aquelas \u00e1guas que j\u00e1 cumpriram fun\u00e7\u00f5es e, agora, est\u00e3o na paisagem planejada na forma de efluentes. A jun\u00e7\u00e3o de todas as \u00e1guas provenientes da resid\u00eancia, constituir\u00e1 o esgoto, cujo \u201ctratamento\u201d \u00e9 dif\u00edcil e oneroso. Assim, o melhor que o permacultor deve fazer \u00e9 separar ambos na sua gera\u00e7\u00e3o, gerando assim, efluentes, que podem ser entendidos n\u00e3o como problemas, mas sim, como recursos. Dessa forma, temos de pensar em <a href=\"https:\/\/redepermacultura.ufsc.br\/permabrasuca\/aguas-saneamento\/aguas-reuso\/\">re\u00fasos<\/a> para essas \u00e1guas.<\/p>\n\n\n\n<p>A partir da perspectiva da Zona 0 (a casa), essas \u00e1guas podem ser classificadas em:<\/p>\n\n\n\n<ul class=\"wp-block-list\">\n<li>Com fezes \u2013 efluentes oriundos do vaso sanit\u00e1rio com carga contaminante de pat\u00f3genos;<\/li>\n\n\n\n<li>Cinzas \u2013 efluentes de todos os demais usos como pias, chuveiros, tanques, m\u00e1quinas de lavar roupas, etc, que n\u00e3o cont\u00eam pat\u00f3genos fecais.<\/li>\n<\/ul>\n\n\n\n<p>Os efluentes com fezes exigir\u00e3o maior aten\u00e7\u00e3o e dispositivos de tratamento mais robustos. J\u00e1 para \u00e0s \u00e1guas cinzas, os sistemas de tratamento s\u00e3o menos complexos.<\/p>\n\n\n\n<h1 class=\"wp-block-heading\"><span class=\"ez-toc-section\" id=\"bibliografia\"><\/span>Bibliografia<span class=\"ez-toc-section-end\"><\/span><\/h1>\n\n\n\n<p>Castagna, G., Barros, L., Yamamoto, P., &amp; Dias, J. (2022). Manejo da \u00e1gua: Guia pr\u00e1tico. Instituto de Projetos e Pesquisas Socioambientais. <a href=\"https:\/\/fluxus.eco.br\/wp-content\/uploads\/2024\/02\/Guia_Pratico_Manejo_da_Agua.pdf\">https:\/\/fluxus.eco.br\/wp-content\/uploads\/2024\/02\/Guia_Pratico_Manejo_da_Agua.pdf<\/a>.<\/p>\n\n\n\n<p>Permaculture practice. (2024). <em>The Art of Water Harvesting in Permaculture Landscapes<\/em>. <a href=\"https:\/\/permaculturepractice.com\/water-harvesting-permaculture\/\">https:\/\/permaculturepractice.com\/water-harvesting-permaculture\/<\/a><\/p>\n\n\n\n<p>WIDOWS, R. Rehydrating the Earth: new paradigm for water. Holistic Science Journal ISSN 2044-4389, v. 2, n. 4, 2015. Dispon\u00edvel em:&nbsp;<a href=\"https:\/\/holisticsciencejournal.co.uk\/ojs\/index.php\/hsj\/article\/view\/118\">https:\/\/holisticsciencejournal.co.uk\/ojs\/index.php\/hsj\/article\/view\/118<\/a>. Acesso em: 11 fev 2022.<\/p>\n\n\n\n<p><br><\/p>\n","protected":false},"excerpt":{"rendered":"<p>Atualizado em 3 de agosto de 2025 Arthur Nanni As chuvas s\u00e3o nossa fonte prim\u00e1ria de \u00e1gua, visto que alimentam os cursos d\u2019\u00e1gua diretamente ou abastecem os aqu\u00edferos, que mant\u00eam nascentes, po\u00e7os, lagos naturais ou artificiais, c\u00f3rregos e rios nos per\u00edodos de estiagem. Ao longo da hist\u00f3ria o homem tem usado sua intelig\u00eancia para tentar [&hellip;]<\/p>\n","protected":false},"author":1,"featured_media":0,"parent":229,"menu_order":2,"comment_status":"closed","ping_status":"closed","template":"","meta":{"footnotes":""},"coauthors":[2,6],"class_list":["post-19","page","type-page","status-publish","hentry"],"_links":{"self":[{"href":"https:\/\/redepermacultura.ufsc.br\/permabrasuca\/wp-json\/wp\/v2\/pages\/19","targetHints":{"allow":["GET"]}}],"collection":[{"href":"https:\/\/redepermacultura.ufsc.br\/permabrasuca\/wp-json\/wp\/v2\/pages"}],"about":[{"href":"https:\/\/redepermacultura.ufsc.br\/permabrasuca\/wp-json\/wp\/v2\/types\/page"}],"author":[{"embeddable":true,"href":"https:\/\/redepermacultura.ufsc.br\/permabrasuca\/wp-json\/wp\/v2\/users\/1"}],"replies":[{"embeddable":true,"href":"https:\/\/redepermacultura.ufsc.br\/permabrasuca\/wp-json\/wp\/v2\/comments?post=19"}],"version-history":[{"count":24,"href":"https:\/\/redepermacultura.ufsc.br\/permabrasuca\/wp-json\/wp\/v2\/pages\/19\/revisions"}],"predecessor-version":[{"id":2361,"href":"https:\/\/redepermacultura.ufsc.br\/permabrasuca\/wp-json\/wp\/v2\/pages\/19\/revisions\/2361"}],"up":[{"embeddable":true,"href":"https:\/\/redepermacultura.ufsc.br\/permabrasuca\/wp-json\/wp\/v2\/pages\/229"}],"wp:attachment":[{"href":"https:\/\/redepermacultura.ufsc.br\/permabrasuca\/wp-json\/wp\/v2\/media?parent=19"}],"wp:term":[{"taxonomy":"author","embeddable":true,"href":"https:\/\/redepermacultura.ufsc.br\/permabrasuca\/wp-json\/wp\/v2\/coauthors?post=19"}],"curies":[{"name":"wp","href":"https:\/\/api.w.org\/{rel}","templated":true}]}}