{"id":147,"date":"2021-11-30T11:41:55","date_gmt":"2021-11-30T14:41:55","guid":{"rendered":"http:\/\/redepermacultura.ufsc.br\/permaculturabrasileira\/?page_id=147"},"modified":"2026-01-28T12:00:09","modified_gmt":"2026-01-28T15:00:09","slug":"hidrica","status":"publish","type":"page","link":"https:\/\/redepermacultura.ufsc.br\/permabrasuca\/fluxos-de-energias\/hidrica\/","title":{"rendered":"H\u00eddrica"},"content":{"rendered":"<div id=\"ez-toc-container\" class=\"ez-toc-v2_0_82_2 ez-toc-wrap-left counter-hierarchy ez-toc-counter ez-toc-transparent ez-toc-container-direction\">\n<label for=\"ez-toc-cssicon-toggle-item-69f42af67356b\" class=\"ez-toc-cssicon-toggle-label\"><p class=\"ez-toc-title\" style=\"cursor:inherit\">Veja aqui<\/p>\n<span class=\"ez-toc-cssicon\"><span class=\"eztoc-hide\" style=\"display:none;\">Toggle<\/span><span class=\"ez-toc-icon-toggle-span\"><svg style=\"fill: #999;color:#999\" xmlns=\"http:\/\/www.w3.org\/2000\/svg\" class=\"list-377408\" width=\"20px\" height=\"20px\" viewBox=\"0 0 24 24\" fill=\"none\"><path d=\"M6 6H4v2h2V6zm14 0H8v2h12V6zM4 11h2v2H4v-2zm16 0H8v2h12v-2zM4 16h2v2H4v-2zm16 0H8v2h12v-2z\" fill=\"currentColor\"><\/path><\/svg><svg style=\"fill: #999;color:#999\" class=\"arrow-unsorted-368013\" xmlns=\"http:\/\/www.w3.org\/2000\/svg\" width=\"10px\" height=\"10px\" viewBox=\"0 0 24 24\" version=\"1.2\" baseProfile=\"tiny\"><path d=\"M18.2 9.3l-6.2-6.3-6.2 6.3c-.2.2-.3.4-.3.7s.1.5.3.7c.2.2.4.3.7.3h11c.3 0 .5-.1.7-.3.2-.2.3-.5.3-.7s-.1-.5-.3-.7zM5.8 14.7l6.2 6.3 6.2-6.3c.2-.2.3-.5.3-.7s-.1-.5-.3-.7c-.2-.2-.4-.3-.7-.3h-11c-.3 0-.5.1-.7.3-.2.2-.3.5-.3.7s.1.5.3.7z\"\/><\/svg><\/span><\/span><\/label><input type=\"checkbox\"  id=\"ez-toc-cssicon-toggle-item-69f42af67356b\" checked \/><nav><ul class='ez-toc-list ez-toc-list-level-1 ' ><li class='ez-toc-page-1 ez-toc-heading-level-1'><a class=\"ez-toc-link ez-toc-heading-1\" href=\"https:\/\/redepermacultura.ufsc.br\/permabrasuca\/fluxos-de-energias\/hidrica\/#micro_aproveitamentos_hidricos\" >Micro aproveitamentos h\u00eddricos<\/a><ul class='ez-toc-list-level-2' ><li class='ez-toc-heading-level-2'><a class=\"ez-toc-link ez-toc-heading-2\" href=\"https:\/\/redepermacultura.ufsc.br\/permabrasuca\/fluxos-de-energias\/hidrica\/#caracteristicas\" >Caracter\u00edsticas<\/a><\/li><li class='ez-toc-page-1 ez-toc-heading-level-2'><a class=\"ez-toc-link ez-toc-heading-3\" href=\"https:\/\/redepermacultura.ufsc.br\/permabrasuca\/fluxos-de-energias\/hidrica\/#necessidades\" >Necessidades<\/a><\/li><li class='ez-toc-page-1 ez-toc-heading-level-2'><a class=\"ez-toc-link ez-toc-heading-4\" href=\"https:\/\/redepermacultura.ufsc.br\/permabrasuca\/fluxos-de-energias\/hidrica\/#funcoes\" >Fun\u00e7\u00f5es<\/a><\/li><li class='ez-toc-page-1 ez-toc-heading-level-2'><a class=\"ez-toc-link ez-toc-heading-5\" href=\"https:\/\/redepermacultura.ufsc.br\/permabrasuca\/fluxos-de-energias\/hidrica\/#a_tecnologia_em_detalhe\" >A tecnologia em detalhe<\/a><\/li><li class='ez-toc-page-1 ez-toc-heading-level-2'><a class=\"ez-toc-link ez-toc-heading-6\" href=\"https:\/\/redepermacultura.ufsc.br\/permabrasuca\/fluxos-de-energias\/hidrica\/#verificacao_de_aplicacao\" >Verifica\u00e7\u00e3o de aplica\u00e7\u00e3o<\/a><\/li><li class='ez-toc-page-1 ez-toc-heading-level-2'><a class=\"ez-toc-link ez-toc-heading-7\" href=\"https:\/\/redepermacultura.ufsc.br\/permabrasuca\/fluxos-de-energias\/hidrica\/#referencias_de_suporte\" >Refer\u00eancias de suporte<\/a><\/li><\/ul><\/li><\/ul><\/nav><\/div>\n\n<div class=\"wp-block-group is-nowrap is-layout-flex wp-container-core-group-is-layout-ad2f72ca wp-block-group-is-layout-flex\">\n<p class=\"has-small-font-size\">Atualizado em<\/p>\n\n\n<div class=\"wp-block-post-date__modified-date wp-block-post-date has-small-font-size\"><time datetime=\"2026-01-28T12:00:09-03:00\">28 de janeiro de 2026<\/time><\/div><\/div>\n\n\n\n<p class=\"has-text-align-right\"><em>Arthur Nanni<\/em><\/p>\n\n\n\n<p>O aproveitamento de energia h\u00eddrica \u00e9 muito antigo no Brasil. No passado imigrantes tocavam seus moinhos de farinha e serrarias com a for\u00e7a das \u00e1guas, que hoje ainda podem ser vistas em locais preservados dessa hist\u00f3ria.<\/p>\n\n\n\n<p>Atualmente, o uso mais lembrado da energia h\u00eddrica \u00e9 a transforma\u00e7\u00e3o do movimento das \u00e1guas pela energia da gravidade em energia el\u00e9trica. O Brasil det\u00e9m muitas usinas hidrel\u00e9tricas de grande porte, que apesar de serem classificadas como utilizadoras de energias renov\u00e1veis, s\u00e3o extremamente impactantes, tanto socialmente, quanto ambientalmente, devido ao seu modelo concentrado de gera\u00e7\u00e3o que visa o atendimento a popula\u00e7\u00e3o, mas acima desse, o lucro de grandes corpora\u00e7\u00f5es.<\/p>\n\n\n\n<p>Mas n\u00e3o estamos aqui para referendar o problema, este j\u00e1 bem conhecido e bem escondido. Pretendemos falar de solu\u00e7\u00f5es de pequeno porte, que quando somadas, geram, al\u00e9m de energia, tamb\u00e9m sustentabilidade, autonomia e aumento de resili\u00eancia das pessoas e paisagens.<\/p>\n\n\n\n<p>Neste item descreveremos os aproveitamentos da energia hidrel\u00e9trica em micro escala:<\/p>\n\n\n\n<ul class=\"wp-block-list\">\n<li><a href=\"https:\/\/redepermacultura.ufsc.br\/permabrasuca\/fluxos-de-energias\/hidrica\/#micro_aproveitamento\">Micro aproveitamentos h\u00eddricos<\/a><\/li>\n<\/ul>\n\n\n\n<h1 class=\"wp-block-heading\" id=\"micro_aproveitamento\"><span class=\"ez-toc-section\" id=\"micro_aproveitamentos_hidricos\"><\/span><strong>Micro aproveitamentos h\u00eddricos<\/strong><span class=\"ez-toc-section-end\"><\/span><\/h1>\n\n\n\n<div class=\"wp-block-group is-nowrap is-layout-flex wp-container-core-group-is-layout-ad2f72ca wp-block-group-is-layout-flex\">\n<figure class=\"wp-block-image\"><a href=\"https:\/\/redepermacultura.ufsc.br\/permabrasuca\/wp-content\/uploads\/sites\/6\/2024\/12\/FOD.pdf\"><img decoding=\"async\" width=\"40\" height=\"20\" src=\"http:\/\/redepermacultura.ufsc.br\/permaculturabrasileira\/wp-content\/uploads\/sites\/6\/2022\/09\/fod.png\" alt=\"\" class=\"wp-image-483\"\/><\/a><\/figure>\n\n\n\n<figure class=\"wp-block-image\"><a href=\"https:\/\/redepermacultura.ufsc.br\/permabrasuca\/wp-content\/uploads\/sites\/6\/2024\/12\/FOA.pdf\"><img decoding=\"async\" width=\"40\" height=\"20\" src=\"http:\/\/redepermacultura.ufsc.br\/permaculturabrasileira\/wp-content\/uploads\/sites\/6\/2022\/09\/foa.png\" alt=\"\" class=\"wp-image-491\"\/><\/a><\/figure>\n\n\n\n<figure class=\"wp-block-image\"><a href=\"https:\/\/redepermacultura.ufsc.br\/permabrasuca\/wp-content\/uploads\/sites\/6\/2024\/12\/FOM.pdf\"><img decoding=\"async\" width=\"40\" height=\"20\" src=\"http:\/\/redepermacultura.ufsc.br\/permaculturabrasileira\/wp-content\/uploads\/sites\/6\/2022\/09\/fom.png\" alt=\"\" class=\"wp-image-493\"\/><\/a><\/figure>\n\n\n\n<figure class=\"wp-block-image\"><a href=\"https:\/\/redepermacultura.ufsc.br\/permabrasuca\/wp-content\/uploads\/sites\/6\/2024\/12\/FES.pdf\"><img decoding=\"async\" width=\"40\" height=\"20\" src=\"http:\/\/redepermacultura.ufsc.br\/permaculturabrasileira\/wp-content\/uploads\/sites\/6\/2022\/09\/fes.png\" alt=\"\" class=\"wp-image-492\"\/><\/a><\/figure>\n\n\n\n<figure class=\"wp-block-image\"><a href=\"https:\/\/redepermacultura.ufsc.br\/permabrasuca\/wp-content\/uploads\/sites\/6\/2024\/12\/FED.pdf\"><img decoding=\"async\" width=\"40\" height=\"20\" src=\"http:\/\/redepermacultura.ufsc.br\/permaculturabrasileira\/wp-content\/uploads\/sites\/6\/2022\/09\/fed.png\" alt=\"\" class=\"wp-image-494\"\/><\/a><\/figure>\n\n\n\n<figure class=\"wp-block-image\"><a href=\"https:\/\/redepermacultura.ufsc.br\/permabrasuca\/wp-content\/uploads\/sites\/6\/2024\/12\/CAM.pdf\"><img decoding=\"async\" width=\"40\" height=\"20\" src=\"http:\/\/redepermacultura.ufsc.br\/permaculturabrasileira\/wp-content\/uploads\/sites\/6\/2022\/09\/cam.png\" alt=\"\" class=\"wp-image-496\"\/><\/a><\/figure>\n\n\n\n<figure class=\"wp-block-image\"><a href=\"https:\/\/redepermacultura.ufsc.br\/permabrasuca\/wp-content\/uploads\/sites\/6\/2024\/12\/SAV.pdf\"><img decoding=\"async\" width=\"40\" height=\"20\" src=\"http:\/\/redepermacultura.ufsc.br\/permaculturabrasileira\/wp-content\/uploads\/sites\/6\/2022\/09\/sav.png\" alt=\"\" class=\"wp-image-500\"\/><\/a><\/figure>\n\n\n\n<figure class=\"wp-block-image\"><a href=\"https:\/\/redepermacultura.ufsc.br\/permabrasuca\/wp-content\/uploads\/sites\/6\/2024\/12\/EST.pdf\"><img decoding=\"async\" width=\"40\" height=\"20\" src=\"http:\/\/redepermacultura.ufsc.br\/permaculturabrasileira\/wp-content\/uploads\/sites\/6\/2022\/09\/est.png\" alt=\"\" class=\"wp-image-495\"\/><\/a><\/figure>\n\n\n\n<figure class=\"wp-block-image\"><a href=\"https:\/\/redepermacultura.ufsc.br\/permabrasuca\/wp-content\/uploads\/sites\/6\/2024\/12\/ATE.pdf\"><img decoding=\"async\" width=\"40\" height=\"20\" src=\"http:\/\/redepermacultura.ufsc.br\/permaculturabrasileira\/wp-content\/uploads\/sites\/6\/2022\/09\/ate.png\" alt=\"\" class=\"wp-image-497\"\/><\/a><\/figure>\n\n\n\n<p class=\"has-small-font-size\"><br><\/p>\n<\/div>\n\n\n\n<p class=\"has-small-font-size\">\ud83d\udc46\ud83c\udffcEntenda os <a href=\"https:\/\/redepermacultura.ufsc.br\/permabrasuca\/contextos-fitoecologicos\/\">Contextos fitoecol\u00f3gicos<\/a> onde a t\u00e9cnica \u00e9 adequada <\/p>\n\n\n\n<p><a href=\"https:\/\/redepermacultura.ufsc.br\/permabrasuca\/wp-content\/uploads\/sites\/6\/2024\/12\/FOD.pdf\"><\/a><a href=\"https:\/\/redepermacultura.ufsc.br\/permabrasuca\/wp-content\/uploads\/sites\/6\/2024\/12\/FOA.pdf\"><\/a><a href=\"https:\/\/redepermacultura.ufsc.br\/permabrasuca\/wp-content\/uploads\/sites\/6\/2024\/12\/FOM.pdf\"><\/a><a href=\"https:\/\/redepermacultura.ufsc.br\/permabrasuca\/wp-content\/uploads\/sites\/6\/2024\/12\/FES.pdf\"><\/a><a href=\"https:\/\/redepermacultura.ufsc.br\/permabrasuca\/wp-content\/uploads\/sites\/6\/2024\/12\/FED.pdf\"><\/a><a href=\"https:\/\/redepermacultura.ufsc.br\/permabrasuca\/wp-content\/uploads\/sites\/6\/2024\/12\/ATE.pdf\"><\/a><a href=\"https:\/\/redepermacultura.ufsc.br\/permabrasuca\/wp-content\/uploads\/sites\/6\/2024\/12\/CAM.pdf\"><\/a><a href=\"https:\/\/redepermacultura.ufsc.br\/permabrasuca\/wp-content\/uploads\/sites\/6\/2024\/12\/EST.pdf\"><\/a><a href=\"https:\/\/redepermacultura.ufsc.br\/permabrasuca\/wp-content\/uploads\/sites\/6\/2024\/12\/SAV.pdf\"><\/a><\/p>\n\n\n\n<p>A gera\u00e7\u00e3o de energia hidrel\u00e9trica em pequena escala n\u00e3o \u00e9 uma novidade. Pouco difundida, essa tecnologia segue sendo de dif\u00edcil ado\u00e7\u00e3o em virtude da sua dificuldade operacional, o que muitas vezes inibe sua escolha, tornando-a acess\u00edvel a poucas pessoas que podem bancar custos de aquisi\u00e7\u00e3o, implanta\u00e7\u00e3o e amortiza\u00e7\u00e3o do investimento ao longo do tempo.<\/p>\n\n\n\n<p>Na permacultura, um gerador de energia el\u00e9trica \u00e9 apenas um elemento na paisagem planejada, cuja principal fun\u00e7\u00e3o \u00e9 a convers\u00e3o de energia gravitacional por meio do fluxo das \u00e1guas. Essa gera\u00e7\u00e3o geralmente se utiliza de volumes significativos de \u00e1gua, o que n\u00e3o justificaria sua ado\u00e7\u00e3o na <a href=\"https:\/\/redepermacultura.ufsc.br\/permabrasuca\/conceitos-fundamentais\/planejamento-permacultural\/#analise_elementos\">an\u00e1lise de elementos<\/a>. Mas ent\u00e3o, como agregar mais fun\u00e7\u00f5es ao sistema de \u00e1gua que ser\u00e1 utilizado para gerar esta energia? Ou melhor, como utilizar-se de outras energias no sistema, visto que a gravidade est\u00e1 presente no processo? Ou ainda, como atender outros elementos aproveitando-se da infraestrutura que ser\u00e1 instalada para gerar, tamb\u00e9m, energia el\u00e9trica?<\/p>\n\n\n\n<p>Foi pensando assim que descrevemos a seguir uma experi\u00eancia que aproveita as energias das \u00e1guas e da gravidade associando gera\u00e7\u00e3o de energia, irriga\u00e7\u00e3o, oxigena\u00e7\u00e3o do a\u00e7ude e a disponibiliza\u00e7\u00e3o de pontos de servi\u00e7o com alta press\u00e3o em um espa\u00e7o de vida rural.<\/p>\n\n\n\n<h2 class=\"wp-block-heading\"><span class=\"ez-toc-section\" id=\"caracteristicas\"><\/span>Caracter\u00edsticas<span class=\"ez-toc-section-end\"><\/span><\/h2>\n\n\n\n<p>Um sistema multifun\u00e7\u00e3o, constitu\u00eddo por um percurso sistematizado, que conduz os fluxos de pequenos cursos de \u00e1gua na paisagem e, que tem como objetivo primordial a gera\u00e7\u00e3o de energia hidrel\u00e9trica, mas associa o aproveitamento destes fluxos acelerados pela gravidade para outros usos na paisagem planejada.<\/p>\n\n\n\n<h2 class=\"wp-block-heading\"><span class=\"ez-toc-section\" id=\"necessidades\"><\/span>Necessidades<span class=\"ez-toc-section-end\"><\/span><\/h2>\n\n\n\n<p>A t\u00e9cnica exige uma paisagem onde os volumes de \u00e1guas sejam fartos, a topografia possua bons desn\u00edveis e os cursos d\u2019\u00e1gua perpassem por um m\u00faltiplas <a href=\"https:\/\/redepermacultura.ufsc.br\/permabrasuca\/conceitos-fundamentais\/planejamento-permacultural\/#zonas_posicao\">zonas energ\u00e9ticas<\/a> na paisagem planejada.<\/p>\n\n\n\n<p>Em termos de materiais, o sistema de <strong>capta\u00e7\u00e3o\/condu\u00e7\u00e3o\/adu\u00e7\u00e3o<\/strong> das \u00e1guas exige a instala\u00e7\u00e3o de tubos com perfura\u00e7\u00f5es (filtro), mangueiras, conex\u00f5es, registros, reservat\u00f3rios e tubos. J\u00e1 o sistema de <strong>gera\u00e7\u00e3o<\/strong>, \u00e9 composto de alternador, regulador de voltagem, carregador de baterias e inversores de voltagem. Por fim, no sistema de <strong>irriga\u00e7\u00e3o<\/strong> teremos ainda aspersores, mangueiras e registros.<\/p>\n\n\n\n<p>H\u00e1 necessidade de manuten\u00e7\u00e3o para manter as vaz\u00f5es regularizadas dentro do pretendido. No sistema de irriga\u00e7\u00e3o ser\u00e1 necess\u00e1ria limpeza dos bicos dos aspersores e troca peri\u00f3dica das mangueiras de distribui\u00e7\u00e3o, que se ressecam com o tempo. A oxigena\u00e7\u00e3o das \u00e1guas ser\u00e1 \u201cum brinde\u201d da gera\u00e7\u00e3o, pois ser\u00e1 preciso destinar as \u00e1guas que passam pela MCH para um corpo ou curso de \u00e1gua.<\/p>\n\n\n\n<h2 class=\"wp-block-heading\"><span class=\"ez-toc-section\" id=\"funcoes\"><\/span>Fun\u00e7\u00f5es<span class=\"ez-toc-section-end\"><\/span><\/h2>\n\n\n\n<p>Aproveitar o potencial dos volumes e a ajuda da energia gravitacional para:<\/p>\n\n\n\n<ul class=\"wp-block-list\">\n<li>Irrigar culturas por gravidade;<\/li>\n\n\n\n<li>Ter pontos de servi\u00e7o com alta press\u00e3o;<\/li>\n\n\n\n<li>Oxigenar \u00e1guas de a\u00e7udes de piscicultura;<\/li>\n\n\n\n<li>Gerar de energia el\u00e9trica.<\/li>\n<\/ul>\n\n\n\n<h2 class=\"wp-block-heading\"><span class=\"ez-toc-section\" id=\"a_tecnologia_em_detalhe\"><\/span>A tecnologia em detalhe<span class=\"ez-toc-section-end\"><\/span><\/h2>\n\n\n\n<p>O sistema de micro aproveitamentos h\u00eddricos envolve a utiliza\u00e7\u00e3o dos volumes de \u00e1guas que cortam a paisagem para gerar energia el\u00e9trica, oxigenar \u00e1guas de a\u00e7udes, irrigar e disponibilizar pontos de servi\u00e7o em alta press\u00e3o. A descri\u00e7\u00e3o a seguir abordar\u00e1 cada uma dessas fun\u00e7\u00f5es.<\/p>\n\n\n\n<p>O percurso linear do sistema prev\u00ea a capta\u00e7\u00e3o, estabiliza\u00e7\u00e3o (carga), condu\u00e7\u00e3o for\u00e7ada, gera\u00e7\u00e3o de energia e desvios para outros, como mostra a figura a seguir.<\/p>\n\n\n\n<figure class=\"wp-block-image size-large\"><img decoding=\"async\" width=\"700\" height=\"469\" src=\"https:\/\/redepermacultura.ufsc.br\/permabrasuca\/wp-content\/uploads\/sites\/6\/2025\/11\/micro_usos_agua-700x469.png\" alt=\"\" class=\"wp-image-1800\" srcset=\"https:\/\/redepermacultura.ufsc.br\/permabrasuca\/wp-content\/uploads\/sites\/6\/2025\/11\/micro_usos_agua-700x469.png 700w, https:\/\/redepermacultura.ufsc.br\/permabrasuca\/wp-content\/uploads\/sites\/6\/2025\/11\/micro_usos_agua-300x201.png 300w, https:\/\/redepermacultura.ufsc.br\/permabrasuca\/wp-content\/uploads\/sites\/6\/2025\/11\/micro_usos_agua-768x514.png 768w, https:\/\/redepermacultura.ufsc.br\/permabrasuca\/wp-content\/uploads\/sites\/6\/2025\/11\/micro_usos_agua-1536x1028.png 1536w, https:\/\/redepermacultura.ufsc.br\/permabrasuca\/wp-content\/uploads\/sites\/6\/2025\/11\/micro_usos_agua.png 1734w\" sizes=\"(max-width: 700px) 100vw, 700px\" \/><figcaption class=\"wp-element-caption\"><em>Esquema de capta\u00e7\u00e3o, condu\u00e7\u00e3o (adu\u00e7\u00e3o), estabiliza\u00e7\u00e3o (c\u00e2mara de carga) e conduto for\u00e7ado para gera\u00e7\u00e3o de energia, irriga\u00e7\u00e3o, oxigena\u00e7\u00e3o e ponto de alta press\u00e3o no s\u00edtio Igatu. Ilustra\u00e7\u00e3o de Arthur Nanni.<\/em><\/figcaption><\/figure>\n\n\n\n<p>A capta\u00e7\u00e3o no curso h\u00eddrico pode ser feita com tubula\u00e7\u00f5es facilmente encontradas nas lojas de materiais de constru\u00e7\u00e3o como tubos de PVC de 100mm, que s\u00e3o perfurados para fazer uma filtragem de part\u00edculas grossas como galhos e gr\u00e3os de areia.<\/p>\n\n\n\n<p>Sugere-se que as perfura\u00e7\u00f5es sejam feitas com broca 3mm para uso direto das \u00e1guas na turbina geradora. Caso seja instalada chave-boia na c\u00e2mara de carga, \u00e9 melhor usar uma broca de 1mm, ou mesmo, tubos geomec\u00e2nicos de filtro com ranhuras com espessuras entre 0,75 e 1mm, para evitar a diminui\u00e7\u00e3o dos volumes em virtude da sujeira na chave-boia e, a consequente parada de entrada de \u00e1gua no sistema.<\/p>\n\n\n\n<figure class=\"wp-block-image size-large\"><img decoding=\"async\" width=\"700\" height=\"393\" src=\"https:\/\/redepermacultura.ufsc.br\/permabrasuca\/wp-content\/uploads\/sites\/6\/2025\/11\/captacao_geomecanico-700x393.png\" alt=\"\" class=\"wp-image-1801\" srcset=\"https:\/\/redepermacultura.ufsc.br\/permabrasuca\/wp-content\/uploads\/sites\/6\/2025\/11\/captacao_geomecanico-700x393.png 700w, https:\/\/redepermacultura.ufsc.br\/permabrasuca\/wp-content\/uploads\/sites\/6\/2025\/11\/captacao_geomecanico-300x169.png 300w, https:\/\/redepermacultura.ufsc.br\/permabrasuca\/wp-content\/uploads\/sites\/6\/2025\/11\/captacao_geomecanico-768x431.png 768w, https:\/\/redepermacultura.ufsc.br\/permabrasuca\/wp-content\/uploads\/sites\/6\/2025\/11\/captacao_geomecanico-600x338.png 600w, https:\/\/redepermacultura.ufsc.br\/permabrasuca\/wp-content\/uploads\/sites\/6\/2025\/11\/captacao_geomecanico.png 1200w\" sizes=\"(max-width: 700px) 100vw, 700px\" \/><figcaption class=\"wp-element-caption\"><em>Capta\u00e7\u00e3o com tubos geomec\u00e2nicos de 100mm em 2m de comprimento e redu\u00e7\u00e3o para mangueira de 50mm. No detalhe o tipo de tubo geomec\u00e2nico de filtro. Foto de Arthur Nanni.<\/em><\/figcaption><\/figure>\n\n\n\n<p>A condu\u00e7\u00e3o das \u00e1guas captadas deve ser feita por mangueiras ou tubos, sendo que geralmente as mangueiras s\u00e3o menos onerosas. No passado, canais paralelos aos cursos d\u2019\u00e1gua venciam essa etapa, movendo os moinhos.<\/p>\n\n\n\n<p>A partir da capta\u00e7\u00e3o h\u00e1 duas op\u00e7\u00f5es de condu\u00e7\u00e3o das \u00e1guas, levar a mangueira no eixo do curso d\u2019\u00e1gua e aproveitar o desn\u00edvel do leito e eventuais quedas ou, instalar a mangueira em uma trilha ou acesso que permita conduzir a \u00e1gua por longa dist\u00e2ncia e pequeno desn\u00edvel, at\u00e9 chegar a algum ponto mais declivoso no terreno, buscando potencializar a velocidade por meio de um conduto for\u00e7ado. No s\u00edtio Igatu optou-se por fazer a adu\u00e7\u00e3o das \u00e1guas por uma trilha existente utilizada para a manuten\u00e7\u00e3o das capta\u00e7\u00f5es de \u00e1guas usadas para o consumo humano.<\/p>\n\n\n\n<p>Antes de acessar o conduto for\u00e7ado, \u00e9 necess\u00e1ria a implanta\u00e7\u00e3o de uma c\u00e2mara de carga para estabilizar a press\u00e3o com uma coluna de \u00e1gua dentro do reservat\u00f3rio de 1000L. Essa estabiliza\u00e7\u00e3o evitar\u00e1 o colapso da mangueira de adu\u00e7\u00e3o, que pode se fechar com a alta press\u00e3o. Caso sejam usados tubos para instala\u00e7\u00e3o hidr\u00e1ulica, que suportam altas press\u00f5es, essa caixa pode ser dispensada, por\u00e9m, ser\u00e1 perdido tamb\u00e9m, um ponto de exaust\u00e3o de bolhas de ar, que s\u00e3o inerentes a fluidez das \u00e1guas nas tubula\u00e7\u00f5es.<\/p>\n\n\n\n<p>Na c\u00e2mara de carga pode-se usar o excedente de \u00e1guas (vertedouro) para irriga\u00e7\u00e3o por gravidade em encostas convexas, uma vez que j\u00e1 foi feito o transporte e a reloca\u00e7\u00e3o de seus volumes, conferindo uma fun\u00e7\u00e3o adicional ao sistema. Caso n\u00e3o seja utilizada para esse fim, pode-se operar com uma chave-boia de alta vaz\u00e3o. \u00c9 importante cuidar desse excedente, pois se a caixa extravasar, os volumes ir\u00e3o saturar os solos no entorno da caixa, podendo causar a instabiliza\u00e7\u00e3o e eventual ruptura do terreno.<\/p>\n\n\n\n<p>A c\u00e2mara de carga deve contar com sa\u00edda lateral de alta vaz\u00e3o &#8211; 50mm ou mais &#8211; deixando-se alguns cent\u00edmetros acima do fundo, para promover a decanta\u00e7\u00e3o dos sedimentos. Uma flange no centro do fundo (32mm) pode ser instalada para termos uma sa\u00edda de limpeza desses sedimentos. A pr\u00f3xima etapa da condu\u00e7\u00e3o envolve o conduto for\u00e7ado, constitu\u00eddo por um tubo de bitola de 50mm que seguir\u00e1 at\u00e9 a gera\u00e7\u00e3o e morro abaixo.<\/p>\n\n\n\n<p>Dica: pode-se medir o desn\u00edvel entre o ponto de gera\u00e7\u00e3o e a c\u00e2mara de carga utilizando-se mangueira de n\u00edvel, dois bambus e fitas m\u00e9tricas de costura, registrando-se os intervalos em uma planilha e, posteriormente, somando-se esses intervalos para obten\u00e7\u00e3o do desn\u00edvel total. Esse valor ajudar\u00e1 a entender as capacidades de press\u00e3o e potencial de produ\u00e7\u00e3o. Caso deseje, \u00e9 poss\u00edvel instalar um man\u00f4metro na parte inferior da tubula\u00e7\u00e3o do conduto for\u00e7ado.<\/p>\n\n\n\n<p>Na base do conduto for\u00e7ado, sugere-se a instala\u00e7\u00e3o de um \u201cT\u201d para distribui\u00e7\u00e3o das \u00e1guas para outros fins, como a irriga\u00e7\u00e3o e disponibiliza\u00e7\u00e3o de pontos de alta press\u00e3o ao longo das demais zonas energ\u00e9ticas, como feito no s\u00edtio Igatu, atribuindo 4 fun\u00e7\u00f5es ao sistema, aqui considerado como um <a href=\"https:\/\/redepermacultura.ufsc.br\/permabrasuca\/conceitos-fundamentais\/planejamento-permacultural\/#analise_elementos\">elemento<\/a> na paisagem planejada.<\/p>\n\n\n\n<figure class=\"wp-block-image size-large\"><img decoding=\"async\" width=\"700\" height=\"491\" src=\"https:\/\/redepermacultura.ufsc.br\/permabrasuca\/wp-content\/uploads\/sites\/6\/2025\/11\/aducao_conduto-700x491.png\" alt=\"\" class=\"wp-image-1804\" srcset=\"https:\/\/redepermacultura.ufsc.br\/permabrasuca\/wp-content\/uploads\/sites\/6\/2025\/11\/aducao_conduto-700x491.png 700w, https:\/\/redepermacultura.ufsc.br\/permabrasuca\/wp-content\/uploads\/sites\/6\/2025\/11\/aducao_conduto-300x210.png 300w, https:\/\/redepermacultura.ufsc.br\/permabrasuca\/wp-content\/uploads\/sites\/6\/2025\/11\/aducao_conduto-768x538.png 768w, https:\/\/redepermacultura.ufsc.br\/permabrasuca\/wp-content\/uploads\/sites\/6\/2025\/11\/aducao_conduto.png 1200w\" sizes=\"(max-width: 700px) 100vw, 700px\" \/><figcaption class=\"wp-element-caption\"><em>Trecho da adu\u00e7\u00e3o na trilha, seguido da sua chegada na c\u00e2mara de carga e a chegada do conduto for\u00e7ado na micro central hidrel\u00e9trica (MCH). Ilustra\u00e7\u00e3o de Arthur Nanni.<\/em><\/figcaption><\/figure>\n\n\n\n<p>Ao chegar na gera\u00e7\u00e3o, sugere-se a coloca\u00e7\u00e3o de um registro que permitir\u00e1 tanto a manuten\u00e7\u00e3o do sistema, desvio para o sistema de irriga\u00e7\u00e3o e para defini\u00e7\u00e3o dos volumes que ir\u00e3o acionar a roda Pelton que mover\u00e1 o alternador, que ir\u00e1 transformar a energia hidr\u00e1ulica promovida pelos volumes de fluxo estimulados pela gravidade, convertendo-os em energia el\u00e9trica.<\/p>\n\n\n\n<p>Existem diferentes alternadores no mercado. No sistema que descrevemos, foi utilizado um com 3 fases em corrente alternada que produz cerca de 120V em sua capacidade m\u00e1xima (vaz\u00e3o m\u00e1xima). A gera\u00e7\u00e3o produz ru\u00eddos de funcionamento pelo alternador, ent\u00e3o, sugere-se a constru\u00e7\u00e3o de uma caixa seca de prote\u00e7\u00e3o com paredes que sirvam de isolante ac\u00fastico.<\/p>\n\n\n\n<figure class=\"wp-block-image size-large\"><img decoding=\"async\" width=\"700\" height=\"947\" src=\"https:\/\/redepermacultura.ufsc.br\/permabrasuca\/wp-content\/uploads\/sites\/6\/2025\/11\/mch_cobertura-700x947.png\" alt=\"\" class=\"wp-image-1807\" srcset=\"https:\/\/redepermacultura.ufsc.br\/permabrasuca\/wp-content\/uploads\/sites\/6\/2025\/11\/mch_cobertura-700x947.png 700w, https:\/\/redepermacultura.ufsc.br\/permabrasuca\/wp-content\/uploads\/sites\/6\/2025\/11\/mch_cobertura-222x300.png 222w, https:\/\/redepermacultura.ufsc.br\/permabrasuca\/wp-content\/uploads\/sites\/6\/2025\/11\/mch_cobertura-768x1039.png 768w, https:\/\/redepermacultura.ufsc.br\/permabrasuca\/wp-content\/uploads\/sites\/6\/2025\/11\/mch_cobertura-1136x1536.png 1136w, https:\/\/redepermacultura.ufsc.br\/permabrasuca\/wp-content\/uploads\/sites\/6\/2025\/11\/mch_cobertura.png 1175w\" sizes=\"(max-width: 700px) 100vw, 700px\" \/><figcaption class=\"wp-element-caption\"><em>Micro central hidrel\u00e9trica (MCH) geral e detalhe da caixa seca. Ilustra\u00e7\u00e3o de Arthur Nanni.<\/em><\/figcaption><\/figure>\n\n\n\n<p>O alternador deve ser fixado em uma base de alvenaria, que chamamos de caixa molhada, onde fica a roda Pelton. Essa caixa deve contar com uma sa\u00edda para as \u00e1guas no seu fundo. No sistema descrito foi utilizado um tubo de 75mm branco. Esse tubo deve seguir para os corpos h\u00eddricos de destino, como no caso, um a\u00e7ude que depois retorna ao curso original onde foi captada a \u00e1gua em ponto mais elevado. Esse retorno ao a\u00e7ude colocar\u00e1 uma \u00e1gua mais oxigenada, auxiliando na piscicultura.<\/p>\n\n\n\n<p>A partir da gera\u00e7\u00e3o, temos de conduzir a energia convertida em el\u00e9trica para a pen\u00faltima etapa, o arm\u00e1rio de armazenamento com baterias e a convers\u00e3o da tens\u00e3o para disponibiliza\u00e7\u00e3o no circu\u00edto el\u00e9trico da casa. Essa etapa pode ser suprimida se desejar usar diretamente a energia que foi produzida, sendo necess\u00e1rio apenas a retifica\u00e7\u00e3o da tens\u00e3o.<\/p>\n\n\n\n<p>No s\u00edtio Igatu optou-se pela ado\u00e7\u00e3o de um banco de baterias, que oferece uma autonomia maior e a estabiliza\u00e7\u00e3o da carga para ser utilizada em diferentes aplica\u00e7\u00f5es. Assim, ao chegarem no arm\u00e1rio, as 3 fases em corrente alternada s\u00e3o retificadas para estarem entre 90V e 240V, que \u00e9 a faixa de trabalho do carregador de baterias. Assim, temos uma segunda convers\u00e3o de corrente alternada para cont\u00ednua para poder carregar as baterias, que somam 180A\/h em 24V.<\/p>\n\n\n\n<p>Do carregador passa-se a energia em corrente cont\u00ednua em 24V para um inversor que transformar\u00e1 a corrente em alternada novamente, para ser distribu\u00edda no circu\u00edto de l\u00e2mpadas, modem e computador na casa (zona 0), como mostra a ilustra\u00e7\u00e3o a seguir.<\/p>\n\n\n\n<figure class=\"wp-block-image size-large\"><img decoding=\"async\" width=\"700\" height=\"466\" src=\"https:\/\/redepermacultura.ufsc.br\/permabrasuca\/wp-content\/uploads\/sites\/6\/2025\/11\/mch_armario_detalhe-700x466.png\" alt=\"\" class=\"wp-image-1810\" srcset=\"https:\/\/redepermacultura.ufsc.br\/permabrasuca\/wp-content\/uploads\/sites\/6\/2025\/11\/mch_armario_detalhe-700x466.png 700w, https:\/\/redepermacultura.ufsc.br\/permabrasuca\/wp-content\/uploads\/sites\/6\/2025\/11\/mch_armario_detalhe-300x200.png 300w, https:\/\/redepermacultura.ufsc.br\/permabrasuca\/wp-content\/uploads\/sites\/6\/2025\/11\/mch_armario_detalhe-768x512.png 768w, https:\/\/redepermacultura.ufsc.br\/permabrasuca\/wp-content\/uploads\/sites\/6\/2025\/11\/mch_armario_detalhe.png 1195w\" sizes=\"(max-width: 700px) 100vw, 700px\" \/><figcaption class=\"wp-element-caption\"><em>Detalhe dos itens para o carregamento, armazenamento, invers\u00e3o e distribui\u00e7\u00e3o da energia no arm\u00e1rio da MCH. Ilustra\u00e7\u00e3o de Arthur Nanni.<\/em><\/figcaption><\/figure>\n\n\n\n<p>\u00c9 importante entender que esse \u00e9 um microaproveitamento, pois a gera\u00e7\u00e3o consome 1,25L\/s de \u00e1gua para manter uma carga de aproximadamente 100W de consumo. Se houver maior disponibilidade de vaz\u00e3o e queda, outros valores de produ\u00e7\u00e3o poder\u00e3o ser alcan\u00e7ados, assim, a gera\u00e7\u00e3o depender\u00e1 do contexto de cada paisagem.<\/p>\n\n\n\n<p>O suporte a piscicultura se d\u00e1 no processo de oxigena\u00e7\u00e3o do a\u00e7ude\/tanque, pois, ao passar pela MCH em alta press\u00e3o, as \u00e1guas s\u00e3o submetidas a um fluxo turbulento que agrega oxig\u00eanio e \u00e9 lan\u00e7ado no a\u00e7ude.<\/p>\n\n\n\n<p>Na irriga\u00e7\u00e3o fez-se uso de microaspersores instalados de ponta-cabe\u00e7a sobre os canteiros redondos na zona 1. A alta press\u00e3o permite o acionamento destes microasperssores com a abertura de um registro, que ativa todas as linhas de irriga\u00e7\u00e3o que foram instaladas no alinhamento dos canteiros. Atualmente o sistema est\u00e1 desativado.<\/p>\n\n\n\n<p>O ponto de alta press\u00e3o foi locado junto a oficina na zona 0, visando atender usos que exigem jatos de \u00e1gua, como limpeza de ch\u00e3o e ve\u00edculos.<\/p>\n\n\n\n<figure class=\"wp-block-image size-large\"><img decoding=\"async\" width=\"700\" height=\"394\" src=\"https:\/\/redepermacultura.ufsc.br\/permabrasuca\/wp-content\/uploads\/sites\/6\/2025\/11\/irrigacao-1-700x394.png\" alt=\"\" class=\"wp-image-1820\" srcset=\"https:\/\/redepermacultura.ufsc.br\/permabrasuca\/wp-content\/uploads\/sites\/6\/2025\/11\/irrigacao-1-700x394.png 700w, https:\/\/redepermacultura.ufsc.br\/permabrasuca\/wp-content\/uploads\/sites\/6\/2025\/11\/irrigacao-1-300x169.png 300w, https:\/\/redepermacultura.ufsc.br\/permabrasuca\/wp-content\/uploads\/sites\/6\/2025\/11\/irrigacao-1-768x432.png 768w, https:\/\/redepermacultura.ufsc.br\/permabrasuca\/wp-content\/uploads\/sites\/6\/2025\/11\/irrigacao-1-600x338.png 600w, https:\/\/redepermacultura.ufsc.br\/permabrasuca\/wp-content\/uploads\/sites\/6\/2025\/11\/irrigacao-1.png 1195w\" sizes=\"(max-width: 700px) 100vw, 700px\" \/><figcaption class=\"wp-element-caption\"><em>Sistema de irriga\u00e7\u00e3o e ponto de alta press\u00e3o na zona 1 do s\u00edtio Igatu. Ilustra\u00e7\u00e3o de Arthur Nanni.<\/em><\/figcaption><\/figure>\n\n\n\n<p>\u00c9 importante ter em mente que esse \u00e9 um microaproveitamento e que a gera\u00e7\u00e3o de energia el\u00e9trica tem como objetivo primordial a autonomia de l\u00e2mpadas, um ponto para um computador e outro para o modem. O sistema tem permitido atravessar as noites &#8211; per\u00edodo de pico &#8211; e segue durante o dia e a noite carregando o banco de baterias para um novo ciclo de uso.<\/p>\n\n\n\n<h2 class=\"wp-block-heading\"><span class=\"ez-toc-section\" id=\"verificacao_de_aplicacao\"><\/span>Verifica\u00e7\u00e3o de aplica\u00e7\u00e3o<span class=\"ez-toc-section-end\"><\/span><\/h2>\n\n\n\n<p>A t\u00e9cnica e a tecnologia social foram verificadas em outubro de 2025 no s\u00edtio Igatu em S\u00e3o Pedro de Alc\u00e2ntara\/SC, onde funciona a unidade experimental do NEPerma\/UFSC.<\/p>\n\n\n\n<p>O sistema \u00e9 frequentemente apresentado a estudantes de escolas e universidades, o que confere mais uma fun\u00e7\u00e3o, a pedag\u00f3gica.<\/p>\n\n\n\n<figure class=\"wp-block-image size-large is-resized\"><img decoding=\"async\" width=\"700\" height=\"935\" src=\"https:\/\/redepermacultura.ufsc.br\/permabrasuca\/wp-content\/uploads\/sites\/6\/2025\/11\/theo_mch-700x935.png\" alt=\"\" class=\"wp-image-1814\" style=\"width:390px;height:auto\" srcset=\"https:\/\/redepermacultura.ufsc.br\/permabrasuca\/wp-content\/uploads\/sites\/6\/2025\/11\/theo_mch-700x935.png 700w, https:\/\/redepermacultura.ufsc.br\/permabrasuca\/wp-content\/uploads\/sites\/6\/2025\/11\/theo_mch-225x300.png 225w, https:\/\/redepermacultura.ufsc.br\/permabrasuca\/wp-content\/uploads\/sites\/6\/2025\/11\/theo_mch-768x1026.png 768w, https:\/\/redepermacultura.ufsc.br\/permabrasuca\/wp-content\/uploads\/sites\/6\/2025\/11\/theo_mch-200x268.png 200w, https:\/\/redepermacultura.ufsc.br\/permabrasuca\/wp-content\/uploads\/sites\/6\/2025\/11\/theo_mch.png 958w\" sizes=\"(max-width: 700px) 100vw, 700px\" \/><figcaption class=\"wp-element-caption\"><em>Theo Nanni apresentando a MCH a um grupo de estudantes da UFSC. Foto de Lucas Albuquerque do Nascimento.<\/em><\/figcaption><\/figure>\n\n\n\n<h2 class=\"wp-block-heading\"><span class=\"ez-toc-section\" id=\"referencias_de_suporte\"><\/span>Refer\u00eancias de suporte<span class=\"ez-toc-section-end\"><\/span><\/h2>\n\n\n\n<p>Frizzo, A. Z. (2024). Estudo para implanta\u00e7\u00e3o de um Micro Central Hidrel\u00e9trica (MCH) em uma propriedade privada no munic\u00edpio de Bento Gon\u00e7alves\/RS. <a href=\"https:\/\/repositorio.ucs.br\/xmlui\/handle\/11338\/13642\">https:\/\/repositorio.ucs.br\/xmlui\/handle\/11338\/13642<\/a>&nbsp;<\/p>\n\n\n\n<p>How to Plan a Mini Hydro Power Project\u2014Energypedia. (s. d.). Recuperado 12 de novembro de 2025, de <a href=\"https:\/\/energypedia.info\/wiki\/How_to_Plan_a_Mini_Hydro_Power_Project\">https:\/\/energypedia.info\/wiki\/How_to_Plan_a_Mini_Hydro_Power_Project<\/a>&nbsp;Le\u00e3o, F. R. (2012). Dimensionamento de uma pequena barragem de terra para produ\u00e7\u00e3o de energia hidrel\u00e9trica e irriga\u00e7\u00e3o em uma propriedade rural. <a href=\"https:\/\/repositorio.ueg.br\/jspui\/\/handle\/riueg\/4698\">https:\/\/repositorio.ueg.br\/jspui\/\/handle\/riueg\/4698<\/a><\/p>\n","protected":false},"excerpt":{"rendered":"<p>Atualizado em Arthur Nanni O aproveitamento de energia h\u00eddrica \u00e9 muito antigo no Brasil. No passado imigrantes tocavam seus moinhos de farinha e serrarias com a for\u00e7a das \u00e1guas, que hoje ainda podem ser vistas em locais preservados dessa hist\u00f3ria. Atualmente, o uso mais lembrado da energia h\u00eddrica \u00e9 a transforma\u00e7\u00e3o do movimento das \u00e1guas [&hellip;]<\/p>\n","protected":false},"author":1,"featured_media":0,"parent":37,"menu_order":4,"comment_status":"closed","ping_status":"closed","template":"","meta":{"footnotes":""},"coauthors":[2],"class_list":["post-147","page","type-page","status-publish","hentry"],"_links":{"self":[{"href":"https:\/\/redepermacultura.ufsc.br\/permabrasuca\/wp-json\/wp\/v2\/pages\/147","targetHints":{"allow":["GET"]}}],"collection":[{"href":"https:\/\/redepermacultura.ufsc.br\/permabrasuca\/wp-json\/wp\/v2\/pages"}],"about":[{"href":"https:\/\/redepermacultura.ufsc.br\/permabrasuca\/wp-json\/wp\/v2\/types\/page"}],"author":[{"embeddable":true,"href":"https:\/\/redepermacultura.ufsc.br\/permabrasuca\/wp-json\/wp\/v2\/users\/1"}],"replies":[{"embeddable":true,"href":"https:\/\/redepermacultura.ufsc.br\/permabrasuca\/wp-json\/wp\/v2\/comments?post=147"}],"version-history":[{"count":21,"href":"https:\/\/redepermacultura.ufsc.br\/permabrasuca\/wp-json\/wp\/v2\/pages\/147\/revisions"}],"predecessor-version":[{"id":2294,"href":"https:\/\/redepermacultura.ufsc.br\/permabrasuca\/wp-json\/wp\/v2\/pages\/147\/revisions\/2294"}],"up":[{"embeddable":true,"href":"https:\/\/redepermacultura.ufsc.br\/permabrasuca\/wp-json\/wp\/v2\/pages\/37"}],"wp:attachment":[{"href":"https:\/\/redepermacultura.ufsc.br\/permabrasuca\/wp-json\/wp\/v2\/media?parent=147"}],"wp:term":[{"taxonomy":"author","embeddable":true,"href":"https:\/\/redepermacultura.ufsc.br\/permabrasuca\/wp-json\/wp\/v2\/coauthors?post=147"}],"curies":[{"name":"wp","href":"https:\/\/api.w.org\/{rel}","templated":true}]}}