{"id":144,"date":"2021-11-30T11:38:29","date_gmt":"2021-11-30T14:38:29","guid":{"rendered":"http:\/\/redepermacultura.ufsc.br\/permaculturabrasileira\/?page_id=144"},"modified":"2025-12-24T19:06:09","modified_gmt":"2025-12-24T22:06:09","slug":"eolicas","status":"publish","type":"page","link":"https:\/\/redepermacultura.ufsc.br\/permabrasuca\/fluxos-de-energias\/eolicas\/","title":{"rendered":"E\u00f3lica"},"content":{"rendered":"<div id=\"ez-toc-container\" class=\"ez-toc-v2_0_82_2 ez-toc-wrap-left counter-hierarchy ez-toc-counter ez-toc-transparent ez-toc-container-direction\">\n<label for=\"ez-toc-cssicon-toggle-item-69f560bc58893\" class=\"ez-toc-cssicon-toggle-label\"><p class=\"ez-toc-title\" style=\"cursor:inherit\">Veja aqui<\/p>\n<span class=\"ez-toc-cssicon\"><span class=\"eztoc-hide\" style=\"display:none;\">Toggle<\/span><span class=\"ez-toc-icon-toggle-span\"><svg style=\"fill: #999;color:#999\" xmlns=\"http:\/\/www.w3.org\/2000\/svg\" class=\"list-377408\" width=\"20px\" height=\"20px\" viewBox=\"0 0 24 24\" fill=\"none\"><path d=\"M6 6H4v2h2V6zm14 0H8v2h12V6zM4 11h2v2H4v-2zm16 0H8v2h12v-2zM4 16h2v2H4v-2zm16 0H8v2h12v-2z\" fill=\"currentColor\"><\/path><\/svg><svg style=\"fill: #999;color:#999\" class=\"arrow-unsorted-368013\" xmlns=\"http:\/\/www.w3.org\/2000\/svg\" width=\"10px\" height=\"10px\" viewBox=\"0 0 24 24\" version=\"1.2\" baseProfile=\"tiny\"><path d=\"M18.2 9.3l-6.2-6.3-6.2 6.3c-.2.2-.3.4-.3.7s.1.5.3.7c.2.2.4.3.7.3h11c.3 0 .5-.1.7-.3.2-.2.3-.5.3-.7s-.1-.5-.3-.7zM5.8 14.7l6.2 6.3 6.2-6.3c.2-.2.3-.5.3-.7s-.1-.5-.3-.7c-.2-.2-.4-.3-.7-.3h-11c-.3 0-.5.1-.7.3-.2.2-.3.5-.3.7s.1.5.3.7z\"\/><\/svg><\/span><\/span><\/label><input type=\"checkbox\"  id=\"ez-toc-cssicon-toggle-item-69f560bc58893\" checked \/><nav><ul class='ez-toc-list ez-toc-list-level-1 ' ><li class='ez-toc-page-1 ez-toc-heading-level-1'><a class=\"ez-toc-link ez-toc-heading-1\" href=\"https:\/\/redepermacultura.ufsc.br\/permabrasuca\/fluxos-de-energias\/eolicas\/#ventos_fracos_em_vales_fechados\" >Ventos fracos em vales fechados<\/a><ul class='ez-toc-list-level-2' ><li class='ez-toc-heading-level-2'><a class=\"ez-toc-link ez-toc-heading-2\" href=\"https:\/\/redepermacultura.ufsc.br\/permabrasuca\/fluxos-de-energias\/eolicas\/#caracteristicas\" >Caracter\u00edsticas<\/a><\/li><li class='ez-toc-page-1 ez-toc-heading-level-2'><a class=\"ez-toc-link ez-toc-heading-3\" href=\"https:\/\/redepermacultura.ufsc.br\/permabrasuca\/fluxos-de-energias\/eolicas\/#necessidades\" >Necessidades<\/a><\/li><li class='ez-toc-page-1 ez-toc-heading-level-2'><a class=\"ez-toc-link ez-toc-heading-4\" href=\"https:\/\/redepermacultura.ufsc.br\/permabrasuca\/fluxos-de-energias\/eolicas\/#funcoes\" >Fun\u00e7\u00f5es<\/a><\/li><li class='ez-toc-page-1 ez-toc-heading-level-2'><a class=\"ez-toc-link ez-toc-heading-5\" href=\"https:\/\/redepermacultura.ufsc.br\/permabrasuca\/fluxos-de-energias\/eolicas\/#as_tecnicas_em_detalhe\" >As t\u00e9cnicas em detalhe<\/a><\/li><li class='ez-toc-page-1 ez-toc-heading-level-2'><a class=\"ez-toc-link ez-toc-heading-6\" href=\"https:\/\/redepermacultura.ufsc.br\/permabrasuca\/fluxos-de-energias\/eolicas\/#verificacao_de_aplicacao\" >Verifica\u00e7\u00e3o de aplica\u00e7\u00e3o<\/a><\/li><li class='ez-toc-page-1 ez-toc-heading-level-2'><a class=\"ez-toc-link ez-toc-heading-7\" href=\"https:\/\/redepermacultura.ufsc.br\/permabrasuca\/fluxos-de-energias\/eolicas\/#referencias_de_suporte\" >Refer\u00eancias de suporte<\/a><\/li><\/ul><\/li><\/ul><\/nav><\/div>\n\n<div class=\"wp-block-group is-nowrap is-layout-flex wp-container-core-group-is-layout-ad2f72ca wp-block-group-is-layout-flex\">\n<p class=\"has-small-font-size\">Atualizado em&nbsp;<\/p>\n\n\n<div class=\"wp-block-post-date__modified-date wp-block-post-date has-small-font-size\"><time datetime=\"2025-12-24T19:06:09-03:00\">24 de dezembro de 2025<\/time><\/div><\/div>\n\n\n\n<p class=\"has-text-align-right\"><em>Arthur Nanni<\/em><\/p>\n\n\n\n<p>A energia e\u00f3lica est\u00e1 intimamente vinculada \u00e0 do sol, pois o aquecimento de superf\u00edcies com diferentes <a href=\"https:\/\/pt.wikipedia.org\/wiki\/Albedo\">albedos<\/a> ir\u00e1 produzir \u00e1reas com diferentes press\u00f5es, gerando assim as condi\u00e7\u00f5es para o fluir dos ventos. N\u00e3o \u00e0 toa, desertos secos geralmente apresentam muita insola\u00e7\u00e3o e ventos persistentes.<\/p>\n\n\n\n<p>Ventos mais intensos est\u00e3o geralmente presentes em paisagens vinculadas \u00e0 plan\u00edcies costeiras e de vales abertos. Aparecem tamb\u00e9m em planaltos e topos de serras e chapadas onde a altitude exp\u00f5e estas eleva\u00e7\u00f5es permitindo o fluir mais intenso do ar. Indicadores podem dar uma ideia dessa intensidade, como \u00e1rvores com crescimento pendendo para uma dire\u00e7\u00e3o, como \u00e9 o caso da Chapada do Araripe no Cear\u00e1.<\/p>\n\n\n\n<figure class=\"wp-block-image size-large\"><img decoding=\"async\" width=\"700\" height=\"394\" src=\"https:\/\/redepermacultura.ufsc.br\/permabrasuca\/wp-content\/uploads\/sites\/6\/2025\/12\/chapada_araripe-700x394.jpg\" alt=\"\" class=\"wp-image-2049\" srcset=\"https:\/\/redepermacultura.ufsc.br\/permabrasuca\/wp-content\/uploads\/sites\/6\/2025\/12\/chapada_araripe-700x394.jpg 700w, https:\/\/redepermacultura.ufsc.br\/permabrasuca\/wp-content\/uploads\/sites\/6\/2025\/12\/chapada_araripe-300x169.jpg 300w, https:\/\/redepermacultura.ufsc.br\/permabrasuca\/wp-content\/uploads\/sites\/6\/2025\/12\/chapada_araripe-768x432.jpg 768w, https:\/\/redepermacultura.ufsc.br\/permabrasuca\/wp-content\/uploads\/sites\/6\/2025\/12\/chapada_araripe-600x338.jpg 600w, https:\/\/redepermacultura.ufsc.br\/permabrasuca\/wp-content\/uploads\/sites\/6\/2025\/12\/chapada_araripe.jpg 1200w\" sizes=\"(max-width: 700px) 100vw, 700px\" \/><figcaption class=\"wp-element-caption\"><em>Palmeira com copa pendente para Noroeste indicando ventos persistentes do quadrante Sudeste na BR-122 na Chapada do Araripe em Pernambuco. Foto de Arthur Nanni.<\/em><\/figcaption><\/figure>\n\n\n\n<p>J\u00e1, ventos de baixa intensidade s\u00e3o geralmente negligenciados em nosso dia-a-dia, mas se olharmos atentamente eles est\u00e3o presentes em todas as pequenas tarefas que a natureza realiza moldando paisagens, deslocando nuvens para criar chuvas, transportando p\u00f3lens e gerando frutos e, claro, sendo transformado em outras energias, como a el\u00e9trica, gerada por meio de aerogeradores.<\/p>\n\n\n\n<p>Assim, a energia dos ventos est\u00e1 mais presente do que voc\u00ea pensa no dia-a-dia, podendo ser aproveitada para promover a ventila\u00e7\u00e3o de casas, auxiliar no manejo da biomassa, desidratar folhas e frutos e no desenvolvimento de cultivos quando os ventos precisam ser atenuados por quebra-ventos para minimizar a desidrata\u00e7\u00e3o das plantas e, at\u00e9 mesmo, evitar preju\u00edzos com arrancamento e tombamentos de \u00e1rvores.<\/p>\n\n\n\n<p>O aproveitamento dos ventos na permacultura pode ser feito de diversas formas buscando sempre otimizar a efici\u00eancia energ\u00e9tica e aumentar resili\u00eancia da paisagem planejada. O uso criativo e racional atenta para os princ\u00edpios de <a href=\"https:\/\/redepermacultura.ufsc.br\/permabrasuca\/conceitos-fundamentais\/etica-e-principios-de-planejamento\/#principio01\">observa\u00e7\u00e3o<\/a>, <a href=\"https:\/\/redepermacultura.ufsc.br\/permabrasuca\/conceitos-fundamentais\/etica-e-principios-de-planejamento\/#principio02\">capta\u00e7\u00e3o de energia<\/a> e <a href=\"https:\/\/redepermacultura.ufsc.br\/permabrasuca\/conceitos-fundamentais\/etica-e-principios-de-planejamento\/#principio08\">integra\u00e7\u00e3o<\/a>.<\/p>\n\n\n\n<p>Dessa forma, buscamos aproveitar todas as manifesta\u00e7\u00f5es da energia e\u00f3lica, independente da sua intensidade. Nesse sentido, trazemos a seguir algumas tecnologias e t\u00e9cnicas que nos auxiliam a enxergar o potencial de aproveitamento de cada fluxo de ar que cruza a paisagem.<\/p>\n\n\n\n<h1 class=\"wp-block-heading\" id=\"ventos_vale\"><span class=\"ez-toc-section\" id=\"ventos_fracos_em_vales_fechados\"><\/span>Ventos fracos em vales fechados<span class=\"ez-toc-section-end\"><\/span><\/h1>\n\n\n\n<div class=\"wp-block-group is-nowrap is-layout-flex wp-container-core-group-is-layout-ad2f72ca wp-block-group-is-layout-flex\">\n<figure class=\"wp-block-image\"><a href=\"https:\/\/redepermacultura.ufsc.br\/permabrasuca\/wp-content\/uploads\/sites\/6\/2024\/12\/FOD.pdf\"><img decoding=\"async\" width=\"40\" height=\"20\" src=\"http:\/\/redepermacultura.ufsc.br\/permaculturabrasileira\/wp-content\/uploads\/sites\/6\/2022\/09\/fod.png\" alt=\"\" class=\"wp-image-483\"\/><\/a><\/figure>\n\n\n\n<figure class=\"wp-block-image\"><a href=\"https:\/\/redepermacultura.ufsc.br\/permabrasuca\/wp-content\/uploads\/sites\/6\/2024\/12\/FOA.pdf\"><img decoding=\"async\" width=\"40\" height=\"20\" src=\"http:\/\/redepermacultura.ufsc.br\/permaculturabrasileira\/wp-content\/uploads\/sites\/6\/2022\/09\/foa.png\" alt=\"\" class=\"wp-image-491\"\/><\/a><\/figure>\n\n\n\n<figure class=\"wp-block-image\"><a href=\"https:\/\/redepermacultura.ufsc.br\/permabrasuca\/wp-content\/uploads\/sites\/6\/2024\/12\/FOM.pdf\"><img decoding=\"async\" width=\"40\" height=\"20\" src=\"http:\/\/redepermacultura.ufsc.br\/permaculturabrasileira\/wp-content\/uploads\/sites\/6\/2022\/09\/fom.png\" alt=\"\" class=\"wp-image-493\"\/><\/a><\/figure>\n\n\n\n<figure class=\"wp-block-image\"><a href=\"https:\/\/redepermacultura.ufsc.br\/permabrasuca\/wp-content\/uploads\/sites\/6\/2024\/12\/FES.pdf\"><img decoding=\"async\" width=\"40\" height=\"20\" src=\"http:\/\/redepermacultura.ufsc.br\/permaculturabrasileira\/wp-content\/uploads\/sites\/6\/2022\/09\/fes.png\" alt=\"\" class=\"wp-image-492\"\/><\/a><\/figure>\n\n\n\n<figure class=\"wp-block-image\"><a href=\"https:\/\/redepermacultura.ufsc.br\/permabrasuca\/wp-content\/uploads\/sites\/6\/2024\/12\/FED.pdf\"><img decoding=\"async\" width=\"40\" height=\"20\" src=\"http:\/\/redepermacultura.ufsc.br\/permaculturabrasileira\/wp-content\/uploads\/sites\/6\/2022\/09\/fed.png\" alt=\"\" class=\"wp-image-494\"\/><\/a><\/figure>\n\n\n\n<figure class=\"wp-block-image\"><a href=\"https:\/\/redepermacultura.ufsc.br\/permabrasuca\/wp-content\/uploads\/sites\/6\/2024\/12\/ATE.pdf\"><img decoding=\"async\" width=\"40\" height=\"20\" src=\"http:\/\/redepermacultura.ufsc.br\/permaculturabrasileira\/wp-content\/uploads\/sites\/6\/2022\/09\/ate.png\" alt=\"\" class=\"wp-image-497\"\/><\/a><\/figure>\n\n\n\n<p class=\"has-small-font-size\"><br><\/p>\n<\/div>\n\n\n\n<p>\ud83d\udc46\ud83c\udffcEntenda os <a href=\"https:\/\/redepermacultura.ufsc.br\/permabrasuca\/contextos-fitoecologicos\/\">Contextos fitoecol\u00f3gicos<\/a> onde a t\u00e9cnica \u00e9 adequada <a href=\"https:\/\/redepermacultura.ufsc.br\/permabrasuca\/wp-content\/uploads\/sites\/6\/2024\/12\/FOD.pdf\"><\/a><a href=\"https:\/\/redepermacultura.ufsc.br\/permabrasuca\/wp-content\/uploads\/sites\/6\/2024\/12\/FOA.pdf\"><\/a><a href=\"https:\/\/redepermacultura.ufsc.br\/permabrasuca\/wp-content\/uploads\/sites\/6\/2024\/12\/FOM.pdf\"><\/a><a href=\"https:\/\/redepermacultura.ufsc.br\/permabrasuca\/wp-content\/uploads\/sites\/6\/2024\/12\/FES.pdf\"><\/a><a href=\"https:\/\/redepermacultura.ufsc.br\/permabrasuca\/wp-content\/uploads\/sites\/6\/2024\/12\/FED.pdf\"><\/a><a href=\"https:\/\/redepermacultura.ufsc.br\/permabrasuca\/wp-content\/uploads\/sites\/6\/2024\/12\/ATE.pdf\"><\/a><\/p>\n\n\n\n<p>Em paisagens de fundo de vale com presen\u00e7a de fluxos lentos de ventos e curta dura\u00e7\u00e3o da insola\u00e7\u00e3o, \u00e9 preciso olhar atentamente para os potenciais de aproveitamento de ambas energias. Desta forma, o planejamento precisa atentar para o posicionamento relativo dos elementos na paisagem, buscando melhor aproveitar os fluxos para efetivar os ciclos de manejo de diferentes elementos.<\/p>\n\n\n\n<h2 class=\"wp-block-heading\"><span class=\"ez-toc-section\" id=\"caracteristicas\"><\/span>Caracter\u00edsticas<span class=\"ez-toc-section-end\"><\/span><\/h2>\n\n\n\n<p>Paisagens de vales fechados e profundos com pouca incid\u00eancia de ventos e luz solar, onde os fluxos precisam ser otimizados para cumprir fun\u00e7\u00f5es para elementos.<\/p>\n\n\n\n<h2 class=\"wp-block-heading\"><span class=\"ez-toc-section\" id=\"necessidades\"><\/span>Necessidades<span class=\"ez-toc-section-end\"><\/span><\/h2>\n\n\n\n<p>Depende de uma boa leitura da paisagem ao longo do ano, do reconhecimento de setores e de t\u00e9cnicas de manejo e dispositivos apropriados que estimulem o fluxo dos ventos e explorem ao m\u00e1ximo a insola\u00e7\u00e3o.<\/p>\n\n\n\n<h2 class=\"wp-block-heading\"><span class=\"ez-toc-section\" id=\"funcoes\"><\/span>Fun\u00e7\u00f5es<span class=\"ez-toc-section-end\"><\/span><\/h2>\n\n\n\n<p>Muitas \u201cpequenas\u201d fun\u00e7\u00f5es podem ser realizadas por esses fracos fluxos e\u00f3licos e insola\u00e7\u00e3o limitada, tais como:<\/p>\n\n\n\n<ul class=\"wp-block-list\">\n<li>secagem de roupas;<\/li>\n\n\n\n<li>coleta de plantas aqu\u00e1ticas em a\u00e7udes e tanques;<\/li>\n\n\n\n<li>ventila\u00e7\u00e3o de cultivos;<\/li>\n\n\n\n<li>secagem de lenha;<\/li>\n\n\n\n<li>secagem de gr\u00e3os.<\/li>\n<\/ul>\n\n\n\n<h2 class=\"wp-block-heading\"><span class=\"ez-toc-section\" id=\"as_tecnicas_em_detalhe\"><\/span>As t\u00e9cnicas em detalhe<span class=\"ez-toc-section-end\"><\/span><\/h2>\n\n\n\n<p>A incid\u00eancia de ventos poucos intensos \u00e9 comum em vales fechados em climas \u00famidos, comuns em <a href=\"https:\/\/redepermacultura.ufsc.br\/permabrasuca\/contextos-fitoecologicos\/\">contextos fitoecol\u00f3gicos<\/a> de Floresta Ombr\u00f3fila Densa (FOD), Mista (FOM) e Aberta (FOA) e, nas Florestas Estacionais (FED e FES) e transi\u00e7\u00f5es (ec\u00f3tonos) entre estas.<\/p>\n\n\n\n<p>O micro aproveitamento desses fluxos exige muita interpreta\u00e7\u00e3o e intera\u00e7\u00e3o com os diferentes setores na paisagem buscando \u201cvencer\u201d os pequenos manejos do dia-a-dia, como a secagem de roupas, o manejo de plantas, ou mesmo, a secagem de lenhas e gr\u00e3os.<\/p>\n\n\n\n<p>A secagem de roupas com o varal alongado no sentido Sul-Norte permite que o sol pegue em ambos os lados das roupas, para melhor secar as pe\u00e7as estendidas no varal.<\/p>\n\n\n\n<p>A valoriza\u00e7\u00e3o das bordas com o posicionamento relativo do varal entre elementos com diferentes albedos como a\u00e7ude (zona 2) e os canteiros (zona 1), estimula\/provoca a circula\u00e7\u00e3o de ar, melhorando a efici\u00eancia do processo de secagem das roupas. A circula\u00e7\u00e3o desse ar ser\u00e1 ben\u00e9fica tamb\u00e9m \u00e0s culturas dos canteiros, pois diminuir\u00e1 a incid\u00eancia de fungos nas plantas.<\/p>\n\n\n\n<p>No contexto do S\u00edtio Igatu, localizado num vale da serra do leste catarinense, vento e sol s\u00e3o restritos.  Assim, \u201ccasar\u201d a ocorr\u00eancia de ambos \u00e9 crucial para a efetividade das atividades cotidianas. Para se ter uma ideia, num dia de sol de inverno h\u00e1 apenas 6 horas de insola\u00e7\u00e3o e esta, ocorre de forma pouco intensa devido ao per\u00edodo frio. Desta forma, aumentar a diversidade de dire\u00e7\u00f5es de incid\u00eancia da luz solar com canteiros redondos e, permitir \u201cmicrocorredores\u201d de circula\u00e7\u00e3o do ar alinhados em diferentes dire\u00e7\u00f5es, melhoram as chances de sucesso no desenvolvimento das culturas, bem como, permitem diversificar estas, explorando-se cada pequeno nicho de microclima conformado no arranjo dos canteiros.<\/p>\n\n\n\n<p>Outra estrat\u00e9gia interessante para locais de pouca incid\u00eancia de ventos \u00e9 a ado\u00e7\u00e3o de elementos de \u201cafunilamento\u201d dos fluxos, utilizando-se \u00e1rvores de maior porte e paredes de edifica\u00e7\u00f5es como a casa ou galp\u00f5es, criando-se corredores de vento.<\/p>\n\n\n\n<figure class=\"wp-block-image size-large\"><img decoding=\"async\" width=\"700\" height=\"394\" src=\"https:\/\/redepermacultura.ufsc.br\/permabrasuca\/wp-content\/uploads\/sites\/6\/2025\/12\/varal_canteiros_pt-700x394.png\" alt=\"\" class=\"wp-image-2055\" srcset=\"https:\/\/redepermacultura.ufsc.br\/permabrasuca\/wp-content\/uploads\/sites\/6\/2025\/12\/varal_canteiros_pt-700x394.png 700w, https:\/\/redepermacultura.ufsc.br\/permabrasuca\/wp-content\/uploads\/sites\/6\/2025\/12\/varal_canteiros_pt-300x169.png 300w, https:\/\/redepermacultura.ufsc.br\/permabrasuca\/wp-content\/uploads\/sites\/6\/2025\/12\/varal_canteiros_pt-768x432.png 768w, https:\/\/redepermacultura.ufsc.br\/permabrasuca\/wp-content\/uploads\/sites\/6\/2025\/12\/varal_canteiros_pt-600x338.png 600w, https:\/\/redepermacultura.ufsc.br\/permabrasuca\/wp-content\/uploads\/sites\/6\/2025\/12\/varal_canteiros_pt.png 1200w\" sizes=\"(max-width: 700px) 100vw, 700px\" \/><figcaption class=\"wp-element-caption\"><em>Varal alinhado Sul-Norte e canteiros redondos facilitando o fluxo de vento em v\u00e1rias dire\u00e7\u00f5es no s\u00edtio Igatu. Foto de Arthur Nanni.<\/em><\/figcaption><\/figure>\n\n\n\n<p>O aproveitamento da biomassa de plantas aqu\u00e1ticas pode ser um grande aliado na fertiliza\u00e7\u00e3o de solos para produ\u00e7\u00e3o de alimentos. Para colet\u00e1-las com maior facilidade, no S\u00edtio Igatu espera-se a ocorr\u00eancia do vento sul para acumular as plantas no lado certo de coleta das plantas, onde passa a entrar em a\u00e7\u00e3o a energia da gravidade. Leia a descri\u00e7\u00e3o completa dessa t\u00e9cnica de coleta de biomassa em \u201cA\u00e7ude-bomba\u201d [<mark>link em breve<\/mark>].<\/p>\n\n\n\n<figure class=\"wp-block-image size-large\"><img decoding=\"async\" width=\"700\" height=\"426\" src=\"https:\/\/redepermacultura.ufsc.br\/permabrasuca\/wp-content\/uploads\/sites\/6\/2025\/12\/vento_sul_aguapes_geral-700x426.png\" alt=\"\" class=\"wp-image-2057\" srcset=\"https:\/\/redepermacultura.ufsc.br\/permabrasuca\/wp-content\/uploads\/sites\/6\/2025\/12\/vento_sul_aguapes_geral-700x426.png 700w, https:\/\/redepermacultura.ufsc.br\/permabrasuca\/wp-content\/uploads\/sites\/6\/2025\/12\/vento_sul_aguapes_geral-300x183.png 300w, https:\/\/redepermacultura.ufsc.br\/permabrasuca\/wp-content\/uploads\/sites\/6\/2025\/12\/vento_sul_aguapes_geral-768x468.png 768w, https:\/\/redepermacultura.ufsc.br\/permabrasuca\/wp-content\/uploads\/sites\/6\/2025\/12\/vento_sul_aguapes_geral.png 1200w\" sizes=\"(max-width: 700px) 100vw, 700px\" \/><figcaption class=\"wp-element-caption\"><em>Vento sul incidindo no vale ap\u00f3s a entrada de frentes-frias. Foto de Arthur Nanni.<\/em><\/figcaption><\/figure>\n\n\n\n<figure class=\"wp-block-image size-large\"><img decoding=\"async\" width=\"700\" height=\"394\" src=\"https:\/\/redepermacultura.ufsc.br\/permabrasuca\/wp-content\/uploads\/sites\/6\/2025\/12\/vento_sul_aguapes_detalhe-700x394.png\" alt=\"\" class=\"wp-image-2058\" srcset=\"https:\/\/redepermacultura.ufsc.br\/permabrasuca\/wp-content\/uploads\/sites\/6\/2025\/12\/vento_sul_aguapes_detalhe-700x394.png 700w, https:\/\/redepermacultura.ufsc.br\/permabrasuca\/wp-content\/uploads\/sites\/6\/2025\/12\/vento_sul_aguapes_detalhe-300x169.png 300w, https:\/\/redepermacultura.ufsc.br\/permabrasuca\/wp-content\/uploads\/sites\/6\/2025\/12\/vento_sul_aguapes_detalhe-768x432.png 768w, https:\/\/redepermacultura.ufsc.br\/permabrasuca\/wp-content\/uploads\/sites\/6\/2025\/12\/vento_sul_aguapes_detalhe-600x338.png 600w, https:\/\/redepermacultura.ufsc.br\/permabrasuca\/wp-content\/uploads\/sites\/6\/2025\/12\/vento_sul_aguapes_detalhe.png 1200w\" sizes=\"(max-width: 700px) 100vw, 700px\" \/><figcaption class=\"wp-element-caption\"><em>Detalhe da massa de aguap\u00e9s concentrada no a\u00e7ude (zona 2) com destaque para o ponto de coleta da biomassa. Foto de Arthur Nanni.<\/em><\/figcaption><\/figure>\n\n\n\n<p>Aliada ao fluir do vento, a exposi\u00e7\u00e3o para a dire\u00e7\u00e3o onde a luz solar \u00e9 mais prolongada ao longo do dia, \u00e9 crucial para uma boa secagem da lenha. No s\u00edtio Silva, a fam\u00edlia mant\u00e9m a pilha de lenha voltada para oeste e armazenada ao lado de um acesso que limita as zonas 1 e 5. Nesse acesso h\u00e1 maior circula\u00e7\u00e3o de ar e o intenso manejo de culturas de baixo porte na zona 1, fazem com que sejam mantidas as condi\u00e7\u00f5es abertas para a incid\u00eancia de insola\u00e7\u00e3o. Mesmo com todos esses cuidados, a lenha estar\u00e1 pronta para uso apenas depois de 1 a 2 anos, devido ao clima ser muito \u00famido. Da\u00ed a import\u00e2ncia de uma boa leitura da paisagem e de um planejamento com <a href=\"https:\/\/redepermacultura.ufsc.br\/permabrasuca\/conceitos-fundamentais\/planejamento-permacultural\/#zonas_posicao\">posicionamento relativo<\/a> adequado de elementos.<\/p>\n\n\n\n<figure class=\"wp-block-image size-large\"><img decoding=\"async\" width=\"700\" height=\"467\" src=\"https:\/\/redepermacultura.ufsc.br\/permabrasuca\/wp-content\/uploads\/sites\/6\/2025\/12\/lenha_oeste_pt-700x467.png\" alt=\"\" class=\"wp-image-2059\" srcset=\"https:\/\/redepermacultura.ufsc.br\/permabrasuca\/wp-content\/uploads\/sites\/6\/2025\/12\/lenha_oeste_pt-700x467.png 700w, https:\/\/redepermacultura.ufsc.br\/permabrasuca\/wp-content\/uploads\/sites\/6\/2025\/12\/lenha_oeste_pt-300x200.png 300w, https:\/\/redepermacultura.ufsc.br\/permabrasuca\/wp-content\/uploads\/sites\/6\/2025\/12\/lenha_oeste_pt-768x512.png 768w, https:\/\/redepermacultura.ufsc.br\/permabrasuca\/wp-content\/uploads\/sites\/6\/2025\/12\/lenha_oeste_pt.png 1200w\" sizes=\"(max-width: 700px) 100vw, 700px\" \/><figcaption class=\"wp-element-caption\"><em>Lenha em processo de secagem no S\u00edtio Silva em Anit\u00e1polis\/SC. Foto de Marcelo Venturi.<\/em>&nbsp;<\/figcaption><\/figure>\n\n\n\n<p>Assim, para se ter lenha pronta e dispon\u00edvel para uso, \u00e9 preciso incluir no manejo das \u00e1rvores uma boa programa\u00e7\u00e3o de corte, buscando atender al\u00e9m desta, tamb\u00e9m outras demandas de manejo na paisagem, como abertura de luz, podas de biomassa ou de condu\u00e7\u00e3o, cumprindo assim, mais fun\u00e7\u00f5es e poupando o gasto de <a href=\"https:\/\/redepermacultura.ufsc.br\/permabrasuca\/fluxos-de-energias\/animal\/\">energia animal<\/a> empregada.<\/p>\n\n\n\n<p>A secagem de gr\u00e3os em contextos fitoecol\u00f3gicos, como os das <a href=\"https:\/\/redepermacultura.ufsc.br\/permabrasuca\/contextos-fitoecologicos\/\">Florestas Estacionais Deciduais e Semideciduais<\/a>, que t\u00eam esta\u00e7\u00e3o seca bem definida, \u00e9 outra aplica\u00e7\u00e3o do uso dos ventos aliado \u00e0 insola\u00e7\u00e3o. Os terreiros de secagem dos gr\u00e3os de caf\u00e9, presentes em boa parte dos espa\u00e7os familiares de produ\u00e7\u00e3o de alimentos \u00e9 um bom exemplo. No caso da fam\u00edlia Canova, o terreiro fica na Zona 1 ao lado do galp\u00e3o e opera como p\u00e1tio de manobras quando n\u00e3o est\u00e1 sendo utilizado para a secagem.<\/p>\n\n\n\n<figure class=\"wp-block-image size-large\"><img decoding=\"async\" width=\"700\" height=\"394\" src=\"https:\/\/redepermacultura.ufsc.br\/permabrasuca\/wp-content\/uploads\/sites\/6\/2025\/12\/terreiro_canova-700x394.jpg\" alt=\"\" class=\"wp-image-2062\" srcset=\"https:\/\/redepermacultura.ufsc.br\/permabrasuca\/wp-content\/uploads\/sites\/6\/2025\/12\/terreiro_canova-700x394.jpg 700w, https:\/\/redepermacultura.ufsc.br\/permabrasuca\/wp-content\/uploads\/sites\/6\/2025\/12\/terreiro_canova-300x169.jpg 300w, https:\/\/redepermacultura.ufsc.br\/permabrasuca\/wp-content\/uploads\/sites\/6\/2025\/12\/terreiro_canova-768x432.jpg 768w, https:\/\/redepermacultura.ufsc.br\/permabrasuca\/wp-content\/uploads\/sites\/6\/2025\/12\/terreiro_canova-600x338.jpg 600w, https:\/\/redepermacultura.ufsc.br\/permabrasuca\/wp-content\/uploads\/sites\/6\/2025\/12\/terreiro_canova.jpg 1200w\" sizes=\"(max-width: 700px) 100vw, 700px\" \/><figcaption class=\"wp-element-caption\"><em>Terreiro de secagem de gr\u00e3os de caf\u00e9 no s\u00edtio da fam\u00edlia Canova. Foto de Arthur Nanni.<\/em><\/figcaption><\/figure>\n\n\n\n<h2 class=\"wp-block-heading\"><span class=\"ez-toc-section\" id=\"verificacao_de_aplicacao\"><\/span>Verifica\u00e7\u00e3o de aplica\u00e7\u00e3o<span class=\"ez-toc-section-end\"><\/span><\/h2>\n\n\n\n<p>O terreiro de secagem de gr\u00e3os de caf\u00e9 foi verificado em 2022 no S\u00edtio da Fam\u00edlia Canova em Alegre\/ES. Documentado desde 2009, o espa\u00e7o come\u00e7ou a ser planejado em 1949 por Valdeci Canova, um agricultor e educador com vis\u00e3o muito \u00e0 frente do seu tempo. Com um sistema agroflorestal em cl\u00edmax, hoje o espa\u00e7o segue sendo manejado por seu filho Santos.<\/p>\n\n\n\n<p>A secagem de lenha foi verificada no S\u00edtio Silva em Anit\u00e1polis. Os demais exemplos foram verificados em 2021 e 2025 no S\u00edtio Igatu em S\u00e3o Pedro de Alc\u00e2ntara. Ambos espa\u00e7os est\u00e3o em Santa Catarina..<\/p>\n\n\n\n<h2 class=\"wp-block-heading\"><span class=\"ez-toc-section\" id=\"referencias_de_suporte\"><\/span>Refer\u00eancias de suporte<span class=\"ez-toc-section-end\"><\/span><\/h2>\n\n\n\n<p>MCKENZIE, L. LEMOS, E. A Permaculture Guidebook from East Timor. 2nd edition. Permatil. 2008. 384p. <a href=\"https:\/\/permatilglobal.org\/complete-guidebook\/\">https:\/\/permatilglobal.org\/complete-guidebook\/<\/a>&nbsp;<\/p>\n\n\n\n<p>Rede NEPerma Brasil (2021). Permacultura em Prosa visita o S\u00edtio Silva em Anit\u00e1polis [Grava\u00e7\u00e3o de v\u00eddeo]. <a href=\"https:\/\/tubedu.org\/w\/v5ERvfcopFYeu8DLyZ93dk\">https:\/\/tubedu.org\/w\/v5ERvfcopFYeu8DLyZ93dk<\/a>&nbsp;<\/p>\n\n\n\n<p>Rede NEPerma Brasil (2021). Aula 8\u2014Leitura da paisagem [Grava\u00e7\u00e3o de v\u00eddeo]. <a href=\"https:\/\/tubedu.org\/w\/913SB6g58rLxfmHA7GbXdF\">https:\/\/tubedu.org\/w\/913SB6g58rLxfmHA7GbXdF<\/a>&nbsp;<\/p>\n\n\n\n<p>SANTOS, O. L., REINATO, C. H. R., JUNQUEIRA, J. D., FRANCO, E. L., SOUZA, C. W. A. &amp; REZENDE, A. N. (2017). Custo-benef\u00edcio da secagem de caf\u00e9 em diferentes tipos de terreiro. Revista Agrogeoambiental, 9 (4), 11-21. Doi: <a href=\"http:\/\/dx.doi.org\/10.18406\/2316-1817v9n42017966\">http:\/\/dx.doi.org\/10.18406\/2316-1817v9n42017966<\/a>&nbsp;<\/p>\n\n\n\n<p>&#8212;<\/p>\n","protected":false},"excerpt":{"rendered":"<p>Atualizado em&nbsp; Arthur Nanni A energia e\u00f3lica est\u00e1 intimamente vinculada \u00e0 do sol, pois o aquecimento de superf\u00edcies com diferentes albedos ir\u00e1 produzir \u00e1reas com diferentes press\u00f5es, gerando assim as condi\u00e7\u00f5es para o fluir dos ventos. N\u00e3o \u00e0 toa, desertos secos geralmente apresentam muita insola\u00e7\u00e3o e ventos persistentes. Ventos mais intensos est\u00e3o geralmente presentes em [&hellip;]<\/p>\n","protected":false},"author":1,"featured_media":0,"parent":37,"menu_order":2,"comment_status":"closed","ping_status":"closed","template":"","meta":{"footnotes":""},"coauthors":[2],"class_list":["post-144","page","type-page","status-publish","hentry"],"_links":{"self":[{"href":"https:\/\/redepermacultura.ufsc.br\/permabrasuca\/wp-json\/wp\/v2\/pages\/144","targetHints":{"allow":["GET"]}}],"collection":[{"href":"https:\/\/redepermacultura.ufsc.br\/permabrasuca\/wp-json\/wp\/v2\/pages"}],"about":[{"href":"https:\/\/redepermacultura.ufsc.br\/permabrasuca\/wp-json\/wp\/v2\/types\/page"}],"author":[{"embeddable":true,"href":"https:\/\/redepermacultura.ufsc.br\/permabrasuca\/wp-json\/wp\/v2\/users\/1"}],"replies":[{"embeddable":true,"href":"https:\/\/redepermacultura.ufsc.br\/permabrasuca\/wp-json\/wp\/v2\/comments?post=144"}],"version-history":[{"count":41,"href":"https:\/\/redepermacultura.ufsc.br\/permabrasuca\/wp-json\/wp\/v2\/pages\/144\/revisions"}],"predecessor-version":[{"id":2088,"href":"https:\/\/redepermacultura.ufsc.br\/permabrasuca\/wp-json\/wp\/v2\/pages\/144\/revisions\/2088"}],"up":[{"embeddable":true,"href":"https:\/\/redepermacultura.ufsc.br\/permabrasuca\/wp-json\/wp\/v2\/pages\/37"}],"wp:attachment":[{"href":"https:\/\/redepermacultura.ufsc.br\/permabrasuca\/wp-json\/wp\/v2\/media?parent=144"}],"wp:term":[{"taxonomy":"author","embeddable":true,"href":"https:\/\/redepermacultura.ufsc.br\/permabrasuca\/wp-json\/wp\/v2\/coauthors?post=144"}],"curies":[{"name":"wp","href":"https:\/\/api.w.org\/{rel}","templated":true}]}}