{"id":134,"date":"2021-11-30T11:17:04","date_gmt":"2021-11-30T14:17:04","guid":{"rendered":"http:\/\/redepermacultura.ufsc.br\/permaculturabrasileira\/?page_id=134"},"modified":"2025-11-14T15:40:32","modified_gmt":"2025-11-14T18:40:32","slug":"solares","status":"publish","type":"page","link":"https:\/\/redepermacultura.ufsc.br\/permabrasuca\/fluxos-de-energias\/solares\/","title":{"rendered":"Solar"},"content":{"rendered":"<div id=\"ez-toc-container\" class=\"ez-toc-v2_0_82_2 ez-toc-wrap-left counter-hierarchy ez-toc-counter ez-toc-transparent ez-toc-container-direction\">\n<label for=\"ez-toc-cssicon-toggle-item-69f5103869e7d\" class=\"ez-toc-cssicon-toggle-label\"><p class=\"ez-toc-title\" style=\"cursor:inherit\">Veja aqui<\/p>\n<span class=\"ez-toc-cssicon\"><span class=\"eztoc-hide\" style=\"display:none;\">Toggle<\/span><span class=\"ez-toc-icon-toggle-span\"><svg style=\"fill: #999;color:#999\" xmlns=\"http:\/\/www.w3.org\/2000\/svg\" class=\"list-377408\" width=\"20px\" height=\"20px\" viewBox=\"0 0 24 24\" fill=\"none\"><path d=\"M6 6H4v2h2V6zm14 0H8v2h12V6zM4 11h2v2H4v-2zm16 0H8v2h12v-2zM4 16h2v2H4v-2zm16 0H8v2h12v-2z\" fill=\"currentColor\"><\/path><\/svg><svg style=\"fill: #999;color:#999\" class=\"arrow-unsorted-368013\" xmlns=\"http:\/\/www.w3.org\/2000\/svg\" width=\"10px\" height=\"10px\" viewBox=\"0 0 24 24\" version=\"1.2\" baseProfile=\"tiny\"><path d=\"M18.2 9.3l-6.2-6.3-6.2 6.3c-.2.2-.3.4-.3.7s.1.5.3.7c.2.2.4.3.7.3h11c.3 0 .5-.1.7-.3.2-.2.3-.5.3-.7s-.1-.5-.3-.7zM5.8 14.7l6.2 6.3 6.2-6.3c.2-.2.3-.5.3-.7s-.1-.5-.3-.7c-.2-.2-.4-.3-.7-.3h-11c-.3 0-.5.1-.7.3-.2.2-.3.5-.3.7s.1.5.3.7z\"\/><\/svg><\/span><\/span><\/label><input type=\"checkbox\"  id=\"ez-toc-cssicon-toggle-item-69f5103869e7d\" checked \/><nav><ul class='ez-toc-list ez-toc-list-level-1 ' ><li class='ez-toc-page-1 ez-toc-heading-level-1'><a class=\"ez-toc-link ez-toc-heading-1\" href=\"https:\/\/redepermacultura.ufsc.br\/permabrasuca\/fluxos-de-energias\/solares\/#fogao_solar\" >Fog\u00e3o solar<\/a><ul class='ez-toc-list-level-2' ><li class='ez-toc-heading-level-2'><a class=\"ez-toc-link ez-toc-heading-2\" href=\"https:\/\/redepermacultura.ufsc.br\/permabrasuca\/fluxos-de-energias\/solares\/#caracteristicas\" >Caracter\u00edsticas<\/a><\/li><li class='ez-toc-page-1 ez-toc-heading-level-2'><a class=\"ez-toc-link ez-toc-heading-3\" href=\"https:\/\/redepermacultura.ufsc.br\/permabrasuca\/fluxos-de-energias\/solares\/#necessidades\" >Necessidades<\/a><\/li><li class='ez-toc-page-1 ez-toc-heading-level-2'><a class=\"ez-toc-link ez-toc-heading-4\" href=\"https:\/\/redepermacultura.ufsc.br\/permabrasuca\/fluxos-de-energias\/solares\/#funcoes\" >Fun\u00e7\u00f5es<\/a><\/li><li class='ez-toc-page-1 ez-toc-heading-level-2'><a class=\"ez-toc-link ez-toc-heading-5\" href=\"https:\/\/redepermacultura.ufsc.br\/permabrasuca\/fluxos-de-energias\/solares\/#a_tecnologia_em_detalhe\" >A tecnologia em detalhe<\/a><\/li><li class='ez-toc-page-1 ez-toc-heading-level-2'><a class=\"ez-toc-link ez-toc-heading-6\" href=\"https:\/\/redepermacultura.ufsc.br\/permabrasuca\/fluxos-de-energias\/solares\/#verificacao_de_aplicacao\" >Verifica\u00e7\u00e3o de aplica\u00e7\u00e3o<\/a><\/li><li class='ez-toc-page-1 ez-toc-heading-level-2'><a class=\"ez-toc-link ez-toc-heading-7\" href=\"https:\/\/redepermacultura.ufsc.br\/permabrasuca\/fluxos-de-energias\/solares\/#referencias_de_suporte\" >Refer\u00eancias de suporte<\/a><\/li><\/ul><\/li><\/ul><\/nav><\/div>\n\n<div class=\"wp-block-group is-nowrap is-layout-flex wp-container-core-group-is-layout-ad2f72ca wp-block-group-is-layout-flex\">\n<p class=\"has-small-font-size\">Atualizado em<\/p>\n\n\n<div class=\"wp-block-post-date__modified-date wp-block-post-date has-small-font-size\"><time datetime=\"2025-11-14T15:40:32-03:00\">14 de novembro de 2025<\/time><\/div><\/div>\n\n\n\n<p class=\"has-text-align-right\"><em>Arthur Nanni<\/em><\/p>\n\n\n\n<p>A energia do sol compreende todas as manifesta\u00e7\u00f5es de fluxo direto da radia\u00e7\u00e3o solar e que podem ser aproveitadas para realizar trabalhos, tais como aquecer \u00e1gua, cozinhar alimentos, estimular a fotoss\u00edntese, iluminar ambientes, entre outros. Entenda mais sobre as energias que se manifestam na paisagem em <a href=\"https:\/\/redepermacultura.ufsc.br\/permabrasuca\/conceitos-fundamentais\/fluxos-de-energias\/\">Fluxos energ\u00e9ticos<\/a>.<\/p>\n\n\n\n<p>Dentre as tecnologias sociais para uso dessa energia destacamos:<\/p>\n\n\n\n<ul class=\"wp-block-list\">\n<li><a href=\"https:\/\/redepermacultura.ufsc.br\/permabrasuca\/fluxos-de-energias\/solares\/#fogao_solar\">Fog\u00e3o solar<\/a><\/li>\n<\/ul>\n\n\n\n<h1 class=\"wp-block-heading\" id=\"fogao_solar\"><span class=\"ez-toc-section\" id=\"fogao_solar\"><\/span>Fog\u00e3o solar<span class=\"ez-toc-section-end\"><\/span><\/h1>\n\n\n\n<div class=\"wp-block-group is-nowrap is-layout-flex wp-container-core-group-is-layout-ad2f72ca wp-block-group-is-layout-flex\">\n<figure class=\"wp-block-image\"><a href=\"https:\/\/redepermacultura.ufsc.br\/permabrasuca\/wp-content\/uploads\/sites\/6\/2024\/12\/FOD.pdf\"><img decoding=\"async\" width=\"40\" height=\"20\" src=\"http:\/\/redepermacultura.ufsc.br\/permaculturabrasileira\/wp-content\/uploads\/sites\/6\/2022\/09\/fod.png\" alt=\"\" class=\"wp-image-483\"\/><\/a><\/figure>\n\n\n\n<figure class=\"wp-block-image\"><a href=\"https:\/\/redepermacultura.ufsc.br\/permabrasuca\/wp-content\/uploads\/sites\/6\/2024\/12\/FOA.pdf\"><img decoding=\"async\" width=\"40\" height=\"20\" src=\"http:\/\/redepermacultura.ufsc.br\/permaculturabrasileira\/wp-content\/uploads\/sites\/6\/2022\/09\/foa.png\" alt=\"\" class=\"wp-image-491\"\/><\/a><\/figure>\n\n\n\n<figure class=\"wp-block-image\"><a href=\"https:\/\/redepermacultura.ufsc.br\/permabrasuca\/wp-content\/uploads\/sites\/6\/2024\/12\/FES.pdf\"><img decoding=\"async\" width=\"40\" height=\"20\" src=\"http:\/\/redepermacultura.ufsc.br\/permaculturabrasileira\/wp-content\/uploads\/sites\/6\/2022\/09\/fes.png\" alt=\"\" class=\"wp-image-492\"\/><\/a><\/figure>\n\n\n\n<figure class=\"wp-block-image\"><a href=\"https:\/\/redepermacultura.ufsc.br\/permabrasuca\/wp-content\/uploads\/sites\/6\/2024\/12\/FED.pdf\"><img decoding=\"async\" width=\"40\" height=\"20\" src=\"http:\/\/redepermacultura.ufsc.br\/permaculturabrasileira\/wp-content\/uploads\/sites\/6\/2022\/09\/fed.png\" alt=\"\" class=\"wp-image-494\"\/><\/a><\/figure>\n\n\n\n<figure class=\"wp-block-image\"><a href=\"https:\/\/redepermacultura.ufsc.br\/permabrasuca\/wp-content\/uploads\/sites\/6\/2024\/12\/CAM.pdf\"><img decoding=\"async\" width=\"40\" height=\"20\" src=\"http:\/\/redepermacultura.ufsc.br\/permaculturabrasileira\/wp-content\/uploads\/sites\/6\/2022\/09\/cam.png\" alt=\"\" class=\"wp-image-496\"\/><\/a><\/figure>\n\n\n\n<figure class=\"wp-block-image\"><a href=\"https:\/\/redepermacultura.ufsc.br\/permabrasuca\/wp-content\/uploads\/sites\/6\/2024\/12\/SAV.pdf\"><img decoding=\"async\" width=\"40\" height=\"20\" src=\"http:\/\/redepermacultura.ufsc.br\/permaculturabrasileira\/wp-content\/uploads\/sites\/6\/2022\/09\/sav.png\" alt=\"\" class=\"wp-image-500\"\/><\/a><\/figure>\n\n\n\n<figure class=\"wp-block-image\"><a href=\"https:\/\/redepermacultura.ufsc.br\/permabrasuca\/wp-content\/uploads\/sites\/6\/2024\/12\/SES.pdf\"><img decoding=\"async\" width=\"40\" height=\"20\" src=\"http:\/\/redepermacultura.ufsc.br\/permaculturabrasileira\/wp-content\/uploads\/sites\/6\/2022\/09\/ses.png\" alt=\"\" class=\"wp-image-499\"\/><\/a><\/figure>\n\n\n\n<figure class=\"wp-block-image\"><a href=\"https:\/\/redepermacultura.ufsc.br\/permabrasuca\/wp-content\/uploads\/sites\/6\/2024\/12\/PIO.pdf\"><img decoding=\"async\" width=\"40\" height=\"20\" src=\"http:\/\/redepermacultura.ufsc.br\/permaculturabrasileira\/wp-content\/uploads\/sites\/6\/2022\/09\/pio.png\" alt=\"\" class=\"wp-image-498\"\/><\/a><\/figure>\n\n\n\n<figure class=\"wp-block-image\"><a href=\"https:\/\/redepermacultura.ufsc.br\/permabrasuca\/wp-content\/uploads\/sites\/6\/2024\/12\/ATE.pdf\"><img decoding=\"async\" width=\"40\" height=\"20\" src=\"http:\/\/redepermacultura.ufsc.br\/permaculturabrasileira\/wp-content\/uploads\/sites\/6\/2022\/09\/ate.png\" alt=\"\" class=\"wp-image-497\"\/><\/a><\/figure>\n\n\n\n<p class=\"has-small-font-size\"><br><\/p>\n<\/div>\n\n\n\n<p>\ud83d\udc46\ud83c\udffcEntenda os <a href=\"https:\/\/redepermacultura.ufsc.br\/permabrasuca\/contextos-fitoecologicos\/\">Contextos fitoecol\u00f3gicos<\/a> onde a t\u00e9cnica \u00e9 adequada.<a href=\"https:\/\/redepermacultura.ufsc.br\/permabrasuca\/wp-content\/uploads\/sites\/6\/2024\/12\/SAV.pdf\"><\/a><\/p>\n\n\n\n<p>\u00c9 uma tecnologia social que permite aproveitar a energia direta do sol para o aquecimento e cozimento de alimentos e \u00e1gua.<\/p>\n\n\n\n<h2 class=\"wp-block-heading\"><span class=\"ez-toc-section\" id=\"caracteristicas\"><\/span>Caracter\u00edsticas<span class=\"ez-toc-section-end\"><\/span><\/h2>\n\n\n\n<p>\u00c9 um elemento estrutural&nbsp; que se baseia nos padr\u00f5es parab\u00f3lico e radial para aproveitar a energia direta do sol, fazendo com que a reflect\u00e2ncia da radia\u00e7\u00e3o seja concentrada em um ponto espec\u00edfico da estrutura, permitindo assim o alcance de altas temperaturas que possibilitam o cozimento de alimentos.<\/p>\n\n\n\n<h2 class=\"wp-block-heading\"><span class=\"ez-toc-section\" id=\"necessidades\"><\/span>Necessidades<span class=\"ez-toc-section-end\"><\/span><\/h2>\n\n\n\n<p>A tecnologia necessita obviamente de luz solar intensa e persistente por um bom per\u00edodo de tempo, bem como, da opera\u00e7\u00e3o cont\u00ednua enquanto h\u00e1 o preparo de alimentos, tal como se faz em um fog\u00e3o convencional a g\u00e1s GLP ou el\u00e9trico, por indu\u00e7\u00e3o.<\/p>\n\n\n\n<h2 class=\"wp-block-heading\"><span class=\"ez-toc-section\" id=\"funcoes\"><\/span>Fun\u00e7\u00f5es<span class=\"ez-toc-section-end\"><\/span><\/h2>\n\n\n\n<p>O fog\u00e3o solar tem como fun\u00e7\u00f5es primordiais o <strong>cozimento de alimentos<\/strong> e <strong>aquecimento de \u00e1gua<\/strong>, conferindo-lhe poucas atribui\u00e7\u00f5es dentro do espa\u00e7o planejado, o que talvez fa\u00e7a com que seja pouco adotado em espa\u00e7os permaculturais. Unido a isso, sua opera\u00e7\u00e3o fora do ambiente da cozinha dificulta a ado\u00e7\u00e3o por estar fora da rotina da prepara\u00e7\u00e3o de alimentos.<\/p>\n\n\n\n<p>Por\u00e9m, uma fun\u00e7\u00e3o n\u00e3o expl\u00edcita, \u00e9 a <strong>autonomia energ\u00e9tica<\/strong>. Ou seja, a depender das pretens\u00f5es de uso, somente essa fun\u00e7\u00e3o j\u00e1 justificaria sua ado\u00e7\u00e3o. Nesse sentido, seu uso no ensino sobre energias renov\u00e1veis e\/ou f\u00edsica, se revela como uma fun\u00e7\u00e3o adicional. Nesse sentido, o SERTA disponibiliza a cartilha \u201c<a href=\"https:\/\/www.serta.org.br\/wp-content\/uploads\/2021\/07\/Fogao-Solar-de-Papelao.pdf\">Fog\u00e3o solar de papel\u00e3o<\/a>\u201d, que explica como construir um fog\u00e3o did\u00e1tico com poucos recursos.<\/p>\n\n\n\n<h2 class=\"wp-block-heading\"><span class=\"ez-toc-section\" id=\"a_tecnologia_em_detalhe\"><\/span>A tecnologia em detalhe<span class=\"ez-toc-section-end\"><\/span><\/h2>\n\n\n\n<p>O fog\u00e3o solar \u00e9 uma tecnologia de baixo custo que se baseia no aproveitamento da radia\u00e7\u00e3o solar em sua <a href=\"https:\/\/pt.wikipedia.org\/wiki\/Radia%C3%A7%C3%A3o_infravermelha\">banda infravermelha<\/a>, que n\u00e3o pode ser vista, mas pode ser sentida pelo calor. Sua estrutura em padr\u00e3o parab\u00f3lico ou painel refletor faz com que haja uma concentra\u00e7\u00e3o dessa radia\u00e7\u00e3o em um ponto focal ou superf\u00edcie, que atrav\u00e9s da reflex\u00e3o dos raios solares, permitem atingir altas temperaturas.<\/p>\n\n\n\n<p>Al\u00e9m do modelo em padr\u00e3o parab\u00f3lico, o fog\u00e3o solar pode ser tamb\u00e9m do tipo painel ou caixa. O tipo painel possui uma tampa refletora e \u00e9 menos eficiente que o parab\u00f3lico, por n\u00e3o concentrar a radia\u00e7\u00e3o em um ponto espec\u00edfico. J\u00e1 o fog\u00e3o caixa, possui um vidro de cobertura que amplia o efeito estufa, operando como se fosse um forno. Mais detalhes sobre os fog\u00f5es solares podem ser conferidos no artigo <a href=\"https:\/\/doi.org\/10.21708\/issn27635325.v2n1.a9648.2020\">Fog\u00e3o solar do tipo painel com materiais de baixo custo: Uma alternativa para coc\u00e7\u00e3o de alimentos<\/a>.<\/p>\n\n\n\n<p>O fog\u00e3o solar deve contar com dispositivos que permitam captar o m\u00e1ximo de radia\u00e7\u00e3o. Assim, a parab\u00f3lica deve estar voltada para o sol na maior parte do tempo, incluindo o sentido de abertura e a sua inclina\u00e7\u00e3o. Isso \u00e9 poss\u00edvel usando-se rodas e um esquema de basculamento angular, como mostrado na imagem a seguir, onde \u00e9 usada uma roda de bicicleta soldada a um eixo que bascula o corpo principal.<\/p>\n\n\n\n<figure class=\"wp-block-image size-large is-resized\"><img decoding=\"async\" width=\"700\" height=\"525\" src=\"https:\/\/redepermacultura.ufsc.br\/permabrasuca\/wp-content\/uploads\/sites\/6\/2025\/10\/fogao_solar_ptbr-700x525.png\" alt=\"\" class=\"wp-image-1713\" style=\"width:804px;height:auto\" srcset=\"https:\/\/redepermacultura.ufsc.br\/permabrasuca\/wp-content\/uploads\/sites\/6\/2025\/10\/fogao_solar_ptbr-700x525.png 700w, https:\/\/redepermacultura.ufsc.br\/permabrasuca\/wp-content\/uploads\/sites\/6\/2025\/10\/fogao_solar_ptbr-300x225.png 300w, https:\/\/redepermacultura.ufsc.br\/permabrasuca\/wp-content\/uploads\/sites\/6\/2025\/10\/fogao_solar_ptbr-768x576.png 768w, https:\/\/redepermacultura.ufsc.br\/permabrasuca\/wp-content\/uploads\/sites\/6\/2025\/10\/fogao_solar_ptbr-160x120.png 160w, https:\/\/redepermacultura.ufsc.br\/permabrasuca\/wp-content\/uploads\/sites\/6\/2025\/10\/fogao_solar_ptbr.png 1225w\" sizes=\"(max-width: 700px) 100vw, 700px\" \/><figcaption class=\"wp-element-caption\"><em>Fog\u00e3o solar verificado no SERTA em Ibimirim\/PE. Foto de Theo Nanni.<\/em><\/figcaption><\/figure>\n\n\n\n<figure class=\"wp-block-image size-large is-resized\"><img decoding=\"async\" width=\"700\" height=\"850\" src=\"https:\/\/redepermacultura.ufsc.br\/permabrasuca\/wp-content\/uploads\/sites\/6\/2025\/10\/fogao_solar_ufsc-700x850.jpg\" alt=\"\" class=\"wp-image-1714\" style=\"width:498px;height:auto\" srcset=\"https:\/\/redepermacultura.ufsc.br\/permabrasuca\/wp-content\/uploads\/sites\/6\/2025\/10\/fogao_solar_ufsc-700x850.jpg 700w, https:\/\/redepermacultura.ufsc.br\/permabrasuca\/wp-content\/uploads\/sites\/6\/2025\/10\/fogao_solar_ufsc-247x300.jpg 247w, https:\/\/redepermacultura.ufsc.br\/permabrasuca\/wp-content\/uploads\/sites\/6\/2025\/10\/fogao_solar_ufsc-768x932.jpg 768w, https:\/\/redepermacultura.ufsc.br\/permabrasuca\/wp-content\/uploads\/sites\/6\/2025\/10\/fogao_solar_ufsc.jpg 800w\" sizes=\"(max-width: 700px) 100vw, 700px\" \/><figcaption class=\"wp-element-caption\"><em>Fog\u00e3o solar demonstrativo usado nas disciplinas de permacultura na UFSC em Florian\u00f3polis. Foto de Antonio Augusto Pereira.<\/em><\/figcaption><\/figure>\n\n\n\n<p>A tecnologia pode ser utilizada em todos os contextos fitoecol\u00f3gicos, mas \u00e9 menos indicada para Floresta Ombr\u00f3fila Mista (FOM) e Estepe (EST), Forma\u00e7\u00f5es pioneiras (PIO) e Contatos (ATE) presentes no sul do Brasil, onde h\u00e1 menor incid\u00eancia solar ao longo do ano, restringindo o uso ao per\u00edodo do ver\u00e3o, subutilizando-se a tecnologia.<\/p>\n\n\n\n<h2 class=\"wp-block-heading\"><span class=\"ez-toc-section\" id=\"verificacao_de_aplicacao\"><\/span>Verifica\u00e7\u00e3o de aplica\u00e7\u00e3o<span class=\"ez-toc-section-end\"><\/span><\/h2>\n\n\n\n<p>A tecnologia do fog\u00e3o solar foi verificada em setembro de 2024 na unidade demonstrativa de ensino de Ibimirim\/PE do <a href=\"https:\/\/serta.org.br\/\">Servi\u00e7o de Tecnologia Alternativa<\/a> (SERTA), planejada pelo permacultor Sebasti\u00e3o Alves dos Santos. Tamb\u00e9m verificado em agosto de 2023 no Laborat\u00f3rio de irriga\u00e7\u00e3o do Centro de Ci\u00eancias Agr\u00e1rias da UFSC em Florian\u00f3polis\/SC.<\/p>\n\n\n\n<h2 class=\"wp-block-heading\"><span class=\"ez-toc-section\" id=\"referencias_de_suporte\"><\/span>Refer\u00eancias de suporte<span class=\"ez-toc-section-end\"><\/span><\/h2>\n\n\n\n<p>Forno solar. (2025). Em Wikip\u00e9dia, a enciclop\u00e9dia livre. <a href=\"https:\/\/pt.wikipedia.org\/w\/index.php?title=Forno_solar&amp;oldid=69743771\">https:\/\/pt.wikipedia.org\/w\/index.php?title=Forno_solar&amp;oldid=69743771<\/a>&nbsp;<\/p>\n\n\n\n<p>Alberto, C., &amp; Guerra, F. K. de O. M. V. (2020). Fog\u00e3o solar do tipo painel com materiais de baixo custo: Uma alternativa para coc\u00e7\u00e3o de alimentos. Revista Eletr\u00f4nica de Engenharia El\u00e9trica e Engenharia Mec\u00e2nica, 2(1), 22\u201330. <a href=\"https:\/\/doi.org\/10.21708\/issn27635325.v2n1.a9648.2020\">https:\/\/doi.org\/10.21708\/issn27635325.v2n1.a9648.2020<\/a>&nbsp;<\/p>\n\n\n\n<p>Nascimento, L. E. M., Clemente, E. J. F., Oliveira, J. B. de, Silva, M. E. F. da, Silva, M. J. E. da, Assis, T. M. de, &amp; Varella, F. K. de O. M. (2025). Desenvolvimento de tecnologias alternativas: Fog\u00e3o solar port\u00e1til. Revista Eletr\u00f4nica de Engenharia El\u00e9trica e Engenharia Mec\u00e2nica, 7(1), 37\u201348. <a href=\"https:\/\/doi.org\/10.21708\/issn27635325.v7n1.a14205.2025\">https:\/\/doi.org\/10.21708\/issn27635325.v7n1.a14205.2025<\/a><\/p>\n\n\n\n<p>Neto, L. J. de B., Jr, F. J. S., Guerra, F. K. de O. M. V., Carvalho, A. E. de O., &amp; Silva, E. P. F. D. (2019). An\u00e1lise comparativa entre um fog\u00e3o solar do tipo parab\u00f3lico e fog\u00e3o solar do tipo caixa. Revista Eletr\u00f4nica de Engenharia El\u00e9trica e Engenharia Mec\u00e2nica, 1(1), 205\u2013212. <a href=\"https:\/\/doi.org\/10.21708\/issn27635325.v1n1.a10202.2019\">https:\/\/doi.org\/10.21708\/issn27635325.v1n1.a10202.2019<\/a><\/p>\n","protected":false},"excerpt":{"rendered":"<p>Atualizado em Arthur Nanni A energia do sol compreende todas as manifesta\u00e7\u00f5es de fluxo direto da radia\u00e7\u00e3o solar e que podem ser aproveitadas para realizar trabalhos, tais como aquecer \u00e1gua, cozinhar alimentos, estimular a fotoss\u00edntese, iluminar ambientes, entre outros. Entenda mais sobre as energias que se manifestam na paisagem em Fluxos energ\u00e9ticos. Dentre as tecnologias [&hellip;]<\/p>\n","protected":false},"author":1,"featured_media":0,"parent":37,"menu_order":0,"comment_status":"closed","ping_status":"closed","template":"","meta":{"footnotes":""},"coauthors":[2],"class_list":["post-134","page","type-page","status-publish","hentry"],"_links":{"self":[{"href":"https:\/\/redepermacultura.ufsc.br\/permabrasuca\/wp-json\/wp\/v2\/pages\/134","targetHints":{"allow":["GET"]}}],"collection":[{"href":"https:\/\/redepermacultura.ufsc.br\/permabrasuca\/wp-json\/wp\/v2\/pages"}],"about":[{"href":"https:\/\/redepermacultura.ufsc.br\/permabrasuca\/wp-json\/wp\/v2\/types\/page"}],"author":[{"embeddable":true,"href":"https:\/\/redepermacultura.ufsc.br\/permabrasuca\/wp-json\/wp\/v2\/users\/1"}],"replies":[{"embeddable":true,"href":"https:\/\/redepermacultura.ufsc.br\/permabrasuca\/wp-json\/wp\/v2\/comments?post=134"}],"version-history":[{"count":16,"href":"https:\/\/redepermacultura.ufsc.br\/permabrasuca\/wp-json\/wp\/v2\/pages\/134\/revisions"}],"predecessor-version":[{"id":1789,"href":"https:\/\/redepermacultura.ufsc.br\/permabrasuca\/wp-json\/wp\/v2\/pages\/134\/revisions\/1789"}],"up":[{"embeddable":true,"href":"https:\/\/redepermacultura.ufsc.br\/permabrasuca\/wp-json\/wp\/v2\/pages\/37"}],"wp:attachment":[{"href":"https:\/\/redepermacultura.ufsc.br\/permabrasuca\/wp-json\/wp\/v2\/media?parent=134"}],"wp:term":[{"taxonomy":"author","embeddable":true,"href":"https:\/\/redepermacultura.ufsc.br\/permabrasuca\/wp-json\/wp\/v2\/coauthors?post=134"}],"curies":[{"name":"wp","href":"https:\/\/api.w.org\/{rel}","templated":true}]}}