{"id":28880,"date":"2020-03-22T21:47:58","date_gmt":"2020-03-22T21:47:58","guid":{"rendered":"https:\/\/ananni.pressbooks.com\/authors\/"},"modified":"2026-01-16T10:00:49","modified_gmt":"2026-01-16T13:00:49","slug":"authors","status":"publish","type":"page","link":"https:\/\/redepermacultura.ufsc.br\/ensinandopermacultura\/authors\/","title":{"rendered":"Sobre os autores e autoras"},"content":{"rendered":"<p><a href=\"http:\/\/lattes.cnpq.br\/5207387528073652\"><img decoding=\"async\" class=\"size-full wp-image-29326 aligncenter\" src=\"https:\/\/redepermacultura.ufsc.br\/ensinandopermacultura\/wp-content\/uploads\/sites\/3\/2021\/03\/mini_ana.png\" alt=\"\" width=\"136\" height=\"127\" \/><\/a>Bi\u00f3loga e educadora, possui mestrado em ecologia (PPGE -UFRJ) e \u00e9 doutoranda em Ecologia pelo programa de P\u00f3s-gradua\u00e7\u00e3o em Ecologia &#8211; UFRJ. Possui experi\u00eancia como professora em espa\u00e7os formais e informais de ensino. Desenvolve pesquisas relacionadas ao uso sustent\u00e1vel do solo, conserva\u00e7\u00e3o de popula\u00e7\u00f5es vegetais, restaura\u00e7\u00e3o de paisagens e florestas, ecologia funcional, sistemas agroflorestais e ecologia de paisagens.<\/p>\n<p><a href=\"http:\/\/lattes.cnpq.br\/6503809846795644\"><img decoding=\"async\" class=\"size-full wp-image-29318 aligncenter\" src=\"https:\/\/redepermacultura.ufsc.br\/ensinandopermacultura\/wp-content\/uploads\/sites\/3\/2021\/03\/mini_antonio.png\" alt=\"\" width=\"143\" height=\"138\" \/><\/a><\/p>\n<p>Eng. Agr\u00f4nomo, MsC em Irriga\u00e7\u00e3o e Drenagem e Doutor em Agronomia pela ESALQ-USP. Prof. do curso de Agronomia do CCA\/UFSC. Pesquisas relacionadas com a din\u00e2mica da \u00e1gua no sistema solo-planta-atmosfera.<\/p>\n<p><a href=\"http:\/\/lattes.cnpq.br\/3357178503729417\"><img decoding=\"async\" class=\"size-full wp-image-29322 aligncenter\" src=\"https:\/\/redepermacultura.ufsc.br\/ensinandopermacultura\/wp-content\/uploads\/sites\/3\/2021\/03\/mini_arno.png\" alt=\"\" width=\"136\" height=\"129\" \/><\/a><\/p>\n<p>Desde 1980 crescendo e aprendendo em universidades. Zo\u00f3logo h\u00e1 muito tempo, na UFSC percebeu estar na hora de alertar os estudantes para as quest\u00f5es de mercado de trabalho, qualidade dos alimentos e da vida das pessoas. Avalia a quest\u00e3o ambiental diante dos fatos evolutivos e da sina da esp\u00e9cie humana. Ap\u00f3s uma gradua\u00e7\u00e3o, acredita que as pessoas podem desenvolver uma carreira profissional com autodidatismo; se poss\u00edvel, com m\u00e9todos e t\u00e9cnicas baseados nos princ\u00edpios \u00e9ticos e de planejamento da Permacultura, para promover seguran\u00e7a energ\u00e9tica e alimentar.<\/p>\n<div class=\"acc-section\">\n<div class=\"acc-content\">\n<p><a href=\"http:\/\/lattes.cnpq.br\/8619792677679228\"><img decoding=\"async\" class=\"size-full wp-image-29327 aligncenter\" src=\"https:\/\/redepermacultura.ufsc.br\/ensinandopermacultura\/wp-content\/uploads\/sites\/3\/2021\/03\/mini_arthur.png\" alt=\"\" width=\"138\" height=\"138\" \/><\/a>Pai do Caio e do Theo. Ge\u00f3logo de forma\u00e7\u00e3o, ge\u00f3grafo por op\u00e7\u00e3o e permacultor de cora\u00e7\u00e3o. Atua como professor na Universidade Federal de Santa Catarina junto ao Departamento de Educa\u00e7\u00e3o do Campo onde leciona a disciplina de Introdu\u00e7\u00e3o \u00e0 Permacultura e desenvolve o curso de Especializa\u00e7\u00e3o em Permacultura.<\/p>\n<p><a href=\"https:\/\/redepermacultura.ufsc.br\/ensinandopermacultura\/wp-content\/uploads\/sites\/3\/2021\/03\/mini_carol.png\"><img decoding=\"async\" class=\"aligncenter size-full wp-image-29314\" src=\"https:\/\/redepermacultura.ufsc.br\/ensinandopermacultura\/wp-content\/uploads\/sites\/3\/2021\/03\/mini_carol.png\" alt=\"\" width=\"138\" height=\"127\" \/><\/a>Mestre em Arquitetura e Urbanismo, na \u00e1rea de tecnologia do ambiente constru\u00eddo. Arquiteta e Urbanista formada pela Universidade Federal de Santa Catarina. Tem experi\u00eancia na \u00e1rea de Arquitetura e Urbanismo, atuando principalmente nos seguintes temas: arquitetura bioclim\u00e1tica, conforto ambiental, efici\u00eancia energ\u00e9tica e sustentabilidade.<\/p>\n<p><a href=\"http:\/\/lattes.cnpq.br\/6844366095224201\"><img decoding=\"async\" class=\"size-full wp-image-29310 aligncenter\" src=\"https:\/\/redepermacultura.ufsc.br\/ensinandopermacultura\/wp-content\/uploads\/sites\/3\/2021\/03\/mini_cristiane.png\" alt=\"\" width=\"141\" height=\"130\" \/><\/a><\/p>\n<p>Graduada em Qu\u00edmica Tecnol\u00f3gica pela UFSC e em Comunica\u00e7\u00e3o Social pela Faculdade Est\u00e1cio de S\u00e1, estuda fitoterapia, \u00f3leos essenciais e formas sustent\u00e1veis de produ\u00e7\u00e3o de cosm\u00e9ticos e produtos de higiene e limpeza. Ap\u00f3s alguns anos de Permacultura na academia, hoje tem no cotidiano a dor e a del\u00edcia de fazer parte dos ciclos da Terra.<\/p>\n<p><a href=\"http:\/\/lattes.cnpq.br\/9447637582599389\"><img decoding=\"async\" class=\"size-full wp-image-29321 aligncenter\" src=\"https:\/\/redepermacultura.ufsc.br\/ensinandopermacultura\/wp-content\/uploads\/sites\/3\/2021\/03\/mini_jefferson.png\" alt=\"\" width=\"137\" height=\"123\" \/><\/a>Agr\u00f4nomo, futuro agricultor com um p\u00e9 na universidade, guri de apartamento com viv\u00eancia no meio rural, observando desde cedo as dificuldades econ\u00f4micas e a eros\u00e3o alimentar na agricultura familiar, ouvindo da sua m\u00e3e (Izabela) as hist\u00f3rias das ervas e frutas comest\u00edveis da Floresta Atl\u00e2ntica do Vale do Rio Uruguai. Encantou-se pela Permacultura desde o primeiro contato, onde se enraizou ap\u00f3s fazer parte da primeira turma de Introdu\u00e7\u00e3o \u00e0 Permacultura da UFSC.<\/p>\n<p><a href=\"http:\/\/http:\/\/lattes.cnpq.br\/7449065000594267\"><img decoding=\"async\" class=\"aligncenter wp-image-29323 size-full\" src=\"https:\/\/redepermacultura.ufsc.br\/ensinandopermacultura\/wp-content\/uploads\/sites\/3\/2021\/03\/mini_julia.png\" alt=\"\" width=\"143\" height=\"130\" \/><\/a>Permacultora e arquiteta. Mestra em Arquitetura e Urbanismo pela UFSC. Doutoranda em Planejamento Territorial e Desenvolvimento Socioambiental pela UDESC. M\u00e3e da Luna\u00ea. Integrante do NEPerma UFSC, colabora com a disciplina de Introdu\u00e7\u00e3o \u00e0 Permacultura (UFSC) e com o curso de Especializa\u00e7\u00e3o em Permacultura da UFSC. Pesquisa tem\u00e1ticas relacionadas \u00e0 agricultura urbana, planejamento urbano, meio ambiente e permacultura urbana.<\/p>\n<p><a href=\"http:\/\/lattes.cnpq.br\/6259405262364789\"><img decoding=\"async\" class=\"size-full wp-image-29311 aligncenter\" src=\"https:\/\/redepermacultura.ufsc.br\/ensinandopermacultura\/wp-content\/uploads\/sites\/3\/2021\/03\/mini_juliana.png\" alt=\"\" width=\"140\" height=\"131\" \/><\/a><\/p>\n<p>Bi\u00f3loga e educadora, formada em Licenciatura em Ci\u00eancias Biol\u00f3gicas (UNIRIO). Mestranda em Psicossociologia de Comunidades e Ecologia Social (EICOS -UFRJ).<\/p>\n<\/div>\n<div class=\"acc-content\">\n<p><a href=\"http:\/\/lattes.cnpq.br\/8804413846498612\"><img decoding=\"async\" class=\"size-full wp-image-29312 aligncenter\" src=\"https:\/\/redepermacultura.ufsc.br\/ensinandopermacultura\/wp-content\/uploads\/sites\/3\/2021\/03\/mini_iana.png\" alt=\"\" width=\"138\" height=\"127\" \/><\/a>Permacultora e pesquisadora interdisciplinar. Possui gradua\u00e7\u00e3o em Servi\u00e7o Social pela Universidade Estadual do Centro-Oeste (Unicentro), mestra pelo Programa de P\u00f3s-Gradua\u00e7\u00e3o Interdisciplinar em Estudos Latino-Americanos, pela Universidade Federal da Integra\u00e7\u00e3o Latino-Americana (Unila). Doutora pelo Programa Interdisciplinar em Ci\u00eancias Humanas, com concentra\u00e7\u00e3o em Sociedade e Meio Ambiente, pela UFSC. Pesquisas tem\u00e1ticas relacionadas a Permacultura, Sociedade e <em>Buen Vivir<\/em>.<\/p>\n<p><img decoding=\"async\" class=\"aligncenter size-full wp-image-29317\" src=\"https:\/\/redepermacultura.ufsc.br\/ensinandopermacultura\/wp-content\/uploads\/sites\/3\/2021\/03\/mini_leila.png\" alt=\"\" width=\"140\" height=\"138\" \/><\/p>\n<p>Licenciada em Educa\u00e7\u00e3o do Campo e Mestra em Educa\u00e7\u00e3o Cient\u00edfica e Tecnol\u00f3gica pela Universidade Federal de Santa Catarina. Educadora ambiental com experi\u00eancia na educa\u00e7\u00e3o formal e n\u00e3o formal. H\u00e1 cinco anos atua no Projeto Meio Ambiente na rede municipal de educa\u00e7\u00e3o do munic\u00edpio de Alfredo Wagner\/SC, lecionando nos anos iniciais do Ensino Fundamental com foco na perspectiva permacultural e na educa\u00e7\u00e3o humanizadora.<\/p>\n<p><a href=\"http:\/\/lattes.cnpq.br\/7254845844884595\"><img decoding=\"async\" class=\"size-full wp-image-29325 aligncenter\" src=\"https:\/\/redepermacultura.ufsc.br\/ensinandopermacultura\/wp-content\/uploads\/sites\/3\/2021\/03\/mini_marcelo.png\" alt=\"\" width=\"143\" height=\"136\" \/><\/a>Permacultor. Possui curso t\u00e9cnico em Saneamento e foi extensionista na Empresa de Pesquisa Agropecu\u00e1ria e Extens\u00e3o Rural de Santa Catarina (Epagri) pelos interiores de Santa Catarina. Autor do livro Hortas escolares: o ambiente horta escolar como espa\u00e7o de aprendizagem no contexto do Ensino Fundamental (Instituto Souza Cruz, 2004). Mestre em agroecossistemas. Atua como agr\u00f4nomo na fazenda experimental da UFSC e \u00e9 membro do NEPerma\/UFSC, desde sua cria\u00e7\u00e3o, ministrando PDCs. Doutor em Geografia com permacultores neorrurais e busca conhecer Permacultura aonde vai. Vegetariano e acracista desde o mil\u00eanio passado, cr\u00ea na liberdade com responsabilidade e respeito \u00e0s diversidades.<img decoding=\"async\" class=\"aligncenter size-full wp-image-29309\" src=\"https:\/\/redepermacultura.ufsc.br\/ensinandopermacultura\/wp-content\/uploads\/sites\/3\/2021\/03\/mini_paulo.png\" alt=\"\" width=\"143\" height=\"130\" \/><\/p>\n<p>Alfabetizador ecol\u00f3gico, arque\u00f3logo amador, ge\u00f3grafo, marceneiro e professor de Permacultura. Desde 2004\u00a0 plenamente envolvido em processos coletivos de constru\u00e7\u00e3o do conhecimento de base ecol\u00f3gica, especialmente junto a agricultoras e agricultores familiares, ind\u00edgenas e estudantes em todos os n\u00edveis de ensino. Licenciado em Geografia, Especialista em Arqueologia Social Inclusiva e em Permacultura, Mestre em Desenvolvimento Regional Sustent\u00e1vel e Doutorando em Agroecologia e Desenvolvimento Territorial. Minha conduta vivencial-te\u00f3rica-reflexiva gira em torno da Agroecologia, da Cultura do Bambu, da Constru\u00e7\u00e3o Natural, do Design Ecol\u00f3gico, da Ecologia Radical, das Etnoci\u00eancias, do Paisagismo Produtivo, da Permacultura, da Mem\u00f3ria Biocultural, da Museologia Social e outros conhecimentos de base libert\u00e1ria.<\/p>\n<\/div>\n<\/div>\n<p class=\"links\"><a href=\"http:\/\/lattes.cnpq.br\/6758264236001954\"><img decoding=\"async\" class=\"size-full wp-image-29308 aligncenter\" src=\"https:\/\/redepermacultura.ufsc.br\/ensinandopermacultura\/wp-content\/uploads\/sites\/3\/2021\/03\/mini_pedro.png\" alt=\"\" width=\"139\" height=\"132\" \/><\/a>Permacultor e bi\u00f3logo, licenciado pela UFSC. Mestrando em Ecologia Aplicada na Escola Superior de Agricultura Luiz de Queiroz (ESALQ\/USP). Desenvolve pesquisa sobre educa\u00e7\u00e3o e capacita\u00e7\u00e3o de agricultores em agrofloresta. Tem experi\u00eancia com Educa\u00e7\u00e3o agroflorestal, sistemas agroflorestais, Permacultura, Recupera\u00e7\u00e3o de \u00e1reas degradadas. Tem interesse pelas \u00e1reas de Educa\u00e7\u00e3o Popular, Sistemas Agroflorestais, Permacultura, Ensino de Ci\u00eancias e Biologia, Desenvolvimento Rural Sustent\u00e1vel. Integrante do N\u00facleo de Estudos em Permacultura da UFSC.<\/p>\n<p><a href=\"http:\/\/lattes.cnpq.br\/2090746137349359\"><img decoding=\"async\" class=\"size-full wp-image-29319 aligncenter\" src=\"https:\/\/redepermacultura.ufsc.br\/ensinandopermacultura\/wp-content\/uploads\/sites\/3\/2021\/03\/mini_renata.png\" alt=\"\" width=\"139\" height=\"127\" \/><\/a>Graduada, mestre e doutora em Hist\u00f3ria pela UFSC. Professora na UFSC, onde coordena o Laborat\u00f3rio de Hist\u00f3ria, Sa\u00fade e Sociedade. Autora dos livros A sa\u00fade em frascos (Ed. Aos quatro ventos, 1998) e Nilo Cairo e o debate homeop\u00e1tico no in\u00edcio do s\u00e9culo XX (UFPR, 2012) e organizadora do livro Plantas medicinais e os cuidados com a sa\u00fade: contando v\u00e1rias hist\u00f3rias (NUPPE, 2015). Interessada pela \u00e1rea de Hist\u00f3ria da Sa\u00fade (e n\u00e3o Hist\u00f3ria das Doen\u00e7as&#8230;), pois acredita que compreender a dimens\u00e3o hist\u00f3rica das diferentes formas de conservar e recuperar a sa\u00fade, pensada de forma ampla, pode nos auxiliar a ser mais aut\u00f4nomos em rela\u00e7\u00e3o aos cuidados conosco, com nossos pr\u00f3ximos e com o planeta.<\/p>\n<div><\/div>\n<div><a href=\"http:\/\/lattes.cnpq.br\/8904590537144504\"><img decoding=\"async\" class=\"size-full wp-image-29313 aligncenter\" src=\"https:\/\/redepermacultura.ufsc.br\/ensinandopermacultura\/wp-content\/uploads\/sites\/3\/2021\/03\/mini_roberto.png\" alt=\"\" width=\"142\" height=\"138\" \/><\/a><\/div>\n<p>Doutor em Design e Arquitetura pela Faculdade de Arquitetura e Urbanismo da Universidade de S\u00e3o Paulo &#8211; USP. Professor Associado na cadeia de disciplina de Projeto do curso de Arquitetura e Urbanismo da Universidade Federal de Vi\u00e7osa &#8211; UFV, Minas Gerais. Desenvolve atividades de projeto, ensino, pesquisa e extens\u00e3o relacionadas a comunidades, sistemas, edifica\u00e7\u00f5es e produtos com \u00eanfase na sustentabilidade.<\/p>\n<div><a href=\"http:\/\/lattes.cnpq.br\/3321266808946310\"><img decoding=\"async\" class=\"size-full wp-image-29329 aligncenter\" src=\"https:\/\/redepermacultura.ufsc.br\/ensinandopermacultura\/wp-content\/uploads\/sites\/3\/2021\/03\/mini_soraya.png\" alt=\"\" width=\"137\" height=\"118\" \/><\/a><\/div>\n<p>Arquiteta pela Universidade de Bras\u00edlia (UnB), especialista em Urbanismo e Hist\u00f3ria da Cidade pela UFSC, mestre e doutora em Geografia pela UFSC e p\u00f3s-doutora em Urban Design pela Faculty of Technology, Design and Environment, Oxford Brookes University, Inglaterra. Professora dos cursos de Gradua\u00e7\u00e3o e P\u00f3s-Gradua\u00e7\u00e3o em Arquitetura e Urbanismo da UFSC. Integrante do Grupo de Pesquisa An\u00e1lise Ambiental e Permacultura da UFSC. Pesquisadora nas \u00e1reas de Urbanismo, Patrim\u00f4nio Cultural, Meio Ambiente e Permacultura Urbana.<\/p>\n<p><a href=\"https:\/\/redepermacultura.ufsc.br\/ensinandopermacultura\/wp-content\/uploads\/sites\/3\/2024\/02\/mini_vinicius.png\"><img decoding=\"async\" class=\"aligncenter size-full wp-image-29950\" src=\"https:\/\/redepermacultura.ufsc.br\/ensinandopermacultura\/wp-content\/uploads\/sites\/3\/2024\/02\/mini_vinicius.png\" alt=\"\" width=\"134\" height=\"144\" \/><\/a><\/p>\n<p><span style=\"color: #ff0000;\">Breve texto<\/span><\/p>\n<p><a href=\"http:\/\/lattes.cnpq.br\/7632980909223521\"><img decoding=\"async\" class=\"size-full wp-image-29315 aligncenter\" src=\"https:\/\/redepermacultura.ufsc.br\/ensinandopermacultura\/wp-content\/uploads\/sites\/3\/2021\/03\/mini_yasmin.png\" alt=\"\" width=\"139\" height=\"132\" \/><\/a>Nutricionista pela UFSC. Tecn\u00f3loga em Gastronomia pela Universidade Anhembi Morumbi. Membro do N\u00facleo de Pesquisa de Nutri\u00e7\u00e3o em Produ\u00e7\u00e3o de Refei\u00e7\u00f5es (NUPPRE\/UFSC).\u00a0 Tem experi\u00eancia na \u00e1rea de Gest\u00e3o e Produ\u00e7\u00e3o de Alimentos, atuando e buscando aprofundamento principalmente nos seguintes temas: sustentabilidade no sistema alimentar, educa\u00e7\u00e3o e seguran\u00e7a alimentar e nutricional e Permacultura.<\/p>\n<p><!-- Here be dragons. --><\/p>\n","protected":false},"excerpt":{"rendered":"<p>Bi\u00f3loga e educadora, possui mestrado em ecologia (PPGE -UFRJ) e \u00e9 doutoranda em Ecologia pelo programa de P\u00f3s-gradua\u00e7\u00e3o em Ecologia &#8211; UFRJ. Possui experi\u00eancia como professora em espa\u00e7os formais e informais de ensino. Desenvolve pesquisas relacionadas ao uso sustent\u00e1vel do solo, conserva\u00e7\u00e3o de popula\u00e7\u00f5es vegetais, restaura\u00e7\u00e3o de paisagens e florestas, ecologia funcional, sistemas agroflorestais e [&hellip;]<\/p>\n","protected":false},"author":3,"featured_media":0,"parent":0,"menu_order":0,"comment_status":"closed","ping_status":"closed","template":"","meta":{"footnotes":""},"coauthors":[],"class_list":["post-28880","page","type-page","status-publish","hentry"],"_links":{"self":[{"href":"https:\/\/redepermacultura.ufsc.br\/ensinandopermacultura\/wp-json\/wp\/v2\/pages\/28880","targetHints":{"allow":["GET"]}}],"collection":[{"href":"https:\/\/redepermacultura.ufsc.br\/ensinandopermacultura\/wp-json\/wp\/v2\/pages"}],"about":[{"href":"https:\/\/redepermacultura.ufsc.br\/ensinandopermacultura\/wp-json\/wp\/v2\/types\/page"}],"author":[{"embeddable":true,"href":"https:\/\/redepermacultura.ufsc.br\/ensinandopermacultura\/wp-json\/wp\/v2\/users\/3"}],"replies":[{"embeddable":true,"href":"https:\/\/redepermacultura.ufsc.br\/ensinandopermacultura\/wp-json\/wp\/v2\/comments?post=28880"}],"version-history":[{"count":30,"href":"https:\/\/redepermacultura.ufsc.br\/ensinandopermacultura\/wp-json\/wp\/v2\/pages\/28880\/revisions"}],"predecessor-version":[{"id":30102,"href":"https:\/\/redepermacultura.ufsc.br\/ensinandopermacultura\/wp-json\/wp\/v2\/pages\/28880\/revisions\/30102"}],"wp:attachment":[{"href":"https:\/\/redepermacultura.ufsc.br\/ensinandopermacultura\/wp-json\/wp\/v2\/media?parent=28880"}],"wp:term":[{"taxonomy":"author","embeddable":true,"href":"https:\/\/redepermacultura.ufsc.br\/ensinandopermacultura\/wp-json\/wp\/v2\/coauthors?post=28880"}],"curies":[{"name":"wp","href":"https:\/\/api.w.org\/{rel}","templated":true}]}}